{"id":522,"date":"2021-07-29T12:17:02","date_gmt":"2021-07-29T10:17:02","guid":{"rendered":"https:\/\/climatefinance.fund\/accueil\/"},"modified":"2025-06-13T16:49:52","modified_gmt":"2025-06-13T14:49:52","slug":"accueil","status":"publish","type":"page","link":"https:\/\/climatefinance.fund\/fr\/","title":{"rendered":"Accueil"},"content":{"rendered":"<p>[et_pb_section fb_built=\u00a0\u00bb1&Prime; _builder_version=\u00a0\u00bb4.16&Prime; _module_preset=\u00a0\u00bbdefault\u00a0\u00bb background_color_gradient_direction=\u00a0\u00bb111deg\u00a0\u00bb background_image=\u00a0\u00bbhttps:\/\/climatefinance.fund\/wp-content\/uploads\/2021\/08\/cover-climate-finance-fund.jpg\u00a0\u00bb background_position=\u00a0\u00bbtop_center\u00a0\u00bb height=\u00a0\u00bb65vh\u00a0\u00bb height_tablet=\u00a0\u00bb40vh\u00a0\u00bb height_phone=\u00a0\u00bb40vh\u00a0\u00bb height_last_edited=\u00a0\u00bbon|phone\u00a0\u00bb custom_padding=\u00a0\u00bb0px||0px|||\u00a0\u00bb bottom_divider_color=\u00a0\u00bb#E02B20&Prime; bottom_divider_height=\u00a0\u00bb90px\u00a0\u00bb bottom_divider_flip=\u00a0\u00bbhorizontal\u00a0\u00bb global_colors_info=\u00a0\u00bb{}\u00a0\u00bb][et_pb_row _builder_version=\u00a0\u00bb4.16&Prime; _module_preset=\u00a0\u00bbdefault\u00a0\u00bb width=\u00a0\u00bb100%\u00a0\u00bb max_width=\u00a0\u00bb100%\u00a0\u00bb height=\u00a0\u00bb65vh\u00a0\u00bb height_tablet=\u00a0\u00bb40vh\u00a0\u00bb height_phone=\u00a0\u00bb40vh\u00a0\u00bb height_last_edited=\u00a0\u00bbon|phone\u00a0\u00bb custom_margin=\u00a0\u00bb0px|auto|0px|auto|false|false\u00a0\u00bb custom_padding=\u00a0\u00bb0px||0px||false|false\u00a0\u00bb custom_css_main_element=\u00a0\u00bbbackground: transparent linear-gradient(111deg, #EE5280 0%, #F6A13E 53%, #80808000 100%) 0% 0% no-repeat padding-box;||mix-blend-mode: screen;||\u00a0\u00bb collapsed=\u00a0\u00bbon\u00a0\u00bb global_colors_info=\u00a0\u00bb{}\u00a0\u00bb][et_pb_column type=\u00a0\u00bb4_4&Prime; _builder_version=\u00a0\u00bb4.16&Prime; _module_preset=\u00a0\u00bbdefault\u00a0\u00bb global_colors_info=\u00a0\u00bb{}\u00a0\u00bb][\/et_pb_column][\/et_pb_row][et_pb_row admin_label=\u00a0\u00bbRang\u00e9e\u00a0\u00bb _builder_version=\u00a0\u00bb4.18.0&Prime; _module_preset=\u00a0\u00bbdefault\u00a0\u00bb width=\u00a0\u00bb100%\u00a0\u00bb max_width=\u00a0\u00bb100%\u00a0\u00bb custom_margin=\u00a0\u00bb0px||0px||false|false\u00a0\u00bb custom_padding=\u00a0\u00bb0px||0px|||\u00a0\u00bb global_colors_info=\u00a0\u00bb{}\u00a0\u00bb][et_pb_column type=\u00a0\u00bb4_4&Prime; _builder_version=\u00a0\u00bb4.16&Prime; _module_preset=\u00a0\u00bbdefault\u00a0\u00bb custom_padding=\u00a0\u00bb|16vw||16vw|false|true\u00a0\u00bb global_colors_info=\u00a0\u00bb{}\u00a0\u00bb][et_pb_text admin_label=\u00a0\u00bbText\u00a0\u00bb _builder_version=\u00a0\u00bb4.18.0&Prime; _module_preset=\u00a0\u00bbdefault\u00a0\u00bb header_font_size=\u00a0\u00bb3.6vw\u00a0\u00bb header_line_height=\u00a0\u00bb1.1em\u00a0\u00bb custom_margin=\u00a0\u00bb-47vh||||false|false\u00a0\u00bb custom_margin_tablet=\u00a0\u00bb-32vh||||false|false\u00a0\u00bb custom_margin_phone=\u00a0\u00bb-29vh||||false|false\u00a0\u00bb custom_margin_last_edited=\u00a0\u00bbon|phone\u00a0\u00bb header_font_size_tablet=\u00a0\u00bb5.1vw\u00a0\u00bb header_font_size_phone=\u00a0\u00bb7vw\u00a0\u00bb header_font_size_last_edited=\u00a0\u00bbon|tablet\u00a0\u00bb global_colors_info=\u00a0\u00bb{}\u00a0\u00bb]<\/p>\n<h1>Mobiliser<br \/>Capital<br \/>pour le climat<br \/>Solutions<\/h1>\n<p>[\/et_pb_text][\/et_pb_column][\/et_pb_row][\/et_pb_section][et_pb_section fb_built=\u00a0\u00bb1&Prime; admin_label=\u00a0\u00bbWave\u00a0\u00bb _builder_version=\u00a0\u00bb4.16&Prime; _module_preset=\u00a0\u00bbdefault\u00a0\u00bb custom_padding=\u00a0\u00bb0px||0px|||\u00a0\u00bb global_colors_info=\u00a0\u00bb{}\u00a0\u00bb][et_pb_row _builder_version=\u00a0\u00bb4.16&Prime; _module_preset=\u00a0\u00bbdefault\u00a0\u00bb width=\u00a0\u00bb100%\u00a0\u00bb max_width=\u00a0\u00bb100%\u00a0\u00bb custom_padding=\u00a0\u00bb0px||0px|||\u00a0\u00bb global_colors_info=\u00a0\u00bb{}\u00a0\u00bb][et_pb_column type=\u00a0\u00bb4_4&Prime; _builder_version=\u00a0\u00bb4.16&Prime; _module_preset=\u00a0\u00bbdefault\u00a0\u00bb global_colors_info=\u00a0\u00bb{}\u00a0\u00bb][et_pb_divider show_divider=\u00a0\u00bboff\u00a0\u00bb _builder_version=\u00a0\u00bb4.18.0&Prime; _module_preset=\u00a0\u00bbdefault\u00a0\u00bb background_image=\u00a0\u00bbhttps:\/\/climatefinance.fund\/wp-content\/uploads\/2021\/07\/wave.svg\u00a0\u00bb background_size=\u00a0\u00bbinitial\u00a0\u00bb height=\u00a0\u00bb18vw\u00a0\u00bb height_tablet=\u00a0\u00bb22vh\u00a0\u00bb height_phone=\u00a0\u00bb22vh\u00a0\u00bb height_last_edited=\u00a0\u00bbon|tablet\u00a0\u00bb custom_margin=\u00a0\u00bb-10.5vw||||false|false\u00a0\u00bb custom_margin_tablet=\u00a0\u00bb-12vh||||false|false\u00a0\u00bb custom_margin_phone=\u00a0\u00bb-12.4vh||||false|false\u00a0\u00bb custom_margin_last_edited=\u00a0\u00bbon|phone\u00a0\u00bb background_last_edited=\u00a0\u00bbon|tablet\u00a0\u00bb background_size_tablet=\u00a0\u00bbinitial\u00a0\u00bb background_size_phone=\u00a0\u00bbinitial\u00a0\u00bb custom_css_main_element=\u00a0\u00bbbackground-size:150%\u00a0\u00bb global_colors_info=\u00a0\u00bb{}\u00a0\u00bb custom_css_main_element_last_edited=\u00a0\u00bbon|phone\u00a0\u00bb custom_css_main_element_phone=\u00a0\u00bbbackground-size:250%\u00a0\u00bb custom_css_main_element_tablet=\u00a0\u00bbbackground-size:150%\u00a0\u00bb][\/et_pb_divider][\/et_pb_column][\/et_pb_row][\/et_pb_section][et_pb_section fb_built=\u00a0\u00bb1&Prime; module_id=\u00a0\u00bb\u00e0 propos de nous\u00a0\u00bb _builder_version=\u00a0\u00bb4.17.4&Prime; _module_preset=\u00a0\u00bbdefault\u00a0\u00bb custom_padding=\u00a0\u00bb0px||0px|||\u00a0\u00bb top_divider_color=\u00a0\u00bb#E02B20&Prime; top_divider_height=\u00a0\u00bb80px\u00a0\u00bb top_divider_flip=\u00a0\u00bbhorizontal\u00a0\u00bb global_colors_info=\u00a0\u00bb{}\u00a0\u00bb][et_pb_row _builder_version=\u00a0\u00bb4.16&Prime; _module_preset=\u00a0\u00bbdefault\u00a0\u00bb custom_padding=\u00a0\u00bb0px|||||\u00a0\u00bb collapsed=\u00a0\u00bboff\u00a0\u00bb global_colors_info=\u00a0\u00bb{}\u00a0\u00bb][et_pb_column type=\u00a0\u00bb4_4&Prime; _builder_version=\u00a0\u00bb4.16&Prime; _module_preset=\u00a0\u00bbdefault\u00a0\u00bb global_colors_info=\u00a0\u00bb{}\u00a0\u00bb][et_pb_text admin_label=\u00a0\u00bbText\u00a0\u00bb _builder_version=\u00a0\u00bb4.27.4&Prime; _module_preset=\u00a0\u00bbdefault\u00a0\u00bb hover_enabled=\u00a0\u00bb0&Prime; global_colors_info=\u00a0\u00bb{}\u00a0\u00bb sticky_enabled=\u00a0\u00bb0&Prime;]<\/p>\n<p style=\"text-align: center;\">Le Climate Finance Fund a demarr\u00e9 ces activit\u00e9s le 15 septembre 2021. Le Climate Finance Fund est associ\u00e9 \u00e0 une dur\u00e9e d\u00e9termin\u00e9e. Le fonds est d\u00e9sormais enti\u00e8rement allou\u00e9 et prendra fin d\u2019ici la fin de l\u2019ann\u00e9e 2025. Nous remercions tous nos partenaires pour ce travail joyeux et porteur d\u2019impact !<\/p>\n<p>[\/et_pb_text][et_pb_text admin_label=\u00a0\u00bbText\u00a0\u00bb module_class=\u00a0\u00bbtitle\u00a0\u00bb _builder_version=\u00a0\u00bb4.17.4&Prime; _module_preset=\u00a0\u00bbdefault\u00a0\u00bb header_2_text_align=\u00a0\u00bbcenter\u00a0\u00bb header_2_font_size=\u00a0\u00bb2vw\u00a0\u00bb positioning=\u00a0\u00bbrelative\u00a0\u00bb z_index=\u00a0\u00bb-500&Prime; custom_margin=\u00a0\u00bb0px||||false|false\u00a0\u00bb custom_margin_tablet=\u00a0\u00bb0vh||||false|false\u00a0\u00bb custom_margin_phone=\u00a0\u00bb0vh||||false|false\u00a0\u00bb custom_margin_last_edited=\u00a0\u00bbon|phone\u00a0\u00bb header_2_font_size_tablet=\u00a0\u00bb4vw\u00a0\u00bb header_2_font_size_phone=\u00a0\u00bb6vw\u00a0\u00bb header_2_font_size_last_edited=\u00a0\u00bbon|tablet\u00a0\u00bb global_colors_info=\u00a0\u00bb{}\u00a0\u00bb]<\/p>\n<h2>Qui sommes-nous<\/h2>\n<p>[\/et_pb_text][\/et_pb_column][\/et_pb_row][et_pb_row column_structure=\u00a0\u00bb1_5,1_5,1_5,1_5,1_5&Prime; use_custom_gutter=\u00a0\u00bbon\u00a0\u00bb gutter_width=\u00a0\u00bb2&Prime; _builder_version=\u00a0\u00bb4.16&Prime; _module_preset=\u00a0\u00bbdefault\u00a0\u00bb max_width=\u00a0\u00bb80%\u00a0\u00bb custom_padding=\u00a0\u00bb0px|||||\u00a0\u00bb global_colors_info=\u00a0\u00bb{}\u00a0\u00bb][et_pb_column type=\u00a0\u00bb1_5&Prime; _builder_version=\u00a0\u00bb4.16&Prime; _module_preset=\u00a0\u00bbdefault\u00a0\u00bb global_colors_info=\u00a0\u00bb{}\u00a0\u00bb][et_pb_blurb title=\u00a0\u00bbQuoi ?\u00a0\u00bb image=\u00a0\u00bbhttps:\/\/climatefinance.fund\/wp-content\/uploads\/2021\/07\/what.svg\u00a0\u00bb _builder_version=\u00a0\u00bb4.18.0&Prime; _module_preset=\u00a0\u00bbdefault\u00a0\u00bb header_text_align=\u00a0\u00bbcenter\u00a0\u00bb header_font_size=\u00a0\u00bb36px\u00a0\u00bb body_text_align=\u00a0\u00bbcenter\u00a0\u00bb body_text_color=\u00a0\u00bb#474747&Prime; body_font_size=\u00a0\u00bb1vw\u00a0\u00bb body_line_height=\u00a0\u00bb1.4em\u00a0\u00bb header_font_size_tablet=\u00a0\u00bb32px\u00a0\u00bb header_font_size_phone=\u00a0\u00bb6vw\u00a0\u00bb header_font_size_last_edited=\u00a0\u00bbon|tablet\u00a0\u00bb body_font_size_tablet=\u00a0\u00bb1.8vw\u00a0\u00bb body_font_size_phone=\u00a0\u00bb2.8vw\u00a0\u00bb body_font_size_last_edited=\u00a0\u00bbon|tablet\u00a0\u00bb custom_css_blurb_image=\u00a0\u00bbbackground:url(https:\/\/climatefinance.fund\/wp-content\/uploads\/2021\/07\/border.svg) no-repeat center;||padding:3vw 1.7vw;margin-bottom:1vw;\u00a0\u00bb global_colors_info=\u00a0\u00bb{}\u00a0\u00bb custom_css_blurb_image_last_edited=\u00a0\u00bbon|phone\u00a0\u00bb custom_css_blurb_image_tablet=\u00a0\u00bbbackground:url(https:\/\/climatefinance.fund\/wp-content\/uploads\/2021\/07\/border.svg) no-repeat center;||padding:3.5vw 1.7vw;margin-bottom:1vw;\u00a0\u00bb custom_css_blurb_image_phone=\u00a0\u00bbbackground:url(https:\/\/climatefinance.fund\/wp-content\/uploads\/2021\/07\/border.svg) no-repeat center;||padding:7vw 1.7vw;margin-bottom:2vw;\u00a0\u00bb]<\/p>\n<p><span>Le Fonds pour le financement du climat est une plateforme philanthropique qui aide \u00e0 mobiliser des capitaux pour des solutions climatiques.<\/span><\/p>\n<p>[\/et_pb_blurb][\/et_pb_column][et_pb_column type=\u00a0\u00bb1_5&Prime; _builder_version=\u00a0\u00bb4.16&Prime; _module_preset=\u00a0\u00bbdefault\u00a0\u00bb global_colors_info=\u00a0\u00bb{}\u00a0\u00bb][et_pb_blurb title=\u00a0\u00bbO\u00f9 ?\u00a0\u00bb image=\u00a0\u00bbhttps:\/\/climatefinance.fund\/wp-content\/uploads\/2021\/07\/where.svg\u00a0\u00bb _builder_version=\u00a0\u00bb4.18.0&Prime; _module_preset=\u00a0\u00bbdefault\u00a0\u00bb header_text_align=\u00a0\u00bbcenter\u00a0\u00bb header_font_size=\u00a0\u00bb36px\u00a0\u00bb body_text_align=\u00a0\u00bbcenter\u00a0\u00bb body_text_color=\u00a0\u00bb#474747&Prime; body_font_size=\u00a0\u00bb1vw\u00a0\u00bb body_line_height=\u00a0\u00bb1.4em\u00a0\u00bb header_font_size_tablet=\u00a0\u00bb32px\u00a0\u00bb header_font_size_phone=\u00a0\u00bb6vw\u00a0\u00bb header_font_size_last_edited=\u00a0\u00bbon|desktop\u00a0\u00bb body_font_size_tablet=\u00a0\u00bb1.8vw\u00a0\u00bb body_font_size_phone=\u00a0\u00bb2.8vw\u00a0\u00bb body_font_size_last_edited=\u00a0\u00bbon|tablet\u00a0\u00bb custom_css_blurb_image=\u00a0\u00bbbackground:url(https:\/\/climatefinance.fund\/wp-content\/uploads\/2021\/07\/border.svg) no-repeat center;||padding:3vw 1.7vw 2.7vw;margin-bottom:1vw;\u00a0\u00bb global_colors_info=\u00a0\u00bb{}\u00a0\u00bb custom_css_blurb_image_tablet=\u00a0\u00bbbackground:url(https:\/\/climatefinance.fund\/wp-content\/uploads\/2021\/07\/border.svg) no-repeat center;||padding:3.5vw 1.7vw;margin-bottom:1vw;\u00a0\u00bb custom_css_blurb_image_phone=\u00a0\u00bbbackground:url(https:\/\/climatefinance.fund\/wp-content\/uploads\/2021\/07\/border.svg) no-repeat center;||padding:7vw 1.7vw;margin-bottom:2vw;\u00a0\u00bb custom_css_blurb_image_last_edited=\u00a0\u00bbon|phone\u00a0\u00bb]<\/p>\n<p>Le FFC se concentre sur la Chine, l&rsquo;Union europ\u00e9enne et les \u00c9tats-Unis.<\/p>\n<p>[\/et_pb_blurb][\/et_pb_column][et_pb_column type=\u00a0\u00bb1_5&Prime; _builder_version=\u00a0\u00bb4.16&Prime; _module_preset=\u00a0\u00bbdefault\u00a0\u00bb global_colors_info=\u00a0\u00bb{}\u00a0\u00bb][et_pb_blurb title=\u00a0\u00bbPourquoi ?\u00a0\u00bb image=\u00a0\u00bbhttps:\/\/climatefinance.fund\/wp-content\/uploads\/2021\/07\/why.svg\u00a0\u00bb _builder_version=\u00a0\u00bb4.18.0&Prime; _module_preset=\u00a0\u00bbdefault\u00a0\u00bb header_text_align=\u00a0\u00bbcenter\u00a0\u00bb header_font_size=\u00a0\u00bb36px\u00a0\u00bb body_text_align=\u00a0\u00bbcenter\u00a0\u00bb body_text_color=\u00a0\u00bb#474747&Prime; body_font_size=\u00a0\u00bb1vw\u00a0\u00bb body_line_height=\u00a0\u00bb1.4em\u00a0\u00bb header_font_size_tablet=\u00a0\u00bb32px\u00a0\u00bb header_font_size_phone=\u00a0\u00bb6vw\u00a0\u00bb header_font_size_last_edited=\u00a0\u00bbon|desktop\u00a0\u00bb body_font_size_tablet=\u00a0\u00bb1.8vw\u00a0\u00bb body_font_size_phone=\u00a0\u00bb2.8vw\u00a0\u00bb body_font_size_last_edited=\u00a0\u00bbon|tablet\u00a0\u00bb custom_css_blurb_image=\u00a0\u00bbbackground:url(https:\/\/climatefinance.fund\/wp-content\/uploads\/2021\/07\/border.svg) no-repeat center;||padding:3vw 1.7vw;margin-bottom:1vw;\u00a0\u00bb global_colors_info=\u00a0\u00bb{}\u00a0\u00bb custom_css_blurb_image_tablet=\u00a0\u00bbbackground:url(https:\/\/climatefinance.fund\/wp-content\/uploads\/2021\/07\/border.svg) no-repeat center;||padding:3.5vw 1.7vw;margin-bottom:1vw;\u00a0\u00bb custom_css_blurb_image_phone=\u00a0\u00bbbackground:url(https:\/\/climatefinance.fund\/wp-content\/uploads\/2021\/07\/border.svg) no-repeat center;||padding:7vw 1.7vw;margin-bottom:2vw;\u00a0\u00bb custom_css_blurb_image_last_edited=\u00a0\u00bbon|phone\u00a0\u00bb]Pour maintenir le r\u00e9chauffement climatique en dessous de 1,5 degr\u00e9 Celsius, les investisseurs doivent investir entre 1,6 et 3,8 trillions de dollars par an. \u00c0 l&rsquo;heure actuelle, les investissements totalisent \u00e0 peine 600 milliards de dollars par an.[\/et_pb_blurb][\/et_pb_column][et_pb_column type=\u00a0\u00bb1_5&Prime; _builder_version=\u00a0\u00bb4.16&Prime; _module_preset=\u00a0\u00bbdefault\u00a0\u00bb global_colors_info=\u00a0\u00bb{}\u00a0\u00bb][et_pb_blurb title=\u00a0\u00bbQui ?\u00a0\u00bb image=\u00a0\u00bbhttps:\/\/climatefinance.fund\/wp-content\/uploads\/2021\/07\/who.svg\u00a0\u00bb _builder_version=\u00a0\u00bb4.18.0&Prime; _module_preset=\u00a0\u00bbdefault\u00a0\u00bb header_text_align=\u00a0\u00bbcenter\u00a0\u00bb header_font_size=\u00a0\u00bb36px\u00a0\u00bb body_text_align=\u00a0\u00bbcenter\u00a0\u00bb body_text_color=\u00a0\u00bb#474747&Prime; body_font_size=\u00a0\u00bb1vw\u00a0\u00bb body_line_height=\u00a0\u00bb1.4em\u00a0\u00bb header_font_size_tablet=\u00a0\u00bb32px\u00a0\u00bb header_font_size_phone=\u00a0\u00bb6vw\u00a0\u00bb header_font_size_last_edited=\u00a0\u00bbon|desktop\u00a0\u00bb body_font_size_tablet=\u00a0\u00bb1.8vw\u00a0\u00bb body_font_size_phone=\u00a0\u00bb2.8vw\u00a0\u00bb body_font_size_last_edited=\u00a0\u00bbon|tablet\u00a0\u00bb custom_css_blurb_image=\u00a0\u00bbbackground:url(https:\/\/climatefinance.fund\/wp-content\/uploads\/2021\/07\/border.svg) no-repeat center;||padding:2.8vw 1.7vw 2.7vw;margin-bottom:1vw;\u00a0\u00bb global_colors_info=\u00a0\u00bb{}\u00a0\u00bb custom_css_blurb_image_tablet=\u00a0\u00bbbackground:url(https:\/\/climatefinance.fund\/wp-content\/uploads\/2021\/07\/border.svg) no-repeat center;||padding:3.5vw 1.7vw;margin-bottom:1vw;\u00a0\u00bb custom_css_blurb_image_phone=\u00a0\u00bbbackground:url(https:\/\/climatefinance.fund\/wp-content\/uploads\/2021\/07\/border.svg) no-repeat center;||padding:7vw 1.7vw;margin-bottom:2vw;\u00a0\u00bb custom_css_blurb_image_last_edited=\u00a0\u00bbon|phone\u00a0\u00bb]Nous nous concentrons sur les r\u00e9partiteurs de capitaux tout au long de la cha\u00eene d&rsquo;approvisionnement : consommateurs, petites et moyennes entreprises, grandes soci\u00e9t\u00e9s non financi\u00e8res, banques et gestionnaires d&rsquo;actifs. Nous offrons \u00e9galement notre expertise aux responsables des r\u00e8gles du march\u00e9, comme les r\u00e9gulateurs financiers.[\/et_pb_blurb][\/et_pb_column][et_pb_column type=\u00a0\u00bb1_5&Prime; _builder_version=\u00a0\u00bb4.16&Prime; _module_preset=\u00a0\u00bbdefault\u00a0\u00bb global_colors_info=\u00a0\u00bb{}\u00a0\u00bb][et_pb_blurb title=\u00a0\u00bbComment ?\u00a0\u00bb image=\u00a0\u00bbhttps:\/\/climatefinance.fund\/wp-content\/uploads\/2021\/07\/how.svg\u00a0\u00bb _builder_version=\u00a0\u00bb4.18.0&Prime; _module_preset=\u00a0\u00bbdefault\u00a0\u00bb header_text_align=\u00a0\u00bbcenter\u00a0\u00bb header_font_size=\u00a0\u00bb36px\u00a0\u00bb body_text_align=\u00a0\u00bbcenter\u00a0\u00bb body_text_color=\u00a0\u00bb#474747&Prime; body_font_size=\u00a0\u00bb1vw\u00a0\u00bb body_line_height=\u00a0\u00bb1.4em\u00a0\u00bb header_font_size_tablet=\u00a0\u00bb32px\u00a0\u00bb header_font_size_phone=\u00a0\u00bb6vw\u00a0\u00bb header_font_size_last_edited=\u00a0\u00bbon|desktop\u00a0\u00bb body_font_size_tablet=\u00a0\u00bb1.8vw\u00a0\u00bb body_font_size_phone=\u00a0\u00bb2.8vw\u00a0\u00bb body_font_size_last_edited=\u00a0\u00bbon|tablet\u00a0\u00bb custom_css_blurb_image=\u00a0\u00bbbackground:url(https:\/\/climatefinance.fund\/wp-content\/uploads\/2021\/07\/border.svg) no-repeat center;||padding:2.6vw 1.7vw 2.7vw;margin-bottom:1vw;\u00a0\u00bb global_colors_info=\u00a0\u00bb{}\u00a0\u00bb custom_css_blurb_image_tablet=\u00a0\u00bbbackground:url(https:\/\/climatefinance.fund\/wp-content\/uploads\/2021\/07\/border.svg) no-repeat center;||padding:3.5vw 1.7vw;margin-bottom:1vw;\u00a0\u00bb custom_css_blurb_image_phone=\u00a0\u00bbbackground:url(https:\/\/climatefinance.fund\/wp-content\/uploads\/2021\/07\/border.svg) no-repeat center;||padding:7vw 1.7vw;margin-bottom:2vw;\u00a0\u00bb custom_css_blurb_image_last_edited=\u00a0\u00bbon|phone\u00a0\u00bb]Nous favorisons le changement en soutenant les financements innovants et la d\u00e9carbonisation syst\u00e9mique du capital.[\/et_pb_blurb][\/et_pb_column][\/et_pb_row][et_pb_row use_custom_gutter=\u00a0\u00bbon\u00a0\u00bb gutter_width=\u00a0\u00bb2&Prime; _builder_version=\u00a0\u00bb4.16&Prime; _module_preset=\u00a0\u00bbdefault\u00a0\u00bb max_width=\u00a0\u00bb80%\u00a0\u00bb custom_padding=\u00a0\u00bb0px|||||\u00a0\u00bb global_colors_info=\u00a0\u00bb{}\u00a0\u00bb][et_pb_column type=\u00a0\u00bb4_4&Prime; _builder_version=\u00a0\u00bb4.16&Prime; _module_preset=\u00a0\u00bbdefault\u00a0\u00bb global_colors_info=\u00a0\u00bb{}\u00a0\u00bb][et_pb_text admin_label=\u00a0\u00bbText\u00a0\u00bb module_class=\u00a0\u00bbtitle\u00a0\u00bb _builder_version=\u00a0\u00bb4.18.0&Prime; _module_preset=\u00a0\u00bbdefault\u00a0\u00bb header_2_text_align=\u00a0\u00bbcenter\u00a0\u00bb header_2_font_size=\u00a0\u00bb2vw\u00a0\u00bb positioning=\u00a0\u00bbrelative\u00a0\u00bb z_index=\u00a0\u00bb-500&Prime; custom_margin=\u00a0\u00bb0px||||false|false\u00a0\u00bb custom_margin_tablet=\u00a0\u00bb0vh||||false|false\u00a0\u00bb custom_margin_phone=\u00a0\u00bb0vh||||false|false\u00a0\u00bb custom_margin_last_edited=\u00a0\u00bbon|phone\u00a0\u00bb header_2_font_size_tablet=\u00a0\u00bb4vw\u00a0\u00bb header_2_font_size_phone=\u00a0\u00bb6vw\u00a0\u00bb header_2_font_size_last_edited=\u00a0\u00bbon|tablet\u00a0\u00bb global_colors_info=\u00a0\u00bb{}\u00a0\u00bb]<\/p>\n<h2>vid\u00e9o<\/h2>\n<p>[\/et_pb_text][et_pb_code disabled_on=\u00a0\u00bbon|on|on\u00a0\u00bb _builder_version=\u00a0\u00bb4.20.4&Prime; _module_preset=\u00a0\u00bbdefault\u00a0\u00bb box_shadow_style=\u00a0\u00bbpreset1&Prime; disabled=\u00a0\u00bbon\u00a0\u00bb global_colors_info=\u00a0\u00bb{}\u00a0\u00bb]<iframe loading=\"lazy\" src=\"https:\/\/player.vimeo.com\/video\/723390260?h=764a7fc116&#038;texttrack=en&#038;autoplay=1\" width=\"640\" height=\"360\" frameborder=\"0\" allow=\"autoplay; fullscreen; picture-in-picture\" allowfullscreen=\"\"><\/iframe>[\/et_pb_code][et_pb_video src=\u00a0\u00bbhttps:\/\/vimeo.com\/723390260&Prime; _builder_version=\u00a0\u00bb4.20.4&Prime; _module_preset=\u00a0\u00bbdefault\u00a0\u00bb box_shadow_style=\u00a0\u00bbpreset1&Prime; global_colors_info=\u00a0\u00bb{}\u00a0\u00bb][\/et_pb_video][\/et_pb_column][\/et_pb_row][et_pb_row use_custom_gutter=\u00a0\u00bbon\u00a0\u00bb gutter_width=\u00a0\u00bb2&Prime; custom_padding_last_edited=\u00a0\u00bbon|phone\u00a0\u00bb _builder_version=\u00a0\u00bb4.16&Prime; _module_preset=\u00a0\u00bbdefault\u00a0\u00bb width=\u00a0\u00bb50%\u00a0\u00bb width_tablet=\u00a0\u00bb80%\u00a0\u00bb width_phone=\u00a0\u00bb100%\u00a0\u00bb width_last_edited=\u00a0\u00bbon|phone\u00a0\u00bb max_width=\u00a0\u00bb100%\u00a0\u00bb custom_padding=\u00a0\u00bb||||false|false\u00a0\u00bb custom_padding_tablet=\u00a0\u00bb\u00a0\u00bb custom_padding_phone=\u00a0\u00bb||0px||false|false\u00a0\u00bb global_colors_info=\u00a0\u00bb{}\u00a0\u00bb][et_pb_column type=\u00a0\u00bb4_4&Prime; _builder_version=\u00a0\u00bb4.16&Prime; _module_preset=\u00a0\u00bbdefault\u00a0\u00bb global_colors_info=\u00a0\u00bb{}\u00a0\u00bb][et_pb_text _builder_version=\u00a0\u00bb4.18.0&Prime; _module_preset=\u00a0\u00bbdefault\u00a0\u00bb text_font_size=\u00a0\u00bb1vw\u00a0\u00bb text_line_height=\u00a0\u00bb1.8em\u00a0\u00bb header_3_font_size=\u00a0\u00bb1.3vw\u00a0\u00bb header_3_line_height=\u00a0\u00bb1.7em\u00a0\u00bb text_orientation=\u00a0\u00bbcenter\u00a0\u00bb custom_margin=\u00a0\u00bb||16px|||\u00a0\u00bb text_font_size_tablet=\u00a0\u00bb2vw\u00a0\u00bb text_font_size_phone=\u00a0\u00bb4vw\u00a0\u00bb text_font_size_last_edited=\u00a0\u00bbon|tablet\u00a0\u00bb header_3_font_size_tablet=\u00a0\u00bb2.3vw\u00a0\u00bb header_3_font_size_phone=\u00a0\u00bb4vw\u00a0\u00bb header_3_font_size_last_edited=\u00a0\u00bbon|tablet\u00a0\u00bb global_colors_info=\u00a0\u00bb{}\u00a0\u00bb]<\/p>\n<h3>Le Fonds de Financement Climatique est une plateforme soutenue par la Fondation William et Flora Hewlett et h\u00e9berg\u00e9e par la Fondation europ\u00e9enne pour le climat.<\/h3>\n<p>L&rsquo;approche du Fonds est ancr\u00e9e dans la strat\u00e9gie de financement climatique de la Fondation Hewlett.<\/p>\n<p>[\/et_pb_text][\/et_pb_column][\/et_pb_row][\/et_pb_section][et_pb_section fb_built=\u00a0\u00bb1&Prime; module_id=\u00a0\u00bbl&apos;\u00e9quipe\u00a0\u00bb _builder_version=\u00a0\u00bb4.16&Prime; _module_preset=\u00a0\u00bbdefault\u00a0\u00bb background_image=\u00a0\u00bbhttps:\/\/climatefinance.fund\/wp-content\/uploads\/2021\/07\/logoback.svg\u00a0\u00bb background_size=\u00a0\u00bbinitial\u00a0\u00bb background_position=\u00a0\u00bbcenter_right\u00a0\u00bb custom_padding=\u00a0\u00bb0px||70px|||\u00a0\u00bb top_divider_color=\u00a0\u00bb#E02B20&Prime; top_divider_height=\u00a0\u00bb80px\u00a0\u00bb top_divider_flip=\u00a0\u00bbhorizontal\u00a0\u00bb background_last_edited=\u00a0\u00bbon|tablet\u00a0\u00bb background_image_tablet=\u00a0\u00bbhttps:\/\/climatefinance.fund\/wp-content\/uploads\/2021\/07\/logoback.svg\u00a0\u00bb background_enable_image_tablet=\u00a0\u00bbon\u00a0\u00bb background_size_tablet=\u00a0\u00bbcover\u00a0\u00bb background_position_tablet=\u00a0\u00bbbottom_center\u00a0\u00bb custom_css_main_element=\u00a0\u00bbbackground-position:112% center !important;||background-size:50% !important;\u00a0\u00bb global_colors_info=\u00a0\u00bb{}\u00a0\u00bb custom_css_main_element_last_edited=\u00a0\u00bbon|tablet\u00a0\u00bb custom_css_main_element_tablet=\u00a0\u00bbbackground-position:130% 30% !important;||background-size:70% !important;\u00a0\u00bb custom_css_main_element_phone=\u00a0\u00bbbackground-position:130% 30% !important;||background-size:70% !important;\u00a0\u00bb][et_pb_row _builder_version=\u00a0\u00bb4.17.4&Prime; _module_preset=\u00a0\u00bbdefault\u00a0\u00bb custom_padding=\u00a0\u00bb0px||0px|||\u00a0\u00bb global_colors_info=\u00a0\u00bb{}\u00a0\u00bb][et_pb_column type=\u00a0\u00bb4_4&Prime; _builder_version=\u00a0\u00bb4.16&Prime; _module_preset=\u00a0\u00bbdefault\u00a0\u00bb global_colors_info=\u00a0\u00bb{}\u00a0\u00bb][et_pb_button button_url=\u00a0\u00bbhttps:\/\/hewlett.org\/library\/climate-finance-strategy-2018-2023\/\u00a0\u00bb url_new_window=\u00a0\u00bbon\u00a0\u00bb button_text=\u00a0\u00bbVOIR LA STRAT\u00c9GIE 2018 &#8211; 2023 DE LA FONDATION HEWLETT\u00a0\u00bb button_alignment=\u00a0\u00bbcenter\u00a0\u00bb module_id=\u00a0\u00bbcffbutton\u00a0\u00bb _builder_version=\u00a0\u00bb4.20.4&Prime; _module_preset=\u00a0\u00bbdefault\u00a0\u00bb custom_button=\u00a0\u00bbon\u00a0\u00bb button_text_size=\u00a0\u00bb1.2vw\u00a0\u00bb button_text_color=\u00a0\u00bb#FFFFFF\u00a0\u00bb button_bg_color=\u00a0\u00bb#053A58&Prime; button_border_width=\u00a0\u00bb0px\u00a0\u00bb button_border_radius=\u00a0\u00bb2vw\u00a0\u00bb button_font=\u00a0\u00bb|700||on|||||\u00a0\u00bb button_icon=\u00a0\u00bb&#xe058;||divi||400&Prime; button_on_hover=\u00a0\u00bboff\u00a0\u00bb custom_padding=\u00a0\u00bb0.5vw|4.3vw|0.5vw|1.5vw|true|false\u00a0\u00bb custom_padding_tablet=\u00a0\u00bb1vw|7.2vw|1vw|2vw|true|false\u00a0\u00bb custom_padding_phone=\u00a0\u00bb2vw|2vw|3vw||false|false\u00a0\u00bb custom_padding_last_edited=\u00a0\u00bbon|tablet\u00a0\u00bb button_text_size_tablet=\u00a0\u00bb2.5vw\u00a0\u00bb button_text_size_phone=\u00a0\u00bb4.5vw\u00a0\u00bb button_text_size_last_edited=\u00a0\u00bbon|tablet\u00a0\u00bb button_border_radius_tablet=\u00a0\u00bb12vw\u00a0\u00bb button_border_radius_phone=\u00a0\u00bb\u00a0\u00bb button_border_radius_last_edited=\u00a0\u00bbon|tablet\u00a0\u00bb custom_css_after=\u00a0\u00bbcontent:url(https:\/\/climatefinance.fund\/wp-content\/uploads\/2021\/07\/pdf.svg) !important;\u00a0\u00bb global_colors_info=\u00a0\u00bb{}\u00a0\u00bb button_bg_color__hover_enabled=\u00a0\u00bbon|hover\u00a0\u00bb button_bg_color__hover=\u00a0\u00bb#f6a13e\u00a0\u00bb button_bg_enable_color__hover=\u00a0\u00bbon\u00a0\u00bb button_text_color__hover_enabled=\u00a0\u00bbon|desktop\u00a0\u00bb button_text_color__hover=\u00a0\u00bb#FFFFFF\u00a0\u00bb][\/et_pb_button][et_pb_button button_url=\u00a0\u00bbhttps:\/\/climatefinance.fund\/wp-content\/uploads\/2024\/03\/CFF-Strat-Eval-V4.pdf\u00a0\u00bb url_new_window=\u00a0\u00bbon\u00a0\u00bb button_text=\u00a0\u00bb\u00c9valuation de la strat\u00e9gie 2018-2023&Prime; button_alignment=\u00a0\u00bbcenter\u00a0\u00bb module_id=\u00a0\u00bbcffbutton\u00a0\u00bb _builder_version=\u00a0\u00bb4.24.2&Prime; _module_preset=\u00a0\u00bbdefault\u00a0\u00bb custom_button=\u00a0\u00bbon\u00a0\u00bb button_text_size=\u00a0\u00bb1.2vw\u00a0\u00bb button_text_color=\u00a0\u00bb#FFFFFF\u00a0\u00bb button_bg_color=\u00a0\u00bb#053A58&Prime; button_border_width=\u00a0\u00bb0px\u00a0\u00bb button_border_radius=\u00a0\u00bb2vw\u00a0\u00bb button_font=\u00a0\u00bb|700||on|||||\u00a0\u00bb button_icon=\u00a0\u00bb&#xe058;||divi||400&Prime; button_on_hover=\u00a0\u00bboff\u00a0\u00bb custom_padding=\u00a0\u00bb0.5vw|4.3vw|0.5vw|1.5vw|true|false\u00a0\u00bb custom_padding_tablet=\u00a0\u00bb1vw|7.2vw|1vw|2vw|true|false\u00a0\u00bb custom_padding_phone=\u00a0\u00bb2vw|2vw|3vw||false|false\u00a0\u00bb custom_padding_last_edited=\u00a0\u00bbon|tablet\u00a0\u00bb button_text_size_tablet=\u00a0\u00bb2.5vw\u00a0\u00bb button_text_size_phone=\u00a0\u00bb4.5vw\u00a0\u00bb button_text_size_last_edited=\u00a0\u00bbon|tablet\u00a0\u00bb button_border_radius_tablet=\u00a0\u00bb12vw\u00a0\u00bb button_border_radius_phone=\u00a0\u00bb\u00a0\u00bb button_border_radius_last_edited=\u00a0\u00bbon|tablet\u00a0\u00bb custom_css_after=\u00a0\u00bbcontent:url(https:\/\/climatefinance.fund\/wp-content\/uploads\/2021\/07\/pdf.svg) !important;\u00a0\u00bb global_colors_info=\u00a0\u00bb{}\u00a0\u00bb button_bg_color__hover_enabled=\u00a0\u00bbon|hover\u00a0\u00bb button_bg_color__hover=\u00a0\u00bb#f6a13e\u00a0\u00bb button_bg_enable_color__hover=\u00a0\u00bbon\u00a0\u00bb button_text_color__hover_enabled=\u00a0\u00bbon|desktop\u00a0\u00bb button_text_color__hover=\u00a0\u00bb#FFFFFF\u00a0\u00bb][\/et_pb_button][et_pb_text module_class=\u00a0\u00bbtitle\u00a0\u00bb _builder_version=\u00a0\u00bb4.17.4&Prime; _module_preset=\u00a0\u00bbdefault\u00a0\u00bb header_2_text_align=\u00a0\u00bbcenter\u00a0\u00bb header_2_font_size=\u00a0\u00bb2vw\u00a0\u00bb header_2_font_size_tablet=\u00a0\u00bb4vw\u00a0\u00bb header_2_font_size_phone=\u00a0\u00bb6vw\u00a0\u00bb header_2_font_size_last_edited=\u00a0\u00bbon|tablet\u00a0\u00bb global_colors_info=\u00a0\u00bb{}\u00a0\u00bb]<\/p>\n<h2>l&rsquo;\u00e9quipe<\/h2>\n<p>[\/et_pb_text][\/et_pb_column][\/et_pb_row][et_pb_row column_structure=\u00a0\u00bb1_3,2_3&Prime; use_custom_gutter=\u00a0\u00bbon\u00a0\u00bb gutter_width=\u00a0\u00bb4&Prime; make_equal=\u00a0\u00bbon\u00a0\u00bb custom_padding_last_edited=\u00a0\u00bbon|phone\u00a0\u00bb _builder_version=\u00a0\u00bb4.16&Prime; _module_preset=\u00a0\u00bbdefault\u00a0\u00bb width=\u00a0\u00bb70%\u00a0\u00bb max_width=\u00a0\u00bb100%\u00a0\u00bb custom_padding=\u00a0\u00bb83px|||||\u00a0\u00bb custom_padding_tablet=\u00a0\u00bb\u00a0\u00bb custom_padding_phone=\u00a0\u00bb30px||||false|false\u00a0\u00bb global_colors_info=\u00a0\u00bb{}\u00a0\u00bb][et_pb_column type=\u00a0\u00bb1_3&Prime; _builder_version=\u00a0\u00bb4.16&Prime; _module_preset=\u00a0\u00bbdefault\u00a0\u00bb background_enable_image=\u00a0\u00bboff\u00a0\u00bb global_colors_info=\u00a0\u00bb{}\u00a0\u00bb][et_pb_image src=\u00a0\u00bbhttps:\/\/climatefinance.fund\/wp-content\/uploads\/2021\/07\/MarilynWaite.jpg\u00a0\u00bb title_text=\u00a0\u00bblogoback\u00a0\u00bb align=\u00a0\u00bbcenter\u00a0\u00bb _builder_version=\u00a0\u00bb4.17.4&Prime; _module_preset=\u00a0\u00bbdefault\u00a0\u00bb background_image=\u00a0\u00bbhttps:\/\/climatefinance.fund\/wp-content\/uploads\/2021\/07\/logoback.svg\u00a0\u00bb background_size=\u00a0\u00bbcontain\u00a0\u00bb background_position=\u00a0\u00bbcenter_right\u00a0\u00bb width=\u00a0\u00bb100%\u00a0\u00bb width_tablet=\u00a0\u00bb60%\u00a0\u00bb width_phone=\u00a0\u00bb70%\u00a0\u00bb width_last_edited=\u00a0\u00bbon|tablet\u00a0\u00bb custom_padding=\u00a0\u00bb2vw|2vw|2vw|2vw|true|true\u00a0\u00bb border_radii=\u00a0\u00bbon|100%|100%|100%|100%\u00a0\u00bb global_colors_info=\u00a0\u00bb{}\u00a0\u00bb][\/et_pb_image][et_pb_text _builder_version=\u00a0\u00bb4.16&Prime; _module_preset=\u00a0\u00bbdefault\u00a0\u00bb text_font_size=\u00a0\u00bb1.6vw\u00a0\u00bb header_2_text_color=\u00a0\u00bb#f6a13e\u00a0\u00bb header_2_font_size=\u00a0\u00bb2.2vw\u00a0\u00bb header_3_font_size=\u00a0\u00bb1.6vw\u00a0\u00bb text_orientation=\u00a0\u00bbcenter\u00a0\u00bb text_font_size_tablet=\u00a0\u00bb2.6vw\u00a0\u00bb text_font_size_phone=\u00a0\u00bb5vw\u00a0\u00bb text_font_size_last_edited=\u00a0\u00bbon|tablet\u00a0\u00bb header_2_font_size_tablet=\u00a0\u00bb3.2vw\u00a0\u00bb header_2_font_size_phone=\u00a0\u00bb6vw\u00a0\u00bb header_2_font_size_last_edited=\u00a0\u00bbon|desktop\u00a0\u00bb header_3_font_size_tablet=\u00a0\u00bb2.6vw\u00a0\u00bb header_3_font_size_phone=\u00a0\u00bb4.4vw\u00a0\u00bb header_3_font_size_last_edited=\u00a0\u00bbon|tablet\u00a0\u00bb global_colors_info=\u00a0\u00bb{}\u00a0\u00bb]<\/p>\n<h2>Marilyn Waite<\/h2>\n<h3>Directeur g\u00e9n\u00e9ral<\/h3>\n<p>Fonds de financement du climat<\/p>\n<p>[\/et_pb_text][\/et_pb_column][et_pb_column type=\u00a0\u00bb2_3&Prime; _builder_version=\u00a0\u00bb4.16&Prime; _module_preset=\u00a0\u00bbdefault\u00a0\u00bb background_enable_image=\u00a0\u00bboff\u00a0\u00bb global_colors_info=\u00a0\u00bb{}\u00a0\u00bb][et_pb_text _builder_version=\u00a0\u00bb4.24.0&Prime; _module_preset=\u00a0\u00bbdefault\u00a0\u00bb text_font_size=\u00a0\u00bb1vw\u00a0\u00bb text_line_height=\u00a0\u00bb1.8em\u00a0\u00bb header_3_font_size=\u00a0\u00bb1.3vw\u00a0\u00bb header_3_line_height=\u00a0\u00bb1.7em\u00a0\u00bb custom_margin=\u00a0\u00bb||16px|||\u00a0\u00bb text_font_size_tablet=\u00a0\u00bb2vw\u00a0\u00bb text_font_size_phone=\u00a0\u00bb4vw\u00a0\u00bb text_font_size_last_edited=\u00a0\u00bbon|tablet\u00a0\u00bb header_3_font_size_tablet=\u00a0\u00bb2.3vw\u00a0\u00bb header_3_font_size_phone=\u00a0\u00bb4vw\u00a0\u00bb header_3_font_size_last_edited=\u00a0\u00bbon|tablet\u00a0\u00bb global_colors_info=\u00a0\u00bb{}\u00a0\u00bb]<\/p>\n<h3><strong>Marilyn dirige Le Fonds<\/strong> de <strong>Financement Climatique apr\u00e8s avoir r\u00e9cemment g\u00e9r\u00e9 le portefeuille de financement du climat et de l&rsquo;\u00e9nergie propre \u00e0 la Fondation William et Flora Hewlett.<\/strong><\/h3>\n<p>Elle a travaill\u00e9 sur quatre continents dans le domaine de l&rsquo;\u00e9nergie renouvelable et nucl\u00e9aire et du capital-risque et de l&rsquo;investissement. Auparavant, elle a dirig\u00e9 la pratique \u00e9nerg\u00e9tique chez Village Capital, mod\u00e9lis\u00e9 et pr\u00e9vu des solutions \u00e9nerg\u00e9tiques au changement climatique en tant que Senior ResearchFellow chez Project Drawdown, et g\u00e9r\u00e9 des projets d&rsquo;innovation chez AREVA (maintenant Orano et Framatome).<\/p>\n<p>Marilyn si\u00e8ge \u00e0 divers conseils d&rsquo;administration et comit\u00e9s d&rsquo;investissement, dont Climate First Bank.<\/p>\n<p>Elle est titulaire d&rsquo;une ma\u00eetrise avec distinction en ing\u00e9nierie pour le d\u00e9veloppement durable de l&rsquo;Universit\u00e9 de Cambridge et d&rsquo;une licence en g\u00e9nie civil et environnemental, magna cum laude, de l&rsquo;Universit\u00e9 de Princeton.<\/p>\n<p>Marilyn est l&rsquo;auteur de <em>Sustainability at Work : careersthatmake a difference<\/em>et \u00e9crit dans de nombreux m\u00e9dias, notamment le Financial Times, Forbes et GreenBiz.[\/et_pb_text][et_pb_social_media_follow _builder_version=\u00a0\u00bb4.17.4&Prime; _module_preset=\u00a0\u00bbdefault\u00a0\u00bb global_colors_info=\u00a0\u00bb{}\u00a0\u00bb][et_pb_social_media_follow_network social_network=\u00a0\u00bbtwitter\u00a0\u00bb url=\u00a0\u00bbhttps:\/\/twitter.com\/WaiteMarilyn\u00a0\u00bb _builder_version=\u00a0\u00bb4.22.2&Prime; _module_preset=\u00a0\u00bbdefault\u00a0\u00bb background_color=\u00a0\u00bb#000000&Prime; global_colors_info=\u00a0\u00bb{}\u00a0\u00bb follow_button=\u00a0\u00bboff\u00a0\u00bb url_new_window=\u00a0\u00bbon\u00a0\u00bb]twitter[\/et_pb_social_media_follow_network][\/et_pb_social_media_follow][et_pb_code _builder_version=\u00a0\u00bb4.16&Prime; _module_preset=\u00a0\u00bbdefault\u00a0\u00bb global_colors_info=\u00a0\u00bb{}\u00a0\u00bb][\/et_pb_code][\/et_pb_column][\/et_pb_row][et_pb_row column_structure=\u00a0\u00bb1_2,1_2&Prime; _builder_version=\u00a0\u00bb4.16&Prime; _module_preset=\u00a0\u00bbdefault\u00a0\u00bb global_colors_info=\u00a0\u00bb{}\u00a0\u00bb][et_pb_column type=\u00a0\u00bb1_2&Prime; _builder_version=\u00a0\u00bb4.16&Prime; _module_preset=\u00a0\u00bbdefault\u00a0\u00bb global_colors_info=\u00a0\u00bb{}\u00a0\u00bb][et_pb_text _builder_version=\u00a0\u00bb4.17.4&Prime; _module_preset=\u00a0\u00bbdefault\u00a0\u00bb text_font_size=\u00a0\u00bb1.6vw\u00a0\u00bb header_2_text_color=\u00a0\u00bb#f6a13e\u00a0\u00bb header_2_font_size=\u00a0\u00bb2.2vw\u00a0\u00bb header_3_font_size=\u00a0\u00bb1.6vw\u00a0\u00bb text_orientation=\u00a0\u00bbcenter\u00a0\u00bb text_font_size_tablet=\u00a0\u00bb2.6vw\u00a0\u00bb text_font_size_phone=\u00a0\u00bb5vw\u00a0\u00bb text_font_size_last_edited=\u00a0\u00bbon|tablet\u00a0\u00bb header_2_font_size_tablet=\u00a0\u00bb3.2vw\u00a0\u00bb header_2_font_size_phone=\u00a0\u00bb6vw\u00a0\u00bb header_2_font_size_last_edited=\u00a0\u00bbon|desktop\u00a0\u00bb header_3_font_size_tablet=\u00a0\u00bb2.6vw\u00a0\u00bb header_3_font_size_phone=\u00a0\u00bb4.4vw\u00a0\u00bb header_3_font_size_last_edited=\u00a0\u00bbon|tablet\u00a0\u00bb global_colors_info=\u00a0\u00bb{}\u00a0\u00bb]<\/p>\n<h2>Alma<\/h2>\n<h3>Responsable de la joie en chef<\/h3>\n<p>Fonds de financement du climat<\/p>\n<p>[\/et_pb_text][et_pb_image src=\u00a0\u00bbhttps:\/\/climatefinance.fund\/wp-content\/uploads\/2021\/07\/alma.jpg\u00a0\u00bb title_text=\u00a0\u00bblogoback\u00a0\u00bb align=\u00a0\u00bbcenter\u00a0\u00bb _builder_version=\u00a0\u00bb4.17.4&Prime; _module_preset=\u00a0\u00bbdefault\u00a0\u00bb background_image=\u00a0\u00bbhttps:\/\/climatefinance.fund\/wp-content\/uploads\/2021\/07\/logoback.svg\u00a0\u00bb background_size=\u00a0\u00bbcontain\u00a0\u00bb width=\u00a0\u00bb51.8%\u00a0\u00bb width_tablet=\u00a0\u00bb50%\u00a0\u00bb width_phone=\u00a0\u00bb60%\u00a0\u00bb width_last_edited=\u00a0\u00bbon|tablet\u00a0\u00bb min_height=\u00a0\u00bb214px\u00a0\u00bb custom_margin=\u00a0\u00bb||64px|||\u00a0\u00bb custom_padding=\u00a0\u00bb1vw|1vw|1vw|1vw|true|true\u00a0\u00bb custom_padding_tablet=\u00a0\u00bb3vw|3vw|3vw|3vw|true|true\u00a0\u00bb custom_padding_phone=\u00a0\u00bb\u00a0\u00bb custom_padding_last_edited=\u00a0\u00bbon|tablet\u00a0\u00bb border_radii=\u00a0\u00bbon|100%|100%|100%|100%\u00a0\u00bb global_colors_info=\u00a0\u00bb{}\u00a0\u00bb][\/et_pb_image][\/et_pb_column][et_pb_column type=\u00a0\u00bb1_2&Prime; _builder_version=\u00a0\u00bb4.16&Prime; _module_preset=\u00a0\u00bbdefault\u00a0\u00bb global_colors_info=\u00a0\u00bb{}\u00a0\u00bb][et_pb_image src=\u00a0\u00bbhttps:\/\/climatefinance.fund\/wp-content\/uploads\/2022\/03\/bio-photo-Yubai-Wu-scaled.jpg\u00a0\u00bb title_text=\u00a0\u00bbrpt\u00a0\u00bb align=\u00a0\u00bbcenter\u00a0\u00bb _builder_version=\u00a0\u00bb4.16&Prime; _module_preset=\u00a0\u00bbdefault\u00a0\u00bb background_image=\u00a0\u00bbhttps:\/\/climatefinance.fund\/wp-content\/uploads\/2021\/07\/logoback.svg\u00a0\u00bb background_size=\u00a0\u00bbcontain\u00a0\u00bb width=\u00a0\u00bb49.2%\u00a0\u00bb width_tablet=\u00a0\u00bb50%\u00a0\u00bb width_phone=\u00a0\u00bb60%\u00a0\u00bb width_last_edited=\u00a0\u00bbon|tablet\u00a0\u00bb min_height=\u00a0\u00bb149.7px\u00a0\u00bb custom_margin=\u00a0\u00bb||7px|||\u00a0\u00bb custom_padding=\u00a0\u00bb1vw|1vw|1vw|1vw|true|true\u00a0\u00bb custom_padding_tablet=\u00a0\u00bb3vw|3vw|3vw|3vw|true|true\u00a0\u00bb custom_padding_phone=\u00a0\u00bb\u00a0\u00bb custom_padding_last_edited=\u00a0\u00bbon|tablet\u00a0\u00bb border_radii=\u00a0\u00bbon|100%|100%|100%|100%\u00a0\u00bb global_colors_info=\u00a0\u00bb{}\u00a0\u00bb][\/et_pb_image][et_pb_text _builder_version=\u00a0\u00bb4.17.4&Prime; _module_preset=\u00a0\u00bbdefault\u00a0\u00bb text_font_size=\u00a0\u00bb1.6vw\u00a0\u00bb header_2_text_color=\u00a0\u00bb#f6a13e\u00a0\u00bb header_2_font_size=\u00a0\u00bb2.2vw\u00a0\u00bb header_3_font_size=\u00a0\u00bb1.6vw\u00a0\u00bb text_orientation=\u00a0\u00bbcenter\u00a0\u00bb custom_margin=\u00a0\u00bb||5px||false|false\u00a0\u00bb text_font_size_tablet=\u00a0\u00bb2.6vw\u00a0\u00bb text_font_size_phone=\u00a0\u00bb5vw\u00a0\u00bb text_font_size_last_edited=\u00a0\u00bbon|tablet\u00a0\u00bb header_2_font_size_tablet=\u00a0\u00bb3.2vw\u00a0\u00bb header_2_font_size_phone=\u00a0\u00bb6vw\u00a0\u00bb header_2_font_size_last_edited=\u00a0\u00bbon|desktop\u00a0\u00bb header_3_font_size_tablet=\u00a0\u00bb2.6vw\u00a0\u00bb header_3_font_size_phone=\u00a0\u00bb4.4vw\u00a0\u00bb header_3_font_size_last_edited=\u00a0\u00bbon|tablet\u00a0\u00bb global_colors_info=\u00a0\u00bb{}\u00a0\u00bb]<\/p>\n<h2>Yubai Wu<\/h2>\n<h3>Associ\u00e9 principal<\/h3>\n<p>Fonds de financement du climat<\/p>\n<p>[\/et_pb_text][et_pb_text _builder_version=\u00a0\u00bb4.24.0&Prime; _module_preset=\u00a0\u00bbdefault\u00a0\u00bb text_font_size=\u00a0\u00bb1vw\u00a0\u00bb text_line_height=\u00a0\u00bb1.8em\u00a0\u00bb header_3_font_size=\u00a0\u00bb1.3vw\u00a0\u00bb header_3_line_height=\u00a0\u00bb1.7em\u00a0\u00bb custom_margin=\u00a0\u00bb||16px|||\u00a0\u00bb text_font_size_tablet=\u00a0\u00bb2vw\u00a0\u00bb text_font_size_phone=\u00a0\u00bb4vw\u00a0\u00bb text_font_size_last_edited=\u00a0\u00bbon|tablet\u00a0\u00bb header_3_font_size_tablet=\u00a0\u00bb2.3vw\u00a0\u00bb header_3_font_size_phone=\u00a0\u00bb4vw\u00a0\u00bb header_3_font_size_last_edited=\u00a0\u00bbon|tablet\u00a0\u00bb global_colors_info=\u00a0\u00bb{}\u00a0\u00bb]Yubai est issue du monde de l&rsquo;\u00e9ducation, du d\u00e9veloppement international et de l&rsquo;int\u00e9gration de la dimension de genre. Elle a travaill\u00e9 pour des cabinets de conseil, des organisations multilat\u00e9rales et des fondations sur plusieurs continents. Elle est titulaire d&rsquo;un master en gestion publique internationale, avec une sp\u00e9cialisation en environnement, de Sciences Po Paris, et d&rsquo;une licence en sociologie de l&rsquo;universit\u00e9 de Nanjing, en Chine. Yubai a partag\u00e9 son enfance entre la Chine, les \u00c9tats-Unis et les Pays-Bas, ce qui lui permet de rencontrer des personnes de cultures et de milieux diff\u00e9rents. Elle est passionn\u00e9e par l&rsquo;environnement, le climat et les investissements \u00e0 impact.[\/et_pb_text][\/et_pb_column][\/et_pb_row][\/et_pb_section][et_pb_section fb_built=\u00a0\u00bb1&Prime; module_id=\u00a0\u00bbleadership de la pens\u00e9e\u00a0\u00bb _builder_version=\u00a0\u00bb4.18.0&Prime; _module_preset=\u00a0\u00bbdefault\u00a0\u00bb global_colors_info=\u00a0\u00bb{}\u00a0\u00bb][et_pb_row _builder_version=\u00a0\u00bb4.16&Prime; _module_preset=\u00a0\u00bbdefault\u00a0\u00bb custom_padding=\u00a0\u00bb0px|||||\u00a0\u00bb global_colors_info=\u00a0\u00bb{}\u00a0\u00bb][et_pb_column type=\u00a0\u00bb4_4&Prime; _builder_version=\u00a0\u00bb4.16&Prime; _module_preset=\u00a0\u00bbdefault\u00a0\u00bb global_colors_info=\u00a0\u00bb{}\u00a0\u00bb][et_pb_text admin_label=\u00a0\u00bbText\u00a0\u00bb module_class=\u00a0\u00bbtitle\u00a0\u00bb _builder_version=\u00a0\u00bb4.17.4&Prime; _module_preset=\u00a0\u00bbdefault\u00a0\u00bb header_2_text_align=\u00a0\u00bbcenter\u00a0\u00bb header_2_font_size=\u00a0\u00bb2vw\u00a0\u00bb positioning=\u00a0\u00bbrelative\u00a0\u00bb z_index=\u00a0\u00bb-500&Prime; custom_margin=\u00a0\u00bb0px||||false|false\u00a0\u00bb custom_margin_tablet=\u00a0\u00bb0vh||||false|false\u00a0\u00bb custom_margin_phone=\u00a0\u00bb0vh||||false|false\u00a0\u00bb custom_margin_last_edited=\u00a0\u00bbon|phone\u00a0\u00bb header_2_font_size_tablet=\u00a0\u00bb4vw\u00a0\u00bb header_2_font_size_phone=\u00a0\u00bb6vw\u00a0\u00bb header_2_font_size_last_edited=\u00a0\u00bbon|tablet\u00a0\u00bb global_colors_info=\u00a0\u00bb{}\u00a0\u00bb]<\/p>\n<h2>leadership d&rsquo;opinion<\/h2>\n<p>[\/et_pb_text][\/et_pb_column][\/et_pb_row][et_pb_row custom_padding_last_edited=\u00a0\u00bbon|tablet\u00a0\u00bb disabled_on=\u00a0\u00bboff|off|off\u00a0\u00bb _builder_version=\u00a0\u00bb4.24.0&Prime; _module_preset=\u00a0\u00bbdefault\u00a0\u00bb module_alignment=\u00a0\u00bbcenter\u00a0\u00bb custom_padding_tablet=\u00a0\u00bb0px||||false|false\u00a0\u00bb custom_padding_phone=\u00a0\u00bb0px||||false|false\u00a0\u00bb global_colors_info=\u00a0\u00bb{}\u00a0\u00bb][et_pb_column type=\u00a0\u00bb4_4&Prime; disabled_on=\u00a0\u00bboff|off|off\u00a0\u00bb _builder_version=\u00a0\u00bb4.24.0&Prime; _module_preset=\u00a0\u00bbdefault\u00a0\u00bb global_colors_info=\u00a0\u00bb{}\u00a0\u00bb][et_pb_image src=\u00a0\u00bbhttps:\/\/climatefinance.fund\/wp-content\/uploads\/2024\/02\/GSCT-Cover-Concept_orange-ocean_podcast.jpg\u00a0\u00bb title_text=\u00a0\u00bbGSCT Cover Concept_orange ocean (1) (1)\u00a0\u00bb url=\u00a0\u00bbhttps:\/\/pod.link\/1721588535&Prime; url_new_window=\u00a0\u00bbon\u00a0\u00bb align=\u00a0\u00bbcenter\u00a0\u00bb _builder_version=\u00a0\u00bb4.24.2&Prime; _module_preset=\u00a0\u00bbdefault\u00a0\u00bb max_width=\u00a0\u00bb30%\u00a0\u00bb max_width_tablet=\u00a0\u00bb100%\u00a0\u00bb max_width_phone=\u00a0\u00bb100%\u00a0\u00bb max_width_last_edited=\u00a0\u00bbon|phone\u00a0\u00bb global_colors_info=\u00a0\u00bb{}\u00a0\u00bb][\/et_pb_image][et_pb_text _builder_version=\u00a0\u00bb4.24.2&Prime; _module_preset=\u00a0\u00bbdefault\u00a0\u00bb text_orientation=\u00a0\u00bbcenter\u00a0\u00bb module_alignment=\u00a0\u00bbcenter\u00a0\u00bb link_option_url=\u00a0\u00bbhttps:\/\/pod.link\/1721588535&Prime; link_option_url_new_window=\u00a0\u00bbon\u00a0\u00bb text_orientation_tablet=\u00a0\u00bbleft\u00a0\u00bb text_orientation_phone=\u00a0\u00bbleft\u00a0\u00bb text_orientation_last_edited=\u00a0\u00bbon|tablet\u00a0\u00bb global_colors_info=\u00a0\u00bb{}\u00a0\u00bb]<\/p>\n<h3>Podcast : Global South Climate Tech<\/h3>\n<h3><\/h3>\n<p>[\/et_pb_text][\/et_pb_column][\/et_pb_row][et_pb_row column_structure=\u00a0\u00bb1_2,1_2&Prime; _builder_version=\u00a0\u00bb4.24.2&Prime; _module_preset=\u00a0\u00bbdefault\u00a0\u00bb module_alignment=\u00a0\u00bbcenter\u00a0\u00bb global_colors_info=\u00a0\u00bb{}\u00a0\u00bb][et_pb_column type=\u00a0\u00bb1_2&Prime; disabled_on=\u00a0\u00bboff|off|off\u00a0\u00bb _builder_version=\u00a0\u00bb4.24.0&Prime; _module_preset=\u00a0\u00bbdefault\u00a0\u00bb global_colors_info=\u00a0\u00bb{}\u00a0\u00bb][et_pb_image src=\u00a0\u00bbhttps:\/\/climatefinance.fund\/wp-content\/uploads\/2024\/01\/Climate-finance-global_Sansoen-Saengsakaorat_Shutterstock.jpg\u00a0\u00bb title_text=\u00a0\u00bbFinancement du climat au niveau mondial_Sansoen Saengsakaorat_Shutterstock\u00a0\u00bb url=\u00a0\u00bbhttps:\/\/www.greenbiz.com\/article\/investors-should-look-global-south-scale-climate-solutions\u00a0\u00bb url_new_window=\u00a0\u00bbon\u00a0\u00bb _builder_version=\u00a0\u00bb4.24.0&Prime; _module_preset=\u00a0\u00bbdefault\u00a0\u00bb global_colors_info=\u00a0\u00bb{}\u00a0\u00bb][\/et_pb_image][et_pb_text _builder_version=\u00a0\u00bb4.24.0&Prime; _module_preset=\u00a0\u00bbdefault\u00a0\u00bb link_option_url=\u00a0\u00bbhttps:\/\/www.greenbiz.com\/article\/investors-should-look-global-south-scale-climate-solutions\u00a0\u00bb link_option_url_new_window=\u00a0\u00bbon\u00a0\u00bb global_colors_info=\u00a0\u00bb{}\u00a0\u00bb]<\/p>\n<h3><strong>Les investisseurs devraient se tourner vers les pays du Sud pour d\u00e9velopper des solutions climatiques.<\/strong><\/h3>\n<h3><\/h3>\n<p>[\/et_pb_text][\/et_pb_column][et_pb_column type=\u00a0\u00bb1_2&Prime; _builder_version=\u00a0\u00bb4.17.4&Prime; _module_preset=\u00a0\u00bbdefault\u00a0\u00bb global_colors_info=\u00a0\u00bb{}\u00a0\u00bb][et_pb_image src=\u00a0\u00bbhttps:\/\/climatefinance.fund\/wp-content\/uploads\/2023\/06\/CMT_Image-22-DEC-2022-1.png\u00a0\u00bb title_text=\u00a0\u00bbCMT_Image 22 DEC 2022 (1)\u00a0\u00bb url=\u00a0\u00bbhttps:\/\/link.sifted.eu\/view\/639b0019c0adc3295508c48ahw0ps.7zy\/3edac61b\u00a0\u00bb url_new_window=\u00a0\u00bbon\u00a0\u00bb _builder_version=\u00a0\u00bb4.21.0&Prime; _module_preset=\u00a0\u00bbdefault\u00a0\u00bb global_colors_info=\u00a0\u00bb{}\u00a0\u00bb][\/et_pb_image][et_pb_text _builder_version=\u00a0\u00bb4.21.0&Prime; _module_preset=\u00a0\u00bbdefault\u00a0\u00bb link_option_url=\u00a0\u00bbhttps:\/\/link.sifted.eu\/view\/639b0019c0adc3295508c48ahw0ps.7zy\/3edac61b\u00a0\u00bb link_option_url_new_window=\u00a0\u00bbon\u00a0\u00bb global_colors_info=\u00a0\u00bb{}\u00a0\u00bb]<\/p>\n<h3><strong>Bruxelles doit r\u00e9agir au projet de loi am\u00e9ricain sur le climat. Voici ce que les d\u00e9cideurs politiques devraient faire<br \/><\/strong><\/h3>\n<h3><\/h3>\n<p>[\/et_pb_text][\/et_pb_column][\/et_pb_row][et_pb_row column_structure=\u00a0\u00bb1_2,1_2&Prime; _builder_version=\u00a0\u00bb4.24.2&Prime; _module_preset=\u00a0\u00bbdefault\u00a0\u00bb module_alignment=\u00a0\u00bbcenter\u00a0\u00bb global_colors_info=\u00a0\u00bb{}\u00a0\u00bb][et_pb_column type=\u00a0\u00bb1_2&Prime; _builder_version=\u00a0\u00bb4.17.4&Prime; _module_preset=\u00a0\u00bbdefault\u00a0\u00bb global_colors_info=\u00a0\u00bb{}\u00a0\u00bb][et_pb_image src=\u00a0\u00bbhttps:\/\/climatefinance.fund\/wp-content\/uploads\/2023\/06\/greenfinance-1536&#215;863-1.jpg\u00a0\u00bb title_text=\u00a0\u00bbgreenfinance-1536&#215;863&Prime; url=\u00a0\u00bbhttps:\/\/www.euractiv.com\/section\/energy-environment\/opinion\/how-to-attract-private-finance-for-climate-projects-in-developing-countries\/\u00a0\u00bb url_new_window=\u00a0\u00bbon\u00a0\u00bb _builder_version=\u00a0\u00bb4.21.0&Prime; _module_preset=\u00a0\u00bbdefault\u00a0\u00bb global_colors_info=\u00a0\u00bb{}\u00a0\u00bb][\/et_pb_image][et_pb_text _builder_version=\u00a0\u00bb4.21.0&Prime; _module_preset=\u00a0\u00bbdefault\u00a0\u00bb link_option_url=\u00a0\u00bbhttps:\/\/www.euractiv.com\/section\/energy-environment\/opinion\/how-to-attract-private-finance-for-climate-projects-in-developing-countries\/\u00a0\u00bb link_option_url_new_window=\u00a0\u00bbon\u00a0\u00bb global_colors_info=\u00a0\u00bb{}\u00a0\u00bb]<\/p>\n<h3><strong>Comment attirer des financements priv\u00e9s pour des projets climatiques dans les pays en d\u00e9veloppement ?<br \/><\/strong><\/h3>\n<h3><\/h3>\n<p>[\/et_pb_text][\/et_pb_column][et_pb_column type=\u00a0\u00bb1_2&Prime; _builder_version=\u00a0\u00bb4.17.4&Prime; _module_preset=\u00a0\u00bbdefault\u00a0\u00bb global_colors_info=\u00a0\u00bb{}\u00a0\u00bb][et_pb_image src=\u00a0\u00bbhttps:\/\/climatefinance.fund\/wp-content\/uploads\/2022\/06\/pxclimateaction-g73946f997_1920-2.jpg\u00a0\u00bb title_text=\u00a0\u00bbpxclimateaction-g73946f997_1920&Prime; url=\u00a0\u00bbhttps:\/\/croataninstitute.org\/wp-content\/uploads\/2022\/06\/Joint-letter-Call-for-Evidence-ESG-and-credit-ratings.pdf\u00a0\u00bb url_new_window=\u00a0\u00bbon\u00a0\u00bb align=\u00a0\u00bbcenter\u00a0\u00bb _builder_version=\u00a0\u00bb4.24.2&Prime; _module_preset=\u00a0\u00bbdefault\u00a0\u00bb custom_margin=\u00a0\u00bb||||false|false\u00a0\u00bb global_colors_info=\u00a0\u00bb{}\u00a0\u00bb][\/et_pb_image][et_pb_text _builder_version=\u00a0\u00bb4.17.4&Prime; _module_preset=\u00a0\u00bbdefault\u00a0\u00bb link_option_url=\u00a0\u00bbhttps:\/\/croataninstitute.org\/wp-content\/uploads\/2022\/06\/Joint-letter-Call-for-Evidence-ESG-and-credit-ratings.pdf\u00a0\u00bb link_option_url_new_window=\u00a0\u00bbon\u00a0\u00bb global_colors_info=\u00a0\u00bb{}\u00a0\u00bb]<\/p>\n<h3>R\u00e9ponse de l&rsquo;UE \u00e0 la consultation publique : Les notations ESG et les risques de durabilit\u00e9 dans les notations de cr\u00e9dit<\/h3>\n<p>[\/et_pb_text][\/et_pb_column][\/et_pb_row][et_pb_row column_structure=\u00a0\u00bb1_2,1_2&Prime; _builder_version=\u00a0\u00bb4.24.2&Prime; _module_preset=\u00a0\u00bbdefault\u00a0\u00bb module_alignment=\u00a0\u00bbcenter\u00a0\u00bb global_colors_info=\u00a0\u00bb{}\u00a0\u00bb][et_pb_column type=\u00a0\u00bb1_2&Prime; _builder_version=\u00a0\u00bb4.17.4&Prime; _module_preset=\u00a0\u00bbdefault\u00a0\u00bb global_colors_info=\u00a0\u00bb{}\u00a0\u00bb][et_pb_image src=\u00a0\u00bbhttps:\/\/climatefinance.fund\/wp-content\/uploads\/2022\/06\/amtrak-363669_1280-3.jpg\u00a0\u00bb title_text=\u00a0\u00bbamtrak-363669_1280&Prime; url=\u00a0\u00bbhttps:\/\/www.sec.gov\/comments\/s7-10-22\/s71022-20130307-297015.pdf\u00a0\u00bb url_new_window=\u00a0\u00bbon\u00a0\u00bb _builder_version=\u00a0\u00bb4.17.4&Prime; _module_preset=\u00a0\u00bbdefault\u00a0\u00bb global_colors_info=\u00a0\u00bb{}\u00a0\u00bb][\/et_pb_image][et_pb_text _builder_version=\u00a0\u00bb4.17.4&Prime; _module_preset=\u00a0\u00bbdefault\u00a0\u00bb link_option_url=\u00a0\u00bbhttps:\/\/www.sec.gov\/comments\/s7-10-22\/s71022-20130307-297015.pdf\u00a0\u00bb link_option_url_new_window=\u00a0\u00bbon\u00a0\u00bb global_colors_info=\u00a0\u00bb{}\u00a0\u00bb]<\/p>\n<h3><strong>U.S. SEC L&rsquo;am\u00e9lioration et la normalisation des divulgations li\u00e9es au climat pour les investisseurs<\/strong><\/h3>\n<h3><strong> <\/strong><\/h3>\n<p>[\/et_pb_text][\/et_pb_column][et_pb_column type=\u00a0\u00bb1_2&Prime; _builder_version=\u00a0\u00bb4.17.4&Prime; _module_preset=\u00a0\u00bbdefault\u00a0\u00bb global_colors_info=\u00a0\u00bb{}\u00a0\u00bb][et_pb_image src=\u00a0\u00bbhttps:\/\/climatefinance.fund\/wp-content\/uploads\/2022\/06\/save-up-g16a54d760_640.jpg\u00a0\u00bb title_text=\u00a0\u00bbsave-up-g16a54d760_640&Prime; url=\u00a0\u00bbhttps:\/\/www.dol.gov\/sites\/dolgov\/files\/EBSA\/laws-and-regulations\/rules-and-regulations\/public-comments\/1210-ZA30\/00089.pdf\u00a0\u00bb url_new_window=\u00a0\u00bbon\u00a0\u00bb admin_label=\u00a0\u00bbImage\u00a0\u00bb _builder_version=\u00a0\u00bb4.17.4&Prime; _module_preset=\u00a0\u00bbdefault\u00a0\u00bb global_colors_info=\u00a0\u00bb{}\u00a0\u00bb][\/et_pb_image][et_pb_text _builder_version=\u00a0\u00bb4.17.4&Prime; _module_preset=\u00a0\u00bbdefault\u00a0\u00bb link_option_url=\u00a0\u00bbhttps:\/\/www.dol.gov\/sites\/dolgov\/files\/EBSA\/laws-and-regulations\/rules-and-regulations\/public-comments\/1210-ZA30\/00089.pdf\u00a0\u00bb link_option_url_new_window=\u00a0\u00bbon\u00a0\u00bb global_colors_info=\u00a0\u00bb{}\u00a0\u00bb]<\/p>\n<h3><strong>D\u00e9partement du travail des \u00c9tats-Unis : <span id=\"page3R_mcid14\" class=\"markedContent\"><span dir=\"ltr\" role=\"presentation\">Actions visant \u00e0 prot\u00e9ger l&rsquo;\u00e9pargne-vie et les pensions contre les menaces du <\/span> <span dir=\"ltr\" role=\"presentation\">climat<\/span> <span dir=\"ltr\" role=\"presentation\">&#8211;<\/span> <span dir=\"ltr\" role=\"presentation\">Risque financier li\u00e9 au climat<\/span><\/span><\/strong><\/h3>\n<p>[\/et_pb_text][\/et_pb_column][\/et_pb_row][et_pb_row column_structure=\u00a0\u00bb1_2,1_2&Prime; _builder_version=\u00a0\u00bb4.24.2&Prime; _module_preset=\u00a0\u00bbdefault\u00a0\u00bb module_alignment=\u00a0\u00bbcenter\u00a0\u00bb global_colors_info=\u00a0\u00bb{}\u00a0\u00bb][et_pb_column type=\u00a0\u00bb1_2&Prime; _builder_version=\u00a0\u00bb4.17.4&Prime; _module_preset=\u00a0\u00bbdefault\u00a0\u00bb global_colors_info=\u00a0\u00bb{}\u00a0\u00bb][et_pb_image src=\u00a0\u00bbhttps:\/\/climatefinance.fund\/wp-content\/uploads\/2022\/06\/Thermostat-zoom-scaled.jpg\u00a0\u00bb title_text=\u00a0\u00bbThermostat-zoom\u00a0\u00bb url=\u00a0\u00bbhttps:\/\/www.euractiv.com\/section\/energy\/opinion\/why-natural-gas-is-neither-just-nor-transitional\/\u00a0\u00bb url_new_window=\u00a0\u00bbon\u00a0\u00bb admin_label=\u00a0\u00bbImage\u00a0\u00bb _builder_version=\u00a0\u00bb4.17.4&Prime; _module_preset=\u00a0\u00bbdefault\u00a0\u00bb global_colors_info=\u00a0\u00bb{}\u00a0\u00bb][\/et_pb_image][et_pb_text _builder_version=\u00a0\u00bb4.17.4&Prime; _module_preset=\u00a0\u00bbdefault\u00a0\u00bb link_option_url=\u00a0\u00bbhttps:\/\/www.euractiv.com\/section\/energy\/opinion\/why-natural-gas-is-neither-just-nor-transitional\/\u00a0\u00bb link_option_url_new_window=\u00a0\u00bbon\u00a0\u00bb global_colors_info=\u00a0\u00bb{}\u00a0\u00bb]<\/p>\n<h3><strong>Pourquoi le gaz naturel n&rsquo;est ni juste ni transitoire<\/strong><\/h3>\n<p>[\/et_pb_text][\/et_pb_column][et_pb_column type=\u00a0\u00bb1_2&Prime; _builder_version=\u00a0\u00bb4.17.4&Prime; _module_preset=\u00a0\u00bbdefault\u00a0\u00bb global_colors_info=\u00a0\u00bb{}\u00a0\u00bb][\/et_pb_column][\/et_pb_row][\/et_pb_section][et_pb_section fb_built=\u00a0\u00bb1&Prime; module_id=\u00a0\u00bbpartenaires\u00a0\u00bb _builder_version=\u00a0\u00bb4.20.4&Prime; _module_preset=\u00a0\u00bbdefault\u00a0\u00bb background_color=\u00a0\u00bbRGBA(255,255,255,0)\u00a0\u00bb display_conditions=\u00a0\u00bbW10=\u00a0\u00bb custom_padding=\u00a0\u00bb0vh||4vh||false|false\u00a0\u00bb global_colors_info=\u00a0\u00bb{}\u00a0\u00bb][et_pb_row module_id=\u00a0\u00bbteam\u00a0\u00bb _builder_version=\u00a0\u00bb4.16&Prime; _module_preset=\u00a0\u00bbdefault\u00a0\u00bb custom_padding=\u00a0\u00bb0px|||||\u00a0\u00bb global_colors_info=\u00a0\u00bb{}\u00a0\u00bb][et_pb_column type=\u00a0\u00bb4_4&Prime; _builder_version=\u00a0\u00bb4.16&Prime; _module_preset=\u00a0\u00bbdefault\u00a0\u00bb global_colors_info=\u00a0\u00bb{}\u00a0\u00bb][et_pb_text module_class=\u00a0\u00bbtitle\u00a0\u00bb _builder_version=\u00a0\u00bb4.20.4&Prime; _module_preset=\u00a0\u00bbdefault\u00a0\u00bb header_2_text_align=\u00a0\u00bbcenter\u00a0\u00bb header_2_font_size=\u00a0\u00bb2vw\u00a0\u00bb header_2_font_size_tablet=\u00a0\u00bb4vw\u00a0\u00bb header_2_font_size_phone=\u00a0\u00bb6vw\u00a0\u00bb header_2_font_size_last_edited=\u00a0\u00bbon|tablet\u00a0\u00bb global_colors_info=\u00a0\u00bb{}\u00a0\u00bb]<\/p>\n<h2>partenaires<\/h2>\n<p>[\/et_pb_text][\/et_pb_column][\/et_pb_row][et_pb_row column_structure=\u00a0\u00bb1_6,1_6,1_6,1_6,1_6,1_6&Prime; use_custom_gutter=\u00a0\u00bbon\u00a0\u00bb gutter_width=\u00a0\u00bb2&Prime; make_equal=\u00a0\u00bbon\u00a0\u00bb module_class=\u00a0\u00bblogos\u00a0\u00bb _builder_version=\u00a0\u00bb4.20.0&Prime; _module_preset=\u00a0\u00bbdefault\u00a0\u00bb z_index=\u00a0\u00bb250&Prime; max_width=\u00a0\u00bb100%\u00a0\u00bb custom_padding=\u00a0\u00bb0px||2vh||false|false\u00a0\u00bb global_colors_info=\u00a0\u00bb{}\u00a0\u00bb][et_pb_column type=\u00a0\u00bb1_6&Prime; _builder_version=\u00a0\u00bb4.20.0&Prime; _module_preset=\u00a0\u00bbdefault\u00a0\u00bb background_enable_color=\u00a0\u00bboff\u00a0\u00bb global_colors_info=\u00a0\u00bb{}\u00a0\u00bb][et_pb_image src=\u00a0\u00bbhttps:\/\/climatefinance.fund\/wp-content\/uploads\/2023\/04\/Logo-La_Nef_2021.svg\u00a0\u00bb title_text=\u00a0\u00bbLogo-La_Nef_2021&Prime; url_new_window=\u00a0\u00bbon\u00a0\u00bb align=\u00a0\u00bbcenter\u00a0\u00bb _builder_version=\u00a0\u00bb4.20.4&Prime; _module_preset=\u00a0\u00bbdefault\u00a0\u00bb width=\u00a0\u00bb70%\u00a0\u00bb width_tablet=\u00a0\u00bb70%\u00a0\u00bb width_phone=\u00a0\u00bb40%\u00a0\u00bb width_last_edited=\u00a0\u00bbon|desktop\u00a0\u00bb module_alignment=\u00a0\u00bbcenter\u00a0\u00bb filter_saturate=\u00a0\u00bb0%\u00a0\u00bb global_colors_info=\u00a0\u00bb{}\u00a0\u00bb filter_saturate__hover_enabled=\u00a0\u00bbon|hover\u00a0\u00bb filter_saturate__hover=\u00a0\u00bb100%\u00a0\u00bb][\/et_pb_image][et_pb_cta url_new_window=\u00a0\u00bbon\u00a0\u00bb module_class=\u00a0\u00bbtooltip\u00a0\u00bb _builder_version=\u00a0\u00bb4.20.4&Prime; _module_preset=\u00a0\u00bbdefault\u00a0\u00bb header_font=\u00a0\u00bb|600||on|||||\u00a0\u00bb header_text_color=\u00a0\u00bb#0D524D\u00a0\u00bb body_line_height=\u00a0\u00bb1.6em\u00a0\u00bb body_link_font=\u00a0\u00bb||||on||||\u00a0\u00bb background_color=\u00a0\u00bb#FFFFFF\u00a0\u00bb custom_button=\u00a0\u00bbon\u00a0\u00bb button_text_size=\u00a0\u00bb12px\u00a0\u00bb button_text_color=\u00a0\u00bb#FFFFFF\u00a0\u00bb button_bg_color=\u00a0\u00bb#053a58&Prime; button_border_width=\u00a0\u00bb0px\u00a0\u00bb button_border_radius=\u00a0\u00bb50px\u00a0\u00bb button_font=\u00a0\u00bb|700||on|||||\u00a0\u00bb button_use_icon=\u00a0\u00bboff\u00a0\u00bb button_alignment=\u00a0\u00bbleft\u00a0\u00bb button_custom_padding=\u00a0\u00bb7px|20px|7px|20px|true|true\u00a0\u00bb z_index=\u00a0\u00bb500&Prime; text_orientation=\u00a0\u00bbleft\u00a0\u00bb background_layout=\u00a0\u00bblight\u00a0\u00bb overflow-x=\u00a0\u00bbvisible\u00a0\u00bb overflow-y=\u00a0\u00bbvisible\u00a0\u00bb custom_padding=\u00a0\u00bb30px|25px|10px|25px|false|true\u00a0\u00bb custom_css_before=\u00a0\u00bbcontent:&rsquo;  &lsquo;;||position:absolute;||left:50%;||top:-10px;||margin-left:-10px;||width:20px;||height:20px;||transform:rotate(45deg);||background:white;\u00a0\u00bb border_radii=\u00a0\u00bbon|20px|20px|20px|20px\u00a0\u00bb box_shadow_style=\u00a0\u00bbpreset1&Prime; box_shadow_vertical=\u00a0\u00bb0px\u00a0\u00bb box_shadow_blur=\u00a0\u00bb54px\u00a0\u00bb box_shadow_color=\u00a0\u00bbrgba(0,0,0,0.1)\u00a0\u00bb global_colors_info=\u00a0\u00bb{}\u00a0\u00bb button_bg_color__hover_enabled=\u00a0\u00bbon|hover\u00a0\u00bb button_bg_color__hover=\u00a0\u00bb#f6a13e\u00a0\u00bb button_bg_enable_color__hover=\u00a0\u00bbon\u00a0\u00bb]<\/p>\n<p><strong>La Nef<\/strong> est une coop\u00e9rative bancaire fran\u00e7aise dont la priorit\u00e9 strat\u00e9gique est de servir une transition juste respectueuse du climat et le d\u00e9veloppement durable global de la France et, par extension, de l&rsquo;Europe.<\/p>\n<p><a href=\"https:\/\/www.lanef.com\/\" target=\"_blank\" rel=\"noopener\">Voir le site<\/a><\/p>\n<p><strong>Projet<\/strong><br \/>Accro\u00eetre la capacit\u00e9 de pr\u00eat en faveur du climat et communiquer en tant que mod\u00e8le de banque durable sans combustible fossile pour les syst\u00e8mes bancaires fran\u00e7ais et europ\u00e9en.<\/p>\n<p><a href=\"https:\/\/www.lanef.com\/\" target=\"_blank\" rel=\"noopener\">Produit du travail<\/a><\/p>\n<p>[\/et_pb_cta][\/et_pb_column][et_pb_column type=\u00a0\u00bb1_6&Prime; _builder_version=\u00a0\u00bb4.20.0&Prime; _module_preset=\u00a0\u00bbdefault\u00a0\u00bb background_enable_color=\u00a0\u00bboff\u00a0\u00bb global_colors_info=\u00a0\u00bb{}\u00a0\u00bb][et_pb_image src=\u00a0\u00bbhttps:\/\/climatefinance.fund\/wp-content\/uploads\/2023\/04\/Adasina_footer_logo.png\u00a0\u00bb title_text=\u00a0\u00bbLogo-La_Nef_2021&Prime; url_new_window=\u00a0\u00bbon\u00a0\u00bb align=\u00a0\u00bbcenter\u00a0\u00bb _builder_version=\u00a0\u00bb4.20.4&Prime; _module_preset=\u00a0\u00bbdefault\u00a0\u00bb width=\u00a0\u00bb70%\u00a0\u00bb width_tablet=\u00a0\u00bb70%\u00a0\u00bb width_phone=\u00a0\u00bb40%\u00a0\u00bb width_last_edited=\u00a0\u00bbon|desktop\u00a0\u00bb module_alignment=\u00a0\u00bbcenter\u00a0\u00bb filter_saturate=\u00a0\u00bb0%\u00a0\u00bb global_colors_info=\u00a0\u00bb{}\u00a0\u00bb filter_saturate__hover_enabled=\u00a0\u00bbon|hover\u00a0\u00bb filter_saturate__hover=\u00a0\u00bb100%\u00a0\u00bb][\/et_pb_image][et_pb_cta url_new_window=\u00a0\u00bbon\u00a0\u00bb module_class=\u00a0\u00bbtooltip\u00a0\u00bb _builder_version=\u00a0\u00bb4.24.0&Prime; _module_preset=\u00a0\u00bbdefault\u00a0\u00bb header_font=\u00a0\u00bb|600||on|||||\u00a0\u00bb header_text_color=\u00a0\u00bb#0D524D\u00a0\u00bb body_line_height=\u00a0\u00bb1.6em\u00a0\u00bb body_link_font=\u00a0\u00bb||||on||||\u00a0\u00bb background_color=\u00a0\u00bb#FFFFFF\u00a0\u00bb custom_button=\u00a0\u00bbon\u00a0\u00bb button_text_size=\u00a0\u00bb12px\u00a0\u00bb button_text_color=\u00a0\u00bb#FFFFFF\u00a0\u00bb button_bg_color=\u00a0\u00bb#053a58&Prime; button_border_width=\u00a0\u00bb0px\u00a0\u00bb button_border_radius=\u00a0\u00bb50px\u00a0\u00bb button_font=\u00a0\u00bb|700||on|||||\u00a0\u00bb button_use_icon=\u00a0\u00bboff\u00a0\u00bb button_alignment=\u00a0\u00bbleft\u00a0\u00bb button_custom_padding=\u00a0\u00bb7px|20px|7px|20px|true|true\u00a0\u00bb z_index=\u00a0\u00bb500&Prime; text_orientation=\u00a0\u00bbleft\u00a0\u00bb background_layout=\u00a0\u00bblight\u00a0\u00bb overflow-x=\u00a0\u00bbvisible\u00a0\u00bb overflow-y=\u00a0\u00bbvisible\u00a0\u00bb custom_padding=\u00a0\u00bb30px|25px|10px|25px|false|true\u00a0\u00bb custom_css_before=\u00a0\u00bbcontent:&rsquo;  &lsquo;;||position:absolute;||left:50%;||top:-10px;||margin-left:-10px;||width:20px;||height:20px;||transform:rotate(45deg);||background:white;\u00a0\u00bb border_radii=\u00a0\u00bbon|20px|20px|20px|20px\u00a0\u00bb box_shadow_style=\u00a0\u00bbpreset1&Prime; box_shadow_vertical=\u00a0\u00bb0px\u00a0\u00bb box_shadow_blur=\u00a0\u00bb54px\u00a0\u00bb box_shadow_color=\u00a0\u00bbrgba(0,0,0,0.1)\u00a0\u00bb global_colors_info=\u00a0\u00bb{}\u00a0\u00bb button_bg_color__hover_enabled=\u00a0\u00bbon|hover\u00a0\u00bb button_bg_color__hover=\u00a0\u00bb#f6a13e\u00a0\u00bb button_bg_enable_color__hover=\u00a0\u00bbon\u00a0\u00bb]<\/p>\n<p>Les crit\u00e8res de justice climatique d&rsquo;<strong>Adasina Social Capital<\/strong> visent \u00e0 faire progresser les objectifs de durabilit\u00e9 environnementale en partenariat avec les mouvements de justice sociale. Le portefeuille cherche \u00e0 exclure les entreprises qui, selon Adasina, contribuent de mani\u00e8re significative au changement climatique, n&rsquo;ont pas de pratiques durables sur le plan environnemental ou ont un impact n\u00e9gatif sur la qualit\u00e9 de l&rsquo;air et de l&rsquo;eau. Il s&rsquo;agit notamment des entreprises impliqu\u00e9es dans la production, le raffinage et l&rsquo;extraction de combustibles fossiles, qui financent l&rsquo;industrie des combustibles fossiles, qui s&rsquo;engagent dans les aspects les plus nocifs de l&rsquo;agriculture extractive, qui font un usage excessif de l&rsquo;\u00e9nergie, qui contribuent de mani\u00e8re significative \u00e0 la d\u00e9forestation, qui ne parviennent pas \u00e0 g\u00e9rer efficacement les \u00e9missions de carbone, qui s&rsquo;engagent dans l&rsquo;exploitation mini\u00e8re, qui ne parviennent pas \u00e0 g\u00e9rer efficacement les d\u00e9chets, ou qui g\u00e9n\u00e8rent une pollution atmosph\u00e9rique importante ou d&rsquo;autres risques environnementaux, dont Adasina a d\u00e9termin\u00e9 qu&rsquo;ils avaient un impact disproportionn\u00e9 sur les communaut\u00e9s d\u00e9favoris\u00e9es et les personnes de couleur.  <\/p>\n<p><a href=\"https:\/\/adasina.com\/\" target=\"_blank\" rel=\"noopener\">Voir le site<\/a><\/p>\n<p><strong>Projet<\/strong><br \/>\u00c9laborer un ensemble de donn\u00e9es agroalimentaires respectueuses du climat \u00e0 l&rsquo;intention des investisseurs et donner un aper\u00e7u des pratiques n\u00e9fastes pour le climat dans le secteur.<\/p>\n<p><a href=\"https:\/\/adasina.com\/extractive-agriculture-investor-dataset\/\" target=\"_blank\" rel=\"noopener\">Produit du travail<\/a> \/ <a href=\"https:\/\/bridgejustice.org\/\">Bridgejustice.org<\/a><\/p>\n<p>[\/et_pb_cta][\/et_pb_column][et_pb_column type=\u00a0\u00bb1_6&Prime; _builder_version=\u00a0\u00bb4.20.0&Prime; _module_preset=\u00a0\u00bbdefault\u00a0\u00bb background_enable_color=\u00a0\u00bboff\u00a0\u00bb global_colors_info=\u00a0\u00bb{}\u00a0\u00bb][et_pb_image src=\u00a0\u00bbhttps:\/\/climatefinance.fund\/wp-content\/uploads\/2023\/04\/pcaflogo-omg-01.svg\u00a0\u00bb title_text=\u00a0\u00bbLogo-La_Nef_2021&Prime; url_new_window=\u00a0\u00bbon\u00a0\u00bb align=\u00a0\u00bbcenter\u00a0\u00bb _builder_version=\u00a0\u00bb4.20.4&Prime; _module_preset=\u00a0\u00bbdefault\u00a0\u00bb width=\u00a0\u00bb70%\u00a0\u00bb width_tablet=\u00a0\u00bb70%\u00a0\u00bb width_phone=\u00a0\u00bb40%\u00a0\u00bb width_last_edited=\u00a0\u00bbon|desktop\u00a0\u00bb module_alignment=\u00a0\u00bbcenter\u00a0\u00bb custom_margin=\u00a0\u00bb9px||||false|false\u00a0\u00bb filter_saturate=\u00a0\u00bb0%\u00a0\u00bb global_colors_info=\u00a0\u00bb{}\u00a0\u00bb filter_saturate__hover_enabled=\u00a0\u00bbon|hover\u00a0\u00bb filter_saturate__hover=\u00a0\u00bb100%\u00a0\u00bb][\/et_pb_image][et_pb_cta url_new_window=\u00a0\u00bbon\u00a0\u00bb module_class=\u00a0\u00bbtooltip\u00a0\u00bb _builder_version=\u00a0\u00bb4.20.4&Prime; _module_preset=\u00a0\u00bbdefault\u00a0\u00bb header_font=\u00a0\u00bb|600||on|||||\u00a0\u00bb header_text_color=\u00a0\u00bb#0D524D\u00a0\u00bb body_line_height=\u00a0\u00bb1.6em\u00a0\u00bb body_link_font=\u00a0\u00bb||||on||||\u00a0\u00bb background_color=\u00a0\u00bb#FFFFFF\u00a0\u00bb custom_button=\u00a0\u00bbon\u00a0\u00bb button_text_size=\u00a0\u00bb12px\u00a0\u00bb button_text_color=\u00a0\u00bb#FFFFFF\u00a0\u00bb button_bg_color=\u00a0\u00bb#053a58&Prime; button_border_width=\u00a0\u00bb0px\u00a0\u00bb button_border_radius=\u00a0\u00bb50px\u00a0\u00bb button_font=\u00a0\u00bb|700||on|||||\u00a0\u00bb button_use_icon=\u00a0\u00bboff\u00a0\u00bb button_alignment=\u00a0\u00bbleft\u00a0\u00bb button_custom_padding=\u00a0\u00bb7px|20px|7px|20px|true|true\u00a0\u00bb z_index=\u00a0\u00bb500&Prime; text_orientation=\u00a0\u00bbleft\u00a0\u00bb background_layout=\u00a0\u00bblight\u00a0\u00bb overflow-x=\u00a0\u00bbvisible\u00a0\u00bb overflow-y=\u00a0\u00bbvisible\u00a0\u00bb custom_padding=\u00a0\u00bb30px|25px|10px|25px|false|true\u00a0\u00bb custom_css_before=\u00a0\u00bbcontent:&rsquo;  &lsquo;;||position:absolute;||left:50%;||top:-10px;||margin-left:-10px;||width:20px;||height:20px;||transform:rotate(45deg);||background:white;\u00a0\u00bb border_radii=\u00a0\u00bbon|20px|20px|20px|20px\u00a0\u00bb box_shadow_style=\u00a0\u00bbpreset1&Prime; box_shadow_vertical=\u00a0\u00bb0px\u00a0\u00bb box_shadow_blur=\u00a0\u00bb54px\u00a0\u00bb box_shadow_color=\u00a0\u00bbrgba(0,0,0,0.1)\u00a0\u00bb global_colors_info=\u00a0\u00bb{}\u00a0\u00bb button_bg_color__hover_enabled=\u00a0\u00bbon|hover\u00a0\u00bb button_bg_color__hover=\u00a0\u00bb#f6a13e\u00a0\u00bb button_bg_enable_color__hover=\u00a0\u00bbon\u00a0\u00bb]<\/p>\n<p><strong>PCAF<\/strong> est un partenariat mondial d&rsquo;institutions financi\u00e8res qui travaillent ensemble pour d\u00e9velopper et mettre en \u0153uvre une approche harmonis\u00e9e afin d&rsquo;\u00e9valuer et de divulguer les \u00e9missions de gaz \u00e0 effet de serre (GES) associ\u00e9es \u00e0 leurs pr\u00eats et \u00e0 leurs investissements.<\/p>\n<p><a href=\"https:\/\/carbonaccountingfinancials.com\/\" target=\"_blank\" rel=\"noopener\">Voir le site<\/a><\/p>\n<p><strong>Projet<\/strong><br \/>\u00c9tendre g\u00e9ographiquement le Partnership for Carbon Accounting Financials et d\u00e9velopper des m\u00e9thodologies pour un plus grand nombre de classes d&rsquo;actifs financiers.<\/p>\n<p><a href=\"https:\/\/www.youtube.com\/watch?v=s2NvmKn3HQg\" target=\"_blank\" rel=\"noopener\">Voir la vid\u00e9o<\/a><\/p>\n<p>&nbsp;<\/p>\n<p>[\/et_pb_cta][\/et_pb_column][et_pb_column type=\u00a0\u00bb1_6&Prime; _builder_version=\u00a0\u00bb4.20.0&Prime; _module_preset=\u00a0\u00bbdefault\u00a0\u00bb background_enable_color=\u00a0\u00bboff\u00a0\u00bb global_colors_info=\u00a0\u00bb{}\u00a0\u00bb][et_pb_image src=\u00a0\u00bbhttps:\/\/climatefinance.fund\/wp-content\/uploads\/2023\/04\/optus.svg\u00a0\u00bb title_text=\u00a0\u00bbLogo-La_Nef_2021&Prime; url_new_window=\u00a0\u00bbon\u00a0\u00bb align=\u00a0\u00bbcenter\u00a0\u00bb _builder_version=\u00a0\u00bb4.20.4&Prime; _module_preset=\u00a0\u00bbdefault\u00a0\u00bb width=\u00a0\u00bb70%\u00a0\u00bb width_tablet=\u00a0\u00bb70%\u00a0\u00bb width_phone=\u00a0\u00bb40%\u00a0\u00bb width_last_edited=\u00a0\u00bbon|desktop\u00a0\u00bb module_alignment=\u00a0\u00bbcenter\u00a0\u00bb custom_margin=\u00a0\u00bb0px||20px||false|false\u00a0\u00bb filter_saturate=\u00a0\u00bb0%\u00a0\u00bb global_colors_info=\u00a0\u00bb{}\u00a0\u00bb filter_saturate__hover_enabled=\u00a0\u00bbon|hover\u00a0\u00bb filter_saturate__hover=\u00a0\u00bb100%\u00a0\u00bb][\/et_pb_image][et_pb_cta url_new_window=\u00a0\u00bbon\u00a0\u00bb module_class=\u00a0\u00bbtooltip\u00a0\u00bb _builder_version=\u00a0\u00bb4.20.4&Prime; _module_preset=\u00a0\u00bbdefault\u00a0\u00bb header_font=\u00a0\u00bb|600||on|||||\u00a0\u00bb header_text_color=\u00a0\u00bb#0D524D\u00a0\u00bb body_line_height=\u00a0\u00bb1.6em\u00a0\u00bb body_link_font=\u00a0\u00bb||||on||||\u00a0\u00bb background_color=\u00a0\u00bb#FFFFFF\u00a0\u00bb custom_button=\u00a0\u00bbon\u00a0\u00bb button_text_size=\u00a0\u00bb12px\u00a0\u00bb button_text_color=\u00a0\u00bb#FFFFFF\u00a0\u00bb button_bg_color=\u00a0\u00bb#053a58&Prime; button_border_width=\u00a0\u00bb0px\u00a0\u00bb button_border_radius=\u00a0\u00bb50px\u00a0\u00bb button_font=\u00a0\u00bb|700||on|||||\u00a0\u00bb button_use_icon=\u00a0\u00bboff\u00a0\u00bb button_alignment=\u00a0\u00bbleft\u00a0\u00bb button_custom_padding=\u00a0\u00bb7px|20px|7px|20px|true|true\u00a0\u00bb z_index=\u00a0\u00bb500&Prime; text_orientation=\u00a0\u00bbleft\u00a0\u00bb background_layout=\u00a0\u00bblight\u00a0\u00bb overflow-x=\u00a0\u00bbvisible\u00a0\u00bb overflow-y=\u00a0\u00bbvisible\u00a0\u00bb custom_padding=\u00a0\u00bb30px|25px|10px|25px|false|true\u00a0\u00bb custom_css_before=\u00a0\u00bbcontent:&rsquo;  &lsquo;;||position:absolute;||left:50%;||top:-10px;||margin-left:-10px;||width:20px;||height:20px;||transform:rotate(45deg);||background:white;\u00a0\u00bb border_radii=\u00a0\u00bbon|20px|20px|20px|20px\u00a0\u00bb box_shadow_style=\u00a0\u00bbpreset1&Prime; box_shadow_vertical=\u00a0\u00bb0px\u00a0\u00bb box_shadow_blur=\u00a0\u00bb54px\u00a0\u00bb box_shadow_color=\u00a0\u00bbrgba(0,0,0,0.1)\u00a0\u00bb global_colors_info=\u00a0\u00bb{}\u00a0\u00bb button_bg_color__hover_enabled=\u00a0\u00bbon|hover\u00a0\u00bb button_bg_color__hover=\u00a0\u00bb#f6a13e\u00a0\u00bb button_bg_enable_color__hover=\u00a0\u00bbon\u00a0\u00bb]<\/p>\n<p><strong>Optus Bank<\/strong> est une institution de d\u00e9p\u00f4t d\u00e9sign\u00e9e par le gouvernement f\u00e9d\u00e9ral pour les minorit\u00e9s et une institution financi\u00e8re de d\u00e9veloppement communautaire certifi\u00e9e par le Tr\u00e9sor am\u00e9ricain. Elle s&rsquo;engage \u00e0 aider toutes les personnes \u00e0 se constituer un patrimoine et \u00e0 am\u00e9liorer leur vie, quelles que soient leurs origines ou leur situation. <\/p>\n<p><a href=\"https:\/\/optus.bank\/\" target=\"_blank\" rel=\"noopener\">Voir le site<\/a><\/p>\n<p><strong>Projet<\/strong><br \/>\u00c9laborer un ensemble de donn\u00e9es agroalimentaires respectueuses du climat \u00e0 l&rsquo;intention des investisseurs et donner un aper\u00e7u des pratiques climatiques n\u00e9fastes dans le secteur.<\/p>\n<p>&nbsp;<\/p>\n<p>[\/et_pb_cta][\/et_pb_column][et_pb_column type=\u00a0\u00bb1_6&Prime; _builder_version=\u00a0\u00bb4.20.0&Prime; _module_preset=\u00a0\u00bbdefault\u00a0\u00bb background_enable_color=\u00a0\u00bboff\u00a0\u00bb global_colors_info=\u00a0\u00bb{}\u00a0\u00bb][et_pb_image src=\u00a0\u00bbhttps:\/\/climatefinance.fund\/wp-content\/uploads\/2023\/04\/bank-for-good-logo.png\u00a0\u00bb title_text=\u00a0\u00bbLogo-La_Nef_2021&Prime; url_new_window=\u00a0\u00bbon\u00a0\u00bb align=\u00a0\u00bbcenter\u00a0\u00bb _builder_version=\u00a0\u00bb4.20.4&Prime; _module_preset=\u00a0\u00bbdefault\u00a0\u00bb width=\u00a0\u00bb70%\u00a0\u00bb width_tablet=\u00a0\u00bb70%\u00a0\u00bb width_phone=\u00a0\u00bb40%\u00a0\u00bb width_last_edited=\u00a0\u00bbon|desktop\u00a0\u00bb module_alignment=\u00a0\u00bbcenter\u00a0\u00bb filter_saturate=\u00a0\u00bb0%\u00a0\u00bb filter_invert=\u00a0\u00bb100%\u00a0\u00bb filter_invert_last_edited=\u00a0\u00bboff|desktop\u00a0\u00bb global_colors_info=\u00a0\u00bb{}\u00a0\u00bb filter_saturate__hover_enabled=\u00a0\u00bbon|hover\u00a0\u00bb filter_saturate__hover=\u00a0\u00bb100%\u00a0\u00bb filter_invert__hover_enabled=\u00a0\u00bbon|hover\u00a0\u00bb filter_invert__hover=\u00a0\u00bb0%\u00a0\u00bb][\/et_pb_image][et_pb_cta url_new_window=\u00a0\u00bbon\u00a0\u00bb module_class=\u00a0\u00bbtooltip\u00a0\u00bb _builder_version=\u00a0\u00bb4.20.4&Prime; _module_preset=\u00a0\u00bbdefault\u00a0\u00bb header_font=\u00a0\u00bb|600||on|||||\u00a0\u00bb header_text_color=\u00a0\u00bb#0D524D\u00a0\u00bb body_line_height=\u00a0\u00bb1.6em\u00a0\u00bb body_link_font=\u00a0\u00bb||||on||||\u00a0\u00bb background_color=\u00a0\u00bb#FFFFFF\u00a0\u00bb custom_button=\u00a0\u00bbon\u00a0\u00bb button_text_size=\u00a0\u00bb12px\u00a0\u00bb button_text_color=\u00a0\u00bb#FFFFFF\u00a0\u00bb button_bg_color=\u00a0\u00bb#053a58&Prime; button_border_width=\u00a0\u00bb0px\u00a0\u00bb button_border_radius=\u00a0\u00bb50px\u00a0\u00bb button_font=\u00a0\u00bb|700||on|||||\u00a0\u00bb button_use_icon=\u00a0\u00bboff\u00a0\u00bb button_alignment=\u00a0\u00bbleft\u00a0\u00bb button_custom_padding=\u00a0\u00bb7px|20px|7px|20px|true|true\u00a0\u00bb z_index=\u00a0\u00bb500&Prime; text_orientation=\u00a0\u00bbleft\u00a0\u00bb background_layout=\u00a0\u00bblight\u00a0\u00bb overflow-x=\u00a0\u00bbvisible\u00a0\u00bb overflow-y=\u00a0\u00bbvisible\u00a0\u00bb custom_padding=\u00a0\u00bb30px|25px|10px|25px|false|true\u00a0\u00bb custom_css_before=\u00a0\u00bbcontent:&rsquo;  &lsquo;;||position:absolute;||left:50%;||top:-10px;||margin-left:-10px;||width:20px;||height:20px;||transform:rotate(45deg);||background:white;\u00a0\u00bb border_radii=\u00a0\u00bbon|20px|20px|20px|20px\u00a0\u00bb box_shadow_style=\u00a0\u00bbpreset1&Prime; box_shadow_vertical=\u00a0\u00bb0px\u00a0\u00bb box_shadow_blur=\u00a0\u00bb54px\u00a0\u00bb box_shadow_color=\u00a0\u00bbrgba(0,0,0,0.1)\u00a0\u00bb global_colors_info=\u00a0\u00bb{}\u00a0\u00bb button_bg_color__hover_enabled=\u00a0\u00bbon|hover\u00a0\u00bb button_bg_color__hover=\u00a0\u00bb#f6a13e\u00a0\u00bb button_bg_enable_color__hover=\u00a0\u00bbon\u00a0\u00bb]<\/p>\n<p><strong>Bank for Good<\/strong> est n\u00e9e d&rsquo;une coalition d&rsquo;organisations qui se sont r\u00e9unies pour promouvoir un syst\u00e8me financier qui permette aux gens d&rsquo;aligner facilement leurs valeurs sur leurs d\u00e9cisions financi\u00e8res. BankForGood savait qu&rsquo;il existait d&rsquo;excellentes banques, coop\u00e9ratives de cr\u00e9dit et autres institutions financi\u00e8res engag\u00e9es en faveur d&rsquo;un avenir sans \u00e9nergie fossile et souhaitait faciliter leur recherche et leur adh\u00e9sion au mouvement. <\/p>\n<p><a href=\"https:\/\/bankforgood.org\/\" target=\"_blank\" rel=\"noopener\">Voir le site<\/a><\/p>\n<p><strong>Projet<\/strong><br \/>Lancer la plateforme et la campagne \u00ab\u00a0Bank For Good\u00a0\u00bb.<\/p>\n<p><a href=\"https:\/\/www.youtube.com\/watch?v=5poUGkNiuLo\" target=\"_blank\" rel=\"noopener\">Voir la vid\u00e9o<\/a><\/p>\n<p>&nbsp;<\/p>\n<p>[\/et_pb_cta][\/et_pb_column][et_pb_column type=\u00a0\u00bb1_6&Prime; _builder_version=\u00a0\u00bb4.20.0&Prime; _module_preset=\u00a0\u00bbdefault\u00a0\u00bb background_enable_color=\u00a0\u00bboff\u00a0\u00bb global_colors_info=\u00a0\u00bb{}\u00a0\u00bb][et_pb_image src=\u00a0\u00bbhttps:\/\/climatefinance.fund\/wp-content\/uploads\/2023\/04\/BusinessClimate-Finance.webp\u00a0\u00bb title_text=\u00a0\u00bbLogo-La_Nef_2021&Prime; url_new_window=\u00a0\u00bbon\u00a0\u00bb align=\u00a0\u00bbcenter\u00a0\u00bb _builder_version=\u00a0\u00bb4.20.4&Prime; _module_preset=\u00a0\u00bbdefault\u00a0\u00bb width=\u00a0\u00bb70%\u00a0\u00bb width_tablet=\u00a0\u00bb70%\u00a0\u00bb width_phone=\u00a0\u00bb40%\u00a0\u00bb width_last_edited=\u00a0\u00bbon|desktop\u00a0\u00bb module_alignment=\u00a0\u00bbcenter\u00a0\u00bb filter_saturate=\u00a0\u00bb0%\u00a0\u00bb global_colors_info=\u00a0\u00bb{}\u00a0\u00bb filter_saturate__hover_enabled=\u00a0\u00bbon|hover\u00a0\u00bb filter_saturate__hover=\u00a0\u00bb100%\u00a0\u00bb][\/et_pb_image][et_pb_cta url_new_window=\u00a0\u00bbon\u00a0\u00bb module_class=\u00a0\u00bbtooltip\u00a0\u00bb _builder_version=\u00a0\u00bb4.20.4&Prime; _module_preset=\u00a0\u00bbdefault\u00a0\u00bb header_font=\u00a0\u00bb|600||on|||||\u00a0\u00bb header_text_color=\u00a0\u00bb#0D524D\u00a0\u00bb body_line_height=\u00a0\u00bb1.6em\u00a0\u00bb body_link_font=\u00a0\u00bb||||on||||\u00a0\u00bb background_color=\u00a0\u00bb#FFFFFF\u00a0\u00bb custom_button=\u00a0\u00bbon\u00a0\u00bb button_text_size=\u00a0\u00bb12px\u00a0\u00bb button_text_color=\u00a0\u00bb#FFFFFF\u00a0\u00bb button_bg_color=\u00a0\u00bb#053a58&Prime; button_border_width=\u00a0\u00bb0px\u00a0\u00bb button_border_radius=\u00a0\u00bb50px\u00a0\u00bb button_font=\u00a0\u00bb|700||on|||||\u00a0\u00bb button_use_icon=\u00a0\u00bboff\u00a0\u00bb button_alignment=\u00a0\u00bbleft\u00a0\u00bb button_custom_padding=\u00a0\u00bb7px|20px|7px|20px|true|true\u00a0\u00bb z_index=\u00a0\u00bb500&Prime; text_orientation=\u00a0\u00bbleft\u00a0\u00bb background_layout=\u00a0\u00bblight\u00a0\u00bb overflow-x=\u00a0\u00bbvisible\u00a0\u00bb overflow-y=\u00a0\u00bbvisible\u00a0\u00bb custom_padding=\u00a0\u00bb30px|25px|10px|25px|false|true\u00a0\u00bb custom_css_before=\u00a0\u00bbcontent:&rsquo;  &lsquo;;||position:absolute;||left:50%;||top:-10px;||margin-left:-10px;||width:20px;||height:20px;||transform:rotate(45deg);||background:white;\u00a0\u00bb border_radii=\u00a0\u00bbon|20px|20px|20px|20px\u00a0\u00bb box_shadow_style=\u00a0\u00bbpreset1&Prime; box_shadow_vertical=\u00a0\u00bb0px\u00a0\u00bb box_shadow_blur=\u00a0\u00bb54px\u00a0\u00bb box_shadow_color=\u00a0\u00bbrgba(0,0,0,0.1)\u00a0\u00bb global_colors_info=\u00a0\u00bb{}\u00a0\u00bb button_bg_color__hover_enabled=\u00a0\u00bbon|hover\u00a0\u00bb button_bg_color__hover=\u00a0\u00bb#f6a13e\u00a0\u00bb button_bg_enable_color__hover=\u00a0\u00bbon\u00a0\u00bb]<\/p>\n<p><strong>Business for Climate Finance<\/strong><br \/>L&rsquo;Impact Experience Institute s&rsquo;attache \u00e0 jeter des ponts entre les gens pour catalyser la collaboration et l&rsquo;investissement.<\/p>\n<p><a href=\"https:\/\/www.businessclimatefinance.org\/\" target=\"_blank\" rel=\"noopener\">Voir le site<\/a><\/p>\n<p><strong>Projet<\/strong><br \/><span style=\"color: #333333;\"><span style=\"color: #053a58;\">Assurer le secr\u00e9tariat de Business Climate Finance, une initiative qui vise \u00e0 d\u00e9carboniser les comptes bancaires des entreprises et les plans de retraite des employ\u00e9s en utilisant une optique de justice, d&rsquo;\u00e9quit\u00e9, de diversit\u00e9 et d&rsquo;inclusion (JEDI) pour faire progresser l&rsquo;\u00e9quit\u00e9 raciale parall\u00e8lement aux initiatives de durabilit\u00e9, en commen\u00e7ant par un groupe d&rsquo;entreprises am\u00e9ricaines de premier plan.<\/span><br \/><\/span><\/p>\n<p>[\/et_pb_cta][\/et_pb_column][\/et_pb_row][et_pb_row column_structure=\u00a0\u00bb1_6,1_6,1_6,1_6,1_6,1_6&Prime; use_custom_gutter=\u00a0\u00bbon\u00a0\u00bb gutter_width=\u00a0\u00bb2&Prime; make_equal=\u00a0\u00bbon\u00a0\u00bb module_class=\u00a0\u00bblogos\u00a0\u00bb _builder_version=\u00a0\u00bb4.20.4&Prime; _module_preset=\u00a0\u00bbdefault\u00a0\u00bb z_index=\u00a0\u00bb200&Prime; max_width=\u00a0\u00bb100%\u00a0\u00bb custom_padding=\u00a0\u00bb0px||2vh||false|false\u00a0\u00bb global_colors_info=\u00a0\u00bb{}\u00a0\u00bb][et_pb_column type=\u00a0\u00bb1_6&Prime; _builder_version=\u00a0\u00bb4.20.0&Prime; _module_preset=\u00a0\u00bbdefault\u00a0\u00bb background_enable_color=\u00a0\u00bboff\u00a0\u00bb global_colors_info=\u00a0\u00bb{}\u00a0\u00bb][et_pb_image src=\u00a0\u00bbhttps:\/\/climatefinance.fund\/wp-content\/uploads\/2023\/06\/CECU-Logo-PNG.png\u00a0\u00bb title_text=\u00a0\u00bbcleanenergycu-logo\u00a0\u00bb url_new_window=\u00a0\u00bbon\u00a0\u00bb align=\u00a0\u00bbcenter\u00a0\u00bb _builder_version=\u00a0\u00bb4.21.0&Prime; _module_preset=\u00a0\u00bbdefault\u00a0\u00bb width=\u00a0\u00bb70%\u00a0\u00bb width_tablet=\u00a0\u00bb70%\u00a0\u00bb width_phone=\u00a0\u00bb40%\u00a0\u00bb width_last_edited=\u00a0\u00bbon|desktop\u00a0\u00bb module_alignment=\u00a0\u00bbcenter\u00a0\u00bb filter_saturate=\u00a0\u00bb0%\u00a0\u00bb global_colors_info=\u00a0\u00bb{}\u00a0\u00bb filter_saturate__hover_enabled=\u00a0\u00bbon|hover\u00a0\u00bb filter_saturate__hover=\u00a0\u00bb100%\u00a0\u00bb][\/et_pb_image][et_pb_cta url_new_window=\u00a0\u00bbon\u00a0\u00bb module_class=\u00a0\u00bbtooltip\u00a0\u00bb _builder_version=\u00a0\u00bb4.21.0&Prime; _module_preset=\u00a0\u00bbdefault\u00a0\u00bb header_font=\u00a0\u00bb|600||on|||||\u00a0\u00bb header_text_color=\u00a0\u00bb#0D524D\u00a0\u00bb body_line_height=\u00a0\u00bb1.6em\u00a0\u00bb body_link_font=\u00a0\u00bb||||on||||\u00a0\u00bb background_color=\u00a0\u00bb#FFFFFF\u00a0\u00bb custom_button=\u00a0\u00bbon\u00a0\u00bb button_text_size=\u00a0\u00bb12px\u00a0\u00bb button_text_color=\u00a0\u00bb#FFFFFF\u00a0\u00bb button_bg_color=\u00a0\u00bb#053a58&Prime; button_border_width=\u00a0\u00bb0px\u00a0\u00bb button_border_radius=\u00a0\u00bb50px\u00a0\u00bb button_font=\u00a0\u00bb|700||on|||||\u00a0\u00bb button_use_icon=\u00a0\u00bboff\u00a0\u00bb button_alignment=\u00a0\u00bbleft\u00a0\u00bb button_custom_padding=\u00a0\u00bb7px|20px|7px|20px|true|true\u00a0\u00bb z_index=\u00a0\u00bb500&Prime; text_orientation=\u00a0\u00bbleft\u00a0\u00bb background_layout=\u00a0\u00bblight\u00a0\u00bb overflow-x=\u00a0\u00bbvisible\u00a0\u00bb overflow-y=\u00a0\u00bbvisible\u00a0\u00bb custom_padding=\u00a0\u00bb30px|25px|10px|25px|false|true\u00a0\u00bb custom_css_before=\u00a0\u00bbcontent:&rsquo;  &lsquo;;||position:absolute;||left:50%;||top:-10px;||margin-left:-10px;||width:20px;||height:20px;||transform:rotate(45deg);||background:white;\u00a0\u00bb border_radii=\u00a0\u00bbon|20px|20px|20px|20px\u00a0\u00bb box_shadow_style=\u00a0\u00bbpreset1&Prime; box_shadow_vertical=\u00a0\u00bb0px\u00a0\u00bb box_shadow_blur=\u00a0\u00bb54px\u00a0\u00bb box_shadow_color=\u00a0\u00bbrgba(0,0,0,0.1)\u00a0\u00bb global_colors_info=\u00a0\u00bb{}\u00a0\u00bb button_bg_color__hover_enabled=\u00a0\u00bbon|hover\u00a0\u00bb button_bg_color__hover=\u00a0\u00bb#f6a13e\u00a0\u00bb button_bg_enable_color__hover=\u00a0\u00bbon\u00a0\u00bb]<\/p>\n<p><strong>Clean Energy Credit Union<\/strong>&lsquo;s  <span lang=\"EN-US\">a pour mission de promouvoir les \u00e9nergies propres, la gestion de l&rsquo;environnement et les entreprises coop\u00e9ratives par le biais des services financiers qu&rsquo;elle fournit \u00e0 ses membres. Ces services comprennent une large gamme d&rsquo;options bancaires respectueuses du climat, telles que des comptes ch\u00e8ques et des comptes d&rsquo;\u00e9pargne, ainsi que des pr\u00eats abordables pour des produits et services li\u00e9s \u00e0 l&rsquo;\u00e9nergie propre et aux \u00e9conomies d&rsquo;\u00e9nergie.<\/span><\/p>\n<p><a href=\"https:\/\/www.cleanenergycu.org\/\" target=\"_blank\" rel=\"noopener\">Voir le site<\/a><\/p>\n<p><strong>Projet<\/strong><br \/>Accro\u00eetre la capacit\u00e9 de pr\u00eat pour les \u00e9nergies propres.<\/p>\n<p><a href=\"https:\/\/www.youtube.com\/watch?v=_4IJ8MaGvpA\" target=\"_blank\" rel=\"noopener\">Voir la vid\u00e9o<\/a><\/p>\n<p>[\/et_pb_cta][\/et_pb_column][et_pb_column type=\u00a0\u00bb1_6&Prime; _builder_version=\u00a0\u00bb4.20.0&Prime; _module_preset=\u00a0\u00bbdefault\u00a0\u00bb background_enable_color=\u00a0\u00bboff\u00a0\u00bb global_colors_info=\u00a0\u00bb{}\u00a0\u00bb][et_pb_image src=\u00a0\u00bbhttps:\/\/climatefinance.fund\/wp-content\/uploads\/2023\/04\/inclusiv.png\u00a0\u00bb title_text=\u00a0\u00bbcleanenergycu-logo\u00a0\u00bb url_new_window=\u00a0\u00bbon\u00a0\u00bb align=\u00a0\u00bbcenter\u00a0\u00bb _builder_version=\u00a0\u00bb4.20.4&Prime; _module_preset=\u00a0\u00bbdefault\u00a0\u00bb width=\u00a0\u00bb70%\u00a0\u00bb width_tablet=\u00a0\u00bb70%\u00a0\u00bb width_phone=\u00a0\u00bb40%\u00a0\u00bb width_last_edited=\u00a0\u00bbon|desktop\u00a0\u00bb module_alignment=\u00a0\u00bbcenter\u00a0\u00bb filter_saturate=\u00a0\u00bb0%\u00a0\u00bb global_colors_info=\u00a0\u00bb{}\u00a0\u00bb filter_saturate__hover_enabled=\u00a0\u00bbon|hover\u00a0\u00bb filter_saturate__hover=\u00a0\u00bb100%\u00a0\u00bb][\/et_pb_image][et_pb_cta url_new_window=\u00a0\u00bbon\u00a0\u00bb module_class=\u00a0\u00bbtooltip\u00a0\u00bb _builder_version=\u00a0\u00bb4.21.0&Prime; _module_preset=\u00a0\u00bbdefault\u00a0\u00bb header_font=\u00a0\u00bb|600||on|||||\u00a0\u00bb header_text_color=\u00a0\u00bb#0D524D\u00a0\u00bb body_line_height=\u00a0\u00bb1.6em\u00a0\u00bb body_link_font=\u00a0\u00bb||||on||||\u00a0\u00bb background_color=\u00a0\u00bb#FFFFFF\u00a0\u00bb custom_button=\u00a0\u00bbon\u00a0\u00bb button_text_size=\u00a0\u00bb12px\u00a0\u00bb button_text_color=\u00a0\u00bb#FFFFFF\u00a0\u00bb button_bg_color=\u00a0\u00bb#053a58&Prime; button_border_width=\u00a0\u00bb0px\u00a0\u00bb button_border_radius=\u00a0\u00bb50px\u00a0\u00bb button_font=\u00a0\u00bb|700||on|||||\u00a0\u00bb button_use_icon=\u00a0\u00bboff\u00a0\u00bb button_alignment=\u00a0\u00bbleft\u00a0\u00bb button_custom_padding=\u00a0\u00bb7px|20px|7px|20px|true|true\u00a0\u00bb z_index=\u00a0\u00bb500&Prime; text_orientation=\u00a0\u00bbleft\u00a0\u00bb background_layout=\u00a0\u00bblight\u00a0\u00bb overflow-x=\u00a0\u00bbvisible\u00a0\u00bb overflow-y=\u00a0\u00bbvisible\u00a0\u00bb custom_padding=\u00a0\u00bb30px|25px|10px|25px|false|true\u00a0\u00bb custom_css_before=\u00a0\u00bbcontent:&rsquo;  &lsquo;;||position:absolute;||left:50%;||top:-10px;||margin-left:-10px;||width:20px;||height:20px;||transform:rotate(45deg);||background:white;\u00a0\u00bb border_radii=\u00a0\u00bbon|20px|20px|20px|20px\u00a0\u00bb box_shadow_style=\u00a0\u00bbpreset1&Prime; box_shadow_vertical=\u00a0\u00bb0px\u00a0\u00bb box_shadow_blur=\u00a0\u00bb54px\u00a0\u00bb box_shadow_color=\u00a0\u00bbrgba(0,0,0,0.1)\u00a0\u00bb global_colors_info=\u00a0\u00bb{}\u00a0\u00bb button_bg_color__hover_enabled=\u00a0\u00bbon|hover\u00a0\u00bb button_bg_color__hover=\u00a0\u00bb#f6a13e\u00a0\u00bb button_bg_enable_color__hover=\u00a0\u00bbon\u00a0\u00bb]<\/p>\n<p>La mission d&rsquo;<strong>Inclusiv<\/strong> est d&rsquo;aider les personnes et les communaut\u00e9s \u00e0 revenus faibles et mod\u00e9r\u00e9s \u00e0 atteindre l&rsquo;ind\u00e9pendance financi\u00e8re gr\u00e2ce aux coop\u00e9ratives de cr\u00e9dit. Inclusiv se consacre \u00e0 l&rsquo;autonomisation financi\u00e8re des communaut\u00e9s de couleur. <\/p>\n<p><a href=\"https:\/\/inclusiv.org\/\" target=\"_blank\" rel=\"noopener\">Voir le site<\/a><\/p>\n<p><strong>Projet<\/strong><br \/><span style=\"color: #053a58;\">La cr\u00e9ation d&rsquo;un r\u00e9seau de pr\u00e8s de 200 coop\u00e9ratives de cr\u00e9dit, institutions de d\u00e9p\u00f4t minoritaires, fonds de pr\u00eat CDFI et pr\u00eateurs d&rsquo;\u00e9nergie propre de banques communautaires, et l&rsquo;engagement des d\u00e9cideurs politiques \u00e9tatiques et f\u00e9d\u00e9raux pour soutenir l&rsquo;augmentation des capitaux et commencer \u00e0 concevoir un plan directeur pour un environnement politique et r\u00e9glementaire plus favorable et plus \u00e9quitable.<\/span><\/p>\n<p><a href=\"https:\/\/inclusiv.org\/initiatives\/center-for-resiliency-and-clean-energy\/\" target=\"_blank\" rel=\"noopener\">Produit du travail<\/a><\/p>\n<p>[\/et_pb_cta][\/et_pb_column][et_pb_column type=\u00a0\u00bb1_6&Prime; _builder_version=\u00a0\u00bb4.20.0&Prime; _module_preset=\u00a0\u00bbdefault\u00a0\u00bb background_enable_color=\u00a0\u00bboff\u00a0\u00bb global_colors_info=\u00a0\u00bb{}\u00a0\u00bb][et_pb_image src=\u00a0\u00bbhttps:\/\/climatefinance.fund\/wp-content\/uploads\/2023\/05\/NEX_LOGO_Final_Full_Black-Orange.png\u00a0\u00bb title_text=\u00a0\u00bbNEX_LOGO_Final_Full_Black Orange\u00a0\u00bb url_new_window=\u00a0\u00bbon\u00a0\u00bb align=\u00a0\u00bbcenter\u00a0\u00bb _builder_version=\u00a0\u00bb4.21.0&Prime; _module_preset=\u00a0\u00bbdefault\u00a0\u00bb width=\u00a0\u00bb50%\u00a0\u00bb width_tablet=\u00a0\u00bb70%\u00a0\u00bb width_phone=\u00a0\u00bb40%\u00a0\u00bb width_last_edited=\u00a0\u00bbon|desktop\u00a0\u00bb module_alignment=\u00a0\u00bbcenter\u00a0\u00bb filter_saturate=\u00a0\u00bb0%\u00a0\u00bb global_colors_info=\u00a0\u00bb{}\u00a0\u00bb filter_saturate__hover_enabled=\u00a0\u00bbon|hover\u00a0\u00bb filter_saturate__hover=\u00a0\u00bb100%\u00a0\u00bb][\/et_pb_image][et_pb_cta url_new_window=\u00a0\u00bbon\u00a0\u00bb module_class=\u00a0\u00bbtooltip\u00a0\u00bb _builder_version=\u00a0\u00bb4.20.4&Prime; _module_preset=\u00a0\u00bbdefault\u00a0\u00bb header_font=\u00a0\u00bb|600||on|||||\u00a0\u00bb header_text_color=\u00a0\u00bb#0D524D\u00a0\u00bb body_line_height=\u00a0\u00bb1.6em\u00a0\u00bb body_link_font=\u00a0\u00bb||||on||||\u00a0\u00bb background_color=\u00a0\u00bb#FFFFFF\u00a0\u00bb custom_button=\u00a0\u00bbon\u00a0\u00bb button_text_size=\u00a0\u00bb12px\u00a0\u00bb button_text_color=\u00a0\u00bb#FFFFFF\u00a0\u00bb button_bg_color=\u00a0\u00bb#053a58&Prime; button_border_width=\u00a0\u00bb0px\u00a0\u00bb button_border_radius=\u00a0\u00bb50px\u00a0\u00bb button_font=\u00a0\u00bb|700||on|||||\u00a0\u00bb button_use_icon=\u00a0\u00bboff\u00a0\u00bb button_alignment=\u00a0\u00bbleft\u00a0\u00bb button_custom_padding=\u00a0\u00bb7px|20px|7px|20px|true|true\u00a0\u00bb z_index=\u00a0\u00bb500&Prime; text_orientation=\u00a0\u00bbleft\u00a0\u00bb background_layout=\u00a0\u00bblight\u00a0\u00bb overflow-x=\u00a0\u00bbvisible\u00a0\u00bb overflow-y=\u00a0\u00bbvisible\u00a0\u00bb custom_padding=\u00a0\u00bb30px|25px|10px|25px|false|true\u00a0\u00bb custom_css_before=\u00a0\u00bbcontent:&rsquo;  &lsquo;;||position:absolute;||left:50%;||top:-10px;||margin-left:-10px;||width:20px;||height:20px;||transform:rotate(45deg);||background:white;\u00a0\u00bb border_radii=\u00a0\u00bbon|20px|20px|20px|20px\u00a0\u00bb box_shadow_style=\u00a0\u00bbpreset1&Prime; box_shadow_vertical=\u00a0\u00bb0px\u00a0\u00bb box_shadow_blur=\u00a0\u00bb54px\u00a0\u00bb box_shadow_color=\u00a0\u00bbrgba(0,0,0,0.1)\u00a0\u00bb global_colors_info=\u00a0\u00bb{}\u00a0\u00bb button_bg_color__hover_enabled=\u00a0\u00bbon|hover\u00a0\u00bb button_bg_color__hover=\u00a0\u00bb#f6a13e\u00a0\u00bb button_bg_enable_color__hover=\u00a0\u00bbon\u00a0\u00bb]<\/p>\n<p><strong>New Energy Nexus<\/strong> Shanghai (NEX Shanghai) s&rsquo;efforce de soutenir la fintech climatique en Chine. Son objectif est de r\u00e9duire les \u00e9missions de gaz \u00e0 effet de serre gr\u00e2ce \u00e0 la mani\u00e8re dont les citoyens et les institutions effectuent des transactions, investissent, font du commerce et prennent des d\u00e9cisions financi\u00e8res en d\u00e9ployant des innovations fintech dans le domaine du climat. <\/p>\n<p><a href=\"https:\/\/www.newenergynexus.com\/\" target=\"_blank\" rel=\"noopener\">Voir le site<\/a><\/p>\n<p><strong>Projet<\/strong><br \/>Cartographier le paysage mondial des fintechs climatiques et soutenir les entreprises de fintechs climatiques en Chine.<\/p>\n<p><a href=\"https:\/\/www.climatefintech.cn\/\" target=\"_blank\" rel=\"noopener\">Produit du travail<\/a><\/p>\n<p>[\/et_pb_cta][\/et_pb_column][et_pb_column type=\u00a0\u00bb1_6&Prime; _builder_version=\u00a0\u00bb4.20.0&Prime; _module_preset=\u00a0\u00bbdefault\u00a0\u00bb background_enable_color=\u00a0\u00bboff\u00a0\u00bb global_colors_info=\u00a0\u00bb{}\u00a0\u00bb][et_pb_image src=\u00a0\u00bbhttps:\/\/climatefinance.fund\/wp-content\/uploads\/2023\/04\/nia-logo.svg\u00a0\u00bb title_text=\u00a0\u00bbcleanenergycu-logo\u00a0\u00bb url_new_window=\u00a0\u00bbon\u00a0\u00bb align=\u00a0\u00bbcenter\u00a0\u00bb _builder_version=\u00a0\u00bb4.21.0&Prime; _module_preset=\u00a0\u00bbdefault\u00a0\u00bb width=\u00a0\u00bb70%\u00a0\u00bb width_tablet=\u00a0\u00bb70%\u00a0\u00bb width_phone=\u00a0\u00bb40%\u00a0\u00bb width_last_edited=\u00a0\u00bbon|desktop\u00a0\u00bb module_alignment=\u00a0\u00bbcenter\u00a0\u00bb custom_margin=\u00a0\u00bb-16px||||false|false\u00a0\u00bb filter_saturate=\u00a0\u00bb0%\u00a0\u00bb global_colors_info=\u00a0\u00bb{}\u00a0\u00bb filter_saturate__hover_enabled=\u00a0\u00bbon|hover\u00a0\u00bb filter_saturate__hover=\u00a0\u00bb100%\u00a0\u00bb][\/et_pb_image][et_pb_cta url_new_window=\u00a0\u00bbon\u00a0\u00bb module_class=\u00a0\u00bbtooltip\u00a0\u00bb _builder_version=\u00a0\u00bb4.21.0&Prime; _module_preset=\u00a0\u00bbdefault\u00a0\u00bb header_font=\u00a0\u00bb|600||on|||||\u00a0\u00bb header_text_color=\u00a0\u00bb#0D524D\u00a0\u00bb body_line_height=\u00a0\u00bb1.6em\u00a0\u00bb body_link_font=\u00a0\u00bb||||on||||\u00a0\u00bb background_color=\u00a0\u00bb#FFFFFF\u00a0\u00bb custom_button=\u00a0\u00bbon\u00a0\u00bb button_text_size=\u00a0\u00bb12px\u00a0\u00bb button_text_color=\u00a0\u00bb#FFFFFF\u00a0\u00bb button_bg_color=\u00a0\u00bb#053a58&Prime; button_border_width=\u00a0\u00bb0px\u00a0\u00bb button_border_radius=\u00a0\u00bb50px\u00a0\u00bb button_font=\u00a0\u00bb|700||on|||||\u00a0\u00bb button_use_icon=\u00a0\u00bboff\u00a0\u00bb button_alignment=\u00a0\u00bbleft\u00a0\u00bb button_custom_padding=\u00a0\u00bb7px|20px|7px|20px|true|true\u00a0\u00bb z_index=\u00a0\u00bb500&Prime; text_orientation=\u00a0\u00bbleft\u00a0\u00bb background_layout=\u00a0\u00bblight\u00a0\u00bb overflow-x=\u00a0\u00bbvisible\u00a0\u00bb overflow-y=\u00a0\u00bbvisible\u00a0\u00bb custom_padding=\u00a0\u00bb30px|25px|10px|25px|false|true\u00a0\u00bb custom_css_before=\u00a0\u00bbcontent:&rsquo;  &lsquo;;||position:absolute;||left:50%;||top:-10px;||margin-left:-10px;||width:20px;||height:20px;||transform:rotate(45deg);||background:white;\u00a0\u00bb border_radii=\u00a0\u00bbon|20px|20px|20px|20px\u00a0\u00bb box_shadow_style=\u00a0\u00bbpreset1&Prime; box_shadow_vertical=\u00a0\u00bb0px\u00a0\u00bb box_shadow_blur=\u00a0\u00bb54px\u00a0\u00bb box_shadow_color=\u00a0\u00bbrgba(0,0,0,0.1)\u00a0\u00bb global_colors_info=\u00a0\u00bb{}\u00a0\u00bb button_bg_color__hover_enabled=\u00a0\u00bbon|hover\u00a0\u00bb button_bg_color__hover=\u00a0\u00bb#f6a13e\u00a0\u00bb button_bg_enable_color__hover=\u00a0\u00bbon\u00a0\u00bb]<\/p>\n<p><strong>Nia Global Solutions<\/strong> a \u00e9t\u00e9 lanc\u00e9e en 2013 pour introduire l&rsquo;activisme et l&rsquo;investissement d&rsquo;impact sur les march\u00e9s publics.<br \/>\nCe faisant, elle a d\u00e9velopp\u00e9 les six th\u00e8mes d&rsquo;investissement de Nia ax\u00e9s sur les solutions, en int\u00e9grant une perspective de genre dans la th\u00e8se d&rsquo;investissement. <\/p>\n<p><a href=\"https:\/\/niaimpactcapital.com\/\" target=\"_blank\" rel=\"noopener\">Voir le site<\/a><\/p>\n<p><strong>Projet<\/strong><br \/>Fournir des ressources aux \u00e9pargnants en vue d&rsquo;aligner les fonds de retraite sur un avenir sans danger pour le climat.<\/p>\n<p><a href=\"https:\/\/niaimpactcapital.com\/purposeful-investing\/purposeful-retirement\/\" target=\"_blank\" rel=\"noopener\">Produit du travail<\/a><\/p>\n<p>[\/et_pb_cta][\/et_pb_column][et_pb_column type=\u00a0\u00bb1_6&Prime; _builder_version=\u00a0\u00bb4.20.0&Prime; _module_preset=\u00a0\u00bbdefault\u00a0\u00bb background_enable_color=\u00a0\u00bboff\u00a0\u00bb global_colors_info=\u00a0\u00bb{}\u00a0\u00bb][et_pb_image src=\u00a0\u00bbhttps:\/\/climatefinance.fund\/wp-content\/uploads\/2023\/06\/SCA_nowhite-1-e1685700920408.png\u00a0\u00bb title_text=\u00a0\u00bbSCA_nowhite (1)\u00a0\u00bb url_new_window=\u00a0\u00bbon\u00a0\u00bb align=\u00a0\u00bbcenter\u00a0\u00bb _builder_version=\u00a0\u00bb4.21.0&Prime; _module_preset=\u00a0\u00bbdefault\u00a0\u00bb width=\u00a0\u00bb85%\u00a0\u00bb width_tablet=\u00a0\u00bb70%\u00a0\u00bb width_phone=\u00a0\u00bb40%\u00a0\u00bb width_last_edited=\u00a0\u00bbon|desktop\u00a0\u00bb module_alignment=\u00a0\u00bbcenter\u00a0\u00bb filter_saturate=\u00a0\u00bb0%\u00a0\u00bb global_colors_info=\u00a0\u00bb{}\u00a0\u00bb filter_saturate__hover_enabled=\u00a0\u00bbon|hover\u00a0\u00bb filter_saturate__hover=\u00a0\u00bb100%\u00a0\u00bb][\/et_pb_image][et_pb_cta url_new_window=\u00a0\u00bbon\u00a0\u00bb module_class=\u00a0\u00bbtooltip\u00a0\u00bb _builder_version=\u00a0\u00bb4.20.4&Prime; _module_preset=\u00a0\u00bbdefault\u00a0\u00bb header_font=\u00a0\u00bb|600||on|||||\u00a0\u00bb header_text_color=\u00a0\u00bb#0D524D\u00a0\u00bb body_line_height=\u00a0\u00bb1.6em\u00a0\u00bb body_link_font=\u00a0\u00bb||||on||||\u00a0\u00bb background_color=\u00a0\u00bb#FFFFFF\u00a0\u00bb custom_button=\u00a0\u00bbon\u00a0\u00bb button_text_size=\u00a0\u00bb12px\u00a0\u00bb button_text_color=\u00a0\u00bb#FFFFFF\u00a0\u00bb button_bg_color=\u00a0\u00bb#053a58&Prime; button_border_width=\u00a0\u00bb0px\u00a0\u00bb button_border_radius=\u00a0\u00bb50px\u00a0\u00bb button_font=\u00a0\u00bb|700||on|||||\u00a0\u00bb button_use_icon=\u00a0\u00bboff\u00a0\u00bb button_alignment=\u00a0\u00bbleft\u00a0\u00bb button_custom_padding=\u00a0\u00bb7px|20px|7px|20px|true|true\u00a0\u00bb z_index=\u00a0\u00bb500&Prime; text_orientation=\u00a0\u00bbleft\u00a0\u00bb background_layout=\u00a0\u00bblight\u00a0\u00bb overflow-x=\u00a0\u00bbvisible\u00a0\u00bb overflow-y=\u00a0\u00bbvisible\u00a0\u00bb custom_padding=\u00a0\u00bb30px|25px|10px|25px|false|true\u00a0\u00bb custom_css_before=\u00a0\u00bbcontent:&rsquo;  &lsquo;;||position:absolute;||left:50%;||top:-10px;||margin-left:-10px;||width:20px;||height:20px;||transform:rotate(45deg);||background:white;\u00a0\u00bb border_radii=\u00a0\u00bbon|20px|20px|20px|20px\u00a0\u00bb box_shadow_style=\u00a0\u00bbpreset1&Prime; box_shadow_vertical=\u00a0\u00bb0px\u00a0\u00bb box_shadow_blur=\u00a0\u00bb54px\u00a0\u00bb box_shadow_color=\u00a0\u00bbrgba(0,0,0,0.1)\u00a0\u00bb global_colors_info=\u00a0\u00bb{}\u00a0\u00bb button_bg_color__hover_enabled=\u00a0\u00bbon|hover\u00a0\u00bb button_bg_color__hover=\u00a0\u00bb#f6a13e\u00a0\u00bb button_bg_enable_color__hover=\u00a0\u00bbon\u00a0\u00bb]<\/p>\n<p><strong>Sustainable Capital Advisors<\/strong> est une soci\u00e9t\u00e9 de conseil en mati\u00e8re de finance, de recherche et de politique qui dispose d&rsquo;une vaste exp\u00e9rience dans la mise en \u0153uvre de solutions innovantes et inclusives en mati\u00e8re de capital dans l&rsquo;\u00e9cosyst\u00e8me de l&rsquo;infrastructure durable.<\/p>\n<p><a href=\"https:\/\/sustainablecap.com\/\" target=\"_blank\" rel=\"noopener\">Voir le site<\/a><\/p>\n<p><strong>Projet<\/strong><br \/>Lancement de la base de donn\u00e9es AskSustainable sur les produits bancaires et d&rsquo;investissement respectueux du climat disponibles pour les investisseurs de d\u00e9tail.<\/p>\n<p><a href=\"https:\/\/www.asksustainable.com\/\" target=\"_blank\" rel=\"noopener\">Produit du travail<\/a><\/p>\n<p>[\/et_pb_cta][\/et_pb_column][et_pb_column type=\u00a0\u00bb1_6&Prime; _builder_version=\u00a0\u00bb4.20.0&Prime; _module_preset=\u00a0\u00bbdefault\u00a0\u00bb background_enable_color=\u00a0\u00bboff\u00a0\u00bb global_colors_info=\u00a0\u00bb{}\u00a0\u00bb][et_pb_image src=\u00a0\u00bbhttps:\/\/climatefinance.fund\/wp-content\/uploads\/2023\/04\/vci-logo-white.png\u00a0\u00bb title_text=\u00a0\u00bbcleanenergycu-logo\u00a0\u00bb url_new_window=\u00a0\u00bbon\u00a0\u00bb align=\u00a0\u00bbcenter\u00a0\u00bb _builder_version=\u00a0\u00bb4.20.4&Prime; _module_preset=\u00a0\u00bbdefault\u00a0\u00bb width=\u00a0\u00bb70%\u00a0\u00bb width_tablet=\u00a0\u00bb70%\u00a0\u00bb width_phone=\u00a0\u00bb40%\u00a0\u00bb width_last_edited=\u00a0\u00bbon|desktop\u00a0\u00bb module_alignment=\u00a0\u00bbcenter\u00a0\u00bb filter_saturate=\u00a0\u00bb0%\u00a0\u00bb global_colors_info=\u00a0\u00bb{}\u00a0\u00bb filter_saturate__hover_enabled=\u00a0\u00bbon|hover\u00a0\u00bb filter_saturate__hover=\u00a0\u00bb100%\u00a0\u00bb][\/et_pb_image][et_pb_cta url_new_window=\u00a0\u00bbon\u00a0\u00bb module_class=\u00a0\u00bbtooltip\u00a0\u00bb _builder_version=\u00a0\u00bb4.20.4&Prime; _module_preset=\u00a0\u00bbdefault\u00a0\u00bb header_font=\u00a0\u00bb|600||on|||||\u00a0\u00bb header_text_color=\u00a0\u00bb#0D524D\u00a0\u00bb body_line_height=\u00a0\u00bb1.6em\u00a0\u00bb body_link_font=\u00a0\u00bb||||on||||\u00a0\u00bb background_color=\u00a0\u00bb#FFFFFF\u00a0\u00bb custom_button=\u00a0\u00bbon\u00a0\u00bb button_text_size=\u00a0\u00bb12px\u00a0\u00bb button_text_color=\u00a0\u00bb#FFFFFF\u00a0\u00bb button_bg_color=\u00a0\u00bb#053a58&Prime; button_border_width=\u00a0\u00bb0px\u00a0\u00bb button_border_radius=\u00a0\u00bb50px\u00a0\u00bb button_font=\u00a0\u00bb|700||on|||||\u00a0\u00bb button_use_icon=\u00a0\u00bboff\u00a0\u00bb button_alignment=\u00a0\u00bbleft\u00a0\u00bb button_custom_padding=\u00a0\u00bb7px|20px|7px|20px|true|true\u00a0\u00bb z_index=\u00a0\u00bb500&Prime; text_orientation=\u00a0\u00bbleft\u00a0\u00bb background_layout=\u00a0\u00bblight\u00a0\u00bb overflow-x=\u00a0\u00bbvisible\u00a0\u00bb overflow-y=\u00a0\u00bbvisible\u00a0\u00bb custom_padding=\u00a0\u00bb30px|25px|10px|25px|false|true\u00a0\u00bb custom_css_before=\u00a0\u00bbcontent:&rsquo;  &lsquo;;||position:absolute;||left:50%;||top:-10px;||margin-left:-10px;||width:20px;||height:20px;||transform:rotate(45deg);||background:white;\u00a0\u00bb border_radii=\u00a0\u00bbon|20px|20px|20px|20px\u00a0\u00bb box_shadow_style=\u00a0\u00bbpreset1&Prime; box_shadow_vertical=\u00a0\u00bb0px\u00a0\u00bb box_shadow_blur=\u00a0\u00bb54px\u00a0\u00bb box_shadow_color=\u00a0\u00bbrgba(0,0,0,0.1)\u00a0\u00bb global_colors_info=\u00a0\u00bb{}\u00a0\u00bb button_bg_color__hover_enabled=\u00a0\u00bbon|hover\u00a0\u00bb button_bg_color__hover=\u00a0\u00bb#f6a13e\u00a0\u00bb button_bg_enable_color__hover=\u00a0\u00bbon\u00a0\u00bb]<\/p>\n<p>La plateforme <strong>VC Include<\/strong> a \u00e9t\u00e9 cr\u00e9\u00e9e en 2018 pour acc\u00e9l\u00e9rer les investissements dans les gestionnaires \u00e9mergents historiquement sous-repr\u00e9sent\u00e9s &#8211; femmes, Noirs, Latinx, indig\u00e8nes et LGBTQ &#8211; afin de stimuler la croissance \u00e9conomique gr\u00e2ce au pouvoir de la diversit\u00e9.<\/p>\n<p><a href=\"https:\/\/www.vcinclude.com\/\" target=\"_blank\" rel=\"noopener\">Voir le site<\/a><\/p>\n<p><strong>Projet<\/strong><br \/>D\u00e9montrer que les fonds climatiques dirig\u00e9s par des acteurs diversifi\u00e9s ont des effets b\u00e9n\u00e9fiques concrets sur le climat et sur les communaut\u00e9s mal d\u00e9favoris\u00e9es.<\/p>\n<p><a href=\"https:\/\/www.vcinclude.com\/climate-justice-initiative\" target=\"_blank\" rel=\"noopener\">Produit du travail<\/a><\/p>\n<p>[\/et_pb_cta][\/et_pb_column][\/et_pb_row][et_pb_row column_structure=\u00a0\u00bb1_6,1_6,1_6,1_6,1_6,1_6&Prime; use_custom_gutter=\u00a0\u00bbon\u00a0\u00bb gutter_width=\u00a0\u00bb2&Prime; make_equal=\u00a0\u00bbon\u00a0\u00bb module_class=\u00a0\u00bblogos\u00a0\u00bb _builder_version=\u00a0\u00bb4.21.0&Prime; _module_preset=\u00a0\u00bbdefault\u00a0\u00bb z_index=\u00a0\u00bb150&Prime; max_width=\u00a0\u00bb100%\u00a0\u00bb custom_padding=\u00a0\u00bb0px||2vh||false|false\u00a0\u00bb global_colors_info=\u00a0\u00bb{}\u00a0\u00bb][et_pb_column type=\u00a0\u00bb1_6&Prime; _builder_version=\u00a0\u00bb4.20.0&Prime; _module_preset=\u00a0\u00bbdefault\u00a0\u00bb background_enable_color=\u00a0\u00bboff\u00a0\u00bb global_colors_info=\u00a0\u00bb{}\u00a0\u00bb][et_pb_image src=\u00a0\u00bbhttps:\/\/climatefinance.fund\/wp-content\/uploads\/2023\/04\/ZOE_Logo_mobile_englisch@5x.png\u00a0\u00bb title_text=\u00a0\u00bbcleanenergycu-logo\u00a0\u00bb url_new_window=\u00a0\u00bbon\u00a0\u00bb align=\u00a0\u00bbcenter\u00a0\u00bb _builder_version=\u00a0\u00bb4.20.4&Prime; _module_preset=\u00a0\u00bbdefault\u00a0\u00bb width=\u00a0\u00bb70%\u00a0\u00bb width_tablet=\u00a0\u00bb70%\u00a0\u00bb width_phone=\u00a0\u00bb40%\u00a0\u00bb width_last_edited=\u00a0\u00bbon|desktop\u00a0\u00bb module_alignment=\u00a0\u00bbcenter\u00a0\u00bb filter_saturate=\u00a0\u00bb0%\u00a0\u00bb global_colors_info=\u00a0\u00bb{}\u00a0\u00bb filter_saturate__hover_enabled=\u00a0\u00bbon|hover\u00a0\u00bb filter_saturate__hover=\u00a0\u00bb100%\u00a0\u00bb][\/et_pb_image][et_pb_cta url_new_window=\u00a0\u00bbon\u00a0\u00bb module_class=\u00a0\u00bbtooltip\u00a0\u00bb _builder_version=\u00a0\u00bb4.20.4&Prime; _module_preset=\u00a0\u00bbdefault\u00a0\u00bb header_font=\u00a0\u00bb|600||on|||||\u00a0\u00bb header_text_color=\u00a0\u00bb#0D524D\u00a0\u00bb body_line_height=\u00a0\u00bb1.6em\u00a0\u00bb body_link_font=\u00a0\u00bb||||on||||\u00a0\u00bb background_color=\u00a0\u00bb#FFFFFF\u00a0\u00bb custom_button=\u00a0\u00bbon\u00a0\u00bb button_text_size=\u00a0\u00bb12px\u00a0\u00bb button_text_color=\u00a0\u00bb#FFFFFF\u00a0\u00bb button_bg_color=\u00a0\u00bb#053a58&Prime; button_border_width=\u00a0\u00bb0px\u00a0\u00bb button_border_radius=\u00a0\u00bb50px\u00a0\u00bb button_font=\u00a0\u00bb|700||on|||||\u00a0\u00bb button_use_icon=\u00a0\u00bboff\u00a0\u00bb button_alignment=\u00a0\u00bbleft\u00a0\u00bb button_custom_padding=\u00a0\u00bb7px|20px|7px|20px|true|true\u00a0\u00bb z_index=\u00a0\u00bb500&Prime; text_orientation=\u00a0\u00bbleft\u00a0\u00bb background_layout=\u00a0\u00bblight\u00a0\u00bb overflow-x=\u00a0\u00bbvisible\u00a0\u00bb overflow-y=\u00a0\u00bbvisible\u00a0\u00bb custom_padding=\u00a0\u00bb30px|25px|10px|25px|false|true\u00a0\u00bb custom_css_before=\u00a0\u00bbcontent:&rsquo;  &lsquo;;||position:absolute;||left:50%;||top:-10px;||margin-left:-10px;||width:20px;||height:20px;||transform:rotate(45deg);||background:white;\u00a0\u00bb border_radii=\u00a0\u00bbon|20px|20px|20px|20px\u00a0\u00bb box_shadow_style=\u00a0\u00bbpreset1&Prime; box_shadow_vertical=\u00a0\u00bb0px\u00a0\u00bb box_shadow_blur=\u00a0\u00bb54px\u00a0\u00bb box_shadow_color=\u00a0\u00bbrgba(0,0,0,0.1)\u00a0\u00bb global_colors_info=\u00a0\u00bb{}\u00a0\u00bb button_bg_color__hover_enabled=\u00a0\u00bbon|hover\u00a0\u00bb button_bg_color__hover=\u00a0\u00bb#f6a13e\u00a0\u00bb button_bg_enable_color__hover=\u00a0\u00bbon\u00a0\u00bb]<\/p>\n<p><strong>ZOE Institute<\/strong> est un groupe de r\u00e9flexion pour une nouvelle pens\u00e9e \u00e9conomique centr\u00e9e sur l&rsquo;Union europ\u00e9enne et l&rsquo;Allemagne.<\/p>\n<p><a href=\"https:\/\/zoe-institut.de\/en\/\" target=\"_blank\" rel=\"noopener\">Voir le site<\/a><\/p>\n<p><strong>Projet<\/strong><br \/>Convoquer un groupe d&rsquo;experts de haut niveau qui d\u00e9veloppera et int\u00e9grera une strat\u00e9gie et un r\u00e9cit en mati\u00e8re de politique financi\u00e8re, fiscale, industrielle et de l&#8217;emploi afin de mobiliser des fonds pour l&rsquo;\u00e9limination progressive du gaz en Allemagne.<\/p>\n<p>[\/et_pb_cta][\/et_pb_column][et_pb_column type=\u00a0\u00bb1_6&Prime; _builder_version=\u00a0\u00bb4.20.0&Prime; _module_preset=\u00a0\u00bbdefault\u00a0\u00bb background_enable_color=\u00a0\u00bboff\u00a0\u00bb global_colors_info=\u00a0\u00bb{}\u00a0\u00bb][et_pb_image src=\u00a0\u00bbhttps:\/\/climatefinance.fund\/wp-content\/uploads\/2023\/04\/1200px-GHG_Protocol_Logo.svg.png\u00a0\u00bb title_text=\u00a0\u00bbcleanenergycu-logo\u00a0\u00bb url_new_window=\u00a0\u00bbon\u00a0\u00bb align=\u00a0\u00bbcenter\u00a0\u00bb _builder_version=\u00a0\u00bb4.20.4&Prime; _module_preset=\u00a0\u00bbdefault\u00a0\u00bb width=\u00a0\u00bb70%\u00a0\u00bb width_tablet=\u00a0\u00bb70%\u00a0\u00bb width_phone=\u00a0\u00bb40%\u00a0\u00bb width_last_edited=\u00a0\u00bbon|desktop\u00a0\u00bb module_alignment=\u00a0\u00bbcenter\u00a0\u00bb filter_saturate=\u00a0\u00bb0%\u00a0\u00bb global_colors_info=\u00a0\u00bb{}\u00a0\u00bb filter_saturate__hover_enabled=\u00a0\u00bbon|hover\u00a0\u00bb filter_saturate__hover=\u00a0\u00bb100%\u00a0\u00bb][\/et_pb_image][et_pb_cta url_new_window=\u00a0\u00bbon\u00a0\u00bb module_class=\u00a0\u00bbtooltip\u00a0\u00bb _builder_version=\u00a0\u00bb4.20.4&Prime; _module_preset=\u00a0\u00bbdefault\u00a0\u00bb header_font=\u00a0\u00bb|600||on|||||\u00a0\u00bb header_text_color=\u00a0\u00bb#0D524D\u00a0\u00bb body_line_height=\u00a0\u00bb1.6em\u00a0\u00bb body_link_font=\u00a0\u00bb||||on||||\u00a0\u00bb background_color=\u00a0\u00bb#FFFFFF\u00a0\u00bb custom_button=\u00a0\u00bbon\u00a0\u00bb button_text_size=\u00a0\u00bb12px\u00a0\u00bb button_text_color=\u00a0\u00bb#FFFFFF\u00a0\u00bb button_bg_color=\u00a0\u00bb#053a58&Prime; button_border_width=\u00a0\u00bb0px\u00a0\u00bb button_border_radius=\u00a0\u00bb50px\u00a0\u00bb button_font=\u00a0\u00bb|700||on|||||\u00a0\u00bb button_use_icon=\u00a0\u00bboff\u00a0\u00bb button_alignment=\u00a0\u00bbleft\u00a0\u00bb button_custom_padding=\u00a0\u00bb7px|20px|7px|20px|true|true\u00a0\u00bb z_index=\u00a0\u00bb500&Prime; text_orientation=\u00a0\u00bbleft\u00a0\u00bb background_layout=\u00a0\u00bblight\u00a0\u00bb overflow-x=\u00a0\u00bbvisible\u00a0\u00bb overflow-y=\u00a0\u00bbvisible\u00a0\u00bb custom_padding=\u00a0\u00bb30px|25px|10px|25px|false|true\u00a0\u00bb custom_css_before=\u00a0\u00bbcontent:&rsquo;  &lsquo;;||position:absolute;||left:50%;||top:-10px;||margin-left:-10px;||width:20px;||height:20px;||transform:rotate(45deg);||background:white;\u00a0\u00bb border_radii=\u00a0\u00bbon|20px|20px|20px|20px\u00a0\u00bb box_shadow_style=\u00a0\u00bbpreset1&Prime; box_shadow_vertical=\u00a0\u00bb0px\u00a0\u00bb box_shadow_blur=\u00a0\u00bb54px\u00a0\u00bb box_shadow_color=\u00a0\u00bbrgba(0,0,0,0.1)\u00a0\u00bb global_colors_info=\u00a0\u00bb{}\u00a0\u00bb button_bg_color__hover_enabled=\u00a0\u00bbon|hover\u00a0\u00bb button_bg_color__hover=\u00a0\u00bb#f6a13e\u00a0\u00bb button_bg_enable_color__hover=\u00a0\u00bbon\u00a0\u00bb]<\/p>\n<p>Le <strong>protocole sur les gaz \u00e0 effet de serre<\/strong> \u00e9tablit des cadres globaux normalis\u00e9s pour mesurer et g\u00e9rer les \u00e9missions de gaz \u00e0 effet de serre (GES) provenant des op\u00e9rations des secteurs priv\u00e9 et public, des cha\u00eenes de valeur et des mesures d&rsquo;att\u00e9nuation.<\/p>\n<p><a href=\"https:\/\/ghgprotocol.org\/\" target=\"_blank\" rel=\"noopener\">Voir le site<\/a><\/p>\n<p><strong>Projet<\/strong><br \/>Mise \u00e0 jour du protocole des gaz \u00e0 effet de serre (GHGP)<\/p>\n<p>[\/et_pb_cta][\/et_pb_column][et_pb_column type=\u00a0\u00bb1_6&Prime; _builder_version=\u00a0\u00bb4.20.0&Prime; _module_preset=\u00a0\u00bbdefault\u00a0\u00bb background_enable_color=\u00a0\u00bboff\u00a0\u00bb global_colors_info=\u00a0\u00bb{}\u00a0\u00bb][et_pb_image src=\u00a0\u00bbhttps:\/\/climatefinance.fund\/wp-content\/uploads\/2023\/04\/header-img-2.d72e11b6.png\u00a0\u00bb title_text=\u00a0\u00bbcleanenergycu-logo\u00a0\u00bb url_new_window=\u00a0\u00bbon\u00a0\u00bb align=\u00a0\u00bbcenter\u00a0\u00bb _builder_version=\u00a0\u00bb4.20.4&Prime; _module_preset=\u00a0\u00bbdefault\u00a0\u00bb width=\u00a0\u00bb70%\u00a0\u00bb width_tablet=\u00a0\u00bb70%\u00a0\u00bb width_phone=\u00a0\u00bb40%\u00a0\u00bb width_last_edited=\u00a0\u00bbon|desktop\u00a0\u00bb module_alignment=\u00a0\u00bbcenter\u00a0\u00bb filter_saturate=\u00a0\u00bb0%\u00a0\u00bb global_colors_info=\u00a0\u00bb{}\u00a0\u00bb filter_saturate__hover_enabled=\u00a0\u00bbon|hover\u00a0\u00bb filter_saturate__hover=\u00a0\u00bb100%\u00a0\u00bb][\/et_pb_image][et_pb_cta url_new_window=\u00a0\u00bbon\u00a0\u00bb module_class=\u00a0\u00bbtooltip\u00a0\u00bb _builder_version=\u00a0\u00bb4.21.0&Prime; _module_preset=\u00a0\u00bbdefault\u00a0\u00bb header_font=\u00a0\u00bb|600||on|||||\u00a0\u00bb header_text_color=\u00a0\u00bb#0D524D\u00a0\u00bb body_line_height=\u00a0\u00bb1.6em\u00a0\u00bb body_link_font=\u00a0\u00bb||||on||||\u00a0\u00bb background_color=\u00a0\u00bb#FFFFFF\u00a0\u00bb custom_button=\u00a0\u00bbon\u00a0\u00bb button_text_size=\u00a0\u00bb12px\u00a0\u00bb button_text_color=\u00a0\u00bb#FFFFFF\u00a0\u00bb button_bg_color=\u00a0\u00bb#053a58&Prime; button_border_width=\u00a0\u00bb0px\u00a0\u00bb button_border_radius=\u00a0\u00bb50px\u00a0\u00bb button_font=\u00a0\u00bb|700||on|||||\u00a0\u00bb button_use_icon=\u00a0\u00bboff\u00a0\u00bb button_alignment=\u00a0\u00bbleft\u00a0\u00bb button_custom_padding=\u00a0\u00bb7px|20px|7px|20px|true|true\u00a0\u00bb z_index=\u00a0\u00bb500&Prime; text_orientation=\u00a0\u00bbleft\u00a0\u00bb background_layout=\u00a0\u00bblight\u00a0\u00bb overflow-x=\u00a0\u00bbvisible\u00a0\u00bb overflow-y=\u00a0\u00bbvisible\u00a0\u00bb custom_padding=\u00a0\u00bb30px|25px|10px|25px|false|true\u00a0\u00bb custom_css_before=\u00a0\u00bbcontent:&rsquo;  &lsquo;;||position:absolute;||left:50%;||top:-10px;||margin-left:-10px;||width:20px;||height:20px;||transform:rotate(45deg);||background:white;\u00a0\u00bb border_radii=\u00a0\u00bbon|20px|20px|20px|20px\u00a0\u00bb box_shadow_style=\u00a0\u00bbpreset1&Prime; box_shadow_vertical=\u00a0\u00bb0px\u00a0\u00bb box_shadow_blur=\u00a0\u00bb54px\u00a0\u00bb box_shadow_color=\u00a0\u00bbrgba(0,0,0,0.1)\u00a0\u00bb global_colors_info=\u00a0\u00bb{}\u00a0\u00bb button_bg_color__hover_enabled=\u00a0\u00bbon|hover\u00a0\u00bb button_bg_color__hover=\u00a0\u00bb#f6a13e\u00a0\u00bb button_bg_enable_color__hover=\u00a0\u00bbon\u00a0\u00bb]<\/p>\n<p>Le <strong>Green Finance Forum of 60<\/strong> (GF60) est une plateforme internationale sur la finance verte, g\u00e9r\u00e9e par le Shanghai Jinsinan Institute of Finance.<br \/>\nLe GF60 invite les principaux dirigeants et experts du domaine de la finance verte et de diverses industries du monde entier \u00e0 fa\u00e7onner le d\u00e9veloppement de la finance verte et \u00e0 acc\u00e9l\u00e9rer les progr\u00e8s vers la r\u00e9alisation des objectifs nationaux et mondiaux de neutralit\u00e9 carbone. <\/p>\n<p><a href=\"https:\/\/www.gf60.org.cn\/us\/pc\/climate-index\" target=\"_blank\" rel=\"noopener\">Voir le site<\/a><\/p>\n<p><strong>Projet<\/strong><br \/>Shanghai Jinsinan Institute of Finance invite les principaux dirigeants et experts du domaine de la finance verte et de diverses industries du monde entier \u00e0 fa\u00e7onner le d\u00e9veloppement de la finance verte et \u00e0 acc\u00e9l\u00e9rer les progr\u00e8s vers la r\u00e9alisation des objectifs nationaux et mondiaux en mati\u00e8re de neutralit\u00e9 carbone.<\/p>\n<p><a href=\"https:\/\/fddata.oss-cn-shanghai.aliyuncs.com\/jsn\/932074_Index_Methodology_en.pdf\" target=\"_blank\" rel=\"noopener\">Lire le PDF<\/a><\/p>\n<p>[\/et_pb_cta][\/et_pb_column][et_pb_column type=\u00a0\u00bb1_6&Prime; _builder_version=\u00a0\u00bb4.20.0&Prime; _module_preset=\u00a0\u00bbdefault\u00a0\u00bb background_enable_color=\u00a0\u00bboff\u00a0\u00bb global_colors_info=\u00a0\u00bb{}\u00a0\u00bb][et_pb_image src=\u00a0\u00bbhttps:\/\/climatefinance.fund\/wp-content\/uploads\/2023\/04\/GSG_Logo_LightBackground_RGB.png\u00a0\u00bb title_text=\u00a0\u00bbcleanenergycu-logo\u00a0\u00bb url_new_window=\u00a0\u00bbon\u00a0\u00bb align=\u00a0\u00bbcenter\u00a0\u00bb _builder_version=\u00a0\u00bb4.20.4&Prime; _module_preset=\u00a0\u00bbdefault\u00a0\u00bb width=\u00a0\u00bb70%\u00a0\u00bb width_tablet=\u00a0\u00bb70%\u00a0\u00bb width_phone=\u00a0\u00bb40%\u00a0\u00bb width_last_edited=\u00a0\u00bbon|desktop\u00a0\u00bb module_alignment=\u00a0\u00bbcenter\u00a0\u00bb custom_margin=\u00a0\u00bb10px||20px||false|false\u00a0\u00bb filter_saturate=\u00a0\u00bb0%\u00a0\u00bb global_colors_info=\u00a0\u00bb{}\u00a0\u00bb filter_saturate__hover_enabled=\u00a0\u00bbon|hover\u00a0\u00bb filter_saturate__hover=\u00a0\u00bb100%\u00a0\u00bb][\/et_pb_image][et_pb_cta url_new_window=\u00a0\u00bbon\u00a0\u00bb module_class=\u00a0\u00bbtooltip\u00a0\u00bb _builder_version=\u00a0\u00bb4.21.0&Prime; _module_preset=\u00a0\u00bbdefault\u00a0\u00bb header_font=\u00a0\u00bb|600||on|||||\u00a0\u00bb header_text_color=\u00a0\u00bb#0D524D\u00a0\u00bb body_line_height=\u00a0\u00bb1.6em\u00a0\u00bb body_link_font=\u00a0\u00bb||||on||||\u00a0\u00bb background_color=\u00a0\u00bb#FFFFFF\u00a0\u00bb custom_button=\u00a0\u00bbon\u00a0\u00bb button_text_size=\u00a0\u00bb12px\u00a0\u00bb button_text_color=\u00a0\u00bb#FFFFFF\u00a0\u00bb button_bg_color=\u00a0\u00bb#053a58&Prime; button_border_width=\u00a0\u00bb0px\u00a0\u00bb button_border_radius=\u00a0\u00bb50px\u00a0\u00bb button_font=\u00a0\u00bb|700||on|||||\u00a0\u00bb button_use_icon=\u00a0\u00bboff\u00a0\u00bb button_alignment=\u00a0\u00bbleft\u00a0\u00bb button_custom_padding=\u00a0\u00bb7px|20px|7px|20px|true|true\u00a0\u00bb z_index=\u00a0\u00bb500&Prime; text_orientation=\u00a0\u00bbleft\u00a0\u00bb background_layout=\u00a0\u00bblight\u00a0\u00bb overflow-x=\u00a0\u00bbvisible\u00a0\u00bb overflow-y=\u00a0\u00bbvisible\u00a0\u00bb custom_padding=\u00a0\u00bb30px|25px|10px|25px|false|true\u00a0\u00bb custom_css_before=\u00a0\u00bbcontent:&rsquo;  &lsquo;;||position:absolute;||left:50%;||top:-10px;||margin-left:-10px;||width:20px;||height:20px;||transform:rotate(45deg);||background:white;\u00a0\u00bb border_radii=\u00a0\u00bbon|20px|20px|20px|20px\u00a0\u00bb box_shadow_style=\u00a0\u00bbpreset1&Prime; box_shadow_vertical=\u00a0\u00bb0px\u00a0\u00bb box_shadow_blur=\u00a0\u00bb54px\u00a0\u00bb box_shadow_color=\u00a0\u00bbrgba(0,0,0,0.1)\u00a0\u00bb global_colors_info=\u00a0\u00bb{}\u00a0\u00bb button_bg_color__hover_enabled=\u00a0\u00bbon|hover\u00a0\u00bb button_bg_color__hover=\u00a0\u00bb#f6a13e\u00a0\u00bb button_bg_enable_color__hover=\u00a0\u00bbon\u00a0\u00bb]<\/p>\n<p><strong>GSG<\/strong> est un prestataire de services unique pour l&rsquo;investissement ESG et le d\u00e9veloppement durable, qui se concentre sur le march\u00e9 chinois.<br \/>\nIl fournit des donn\u00e9es ESG, des recherches et des services de notation aux investisseurs institutionnels chinois et \u00e9trangers, en mettant l&rsquo;accent sur les soci\u00e9t\u00e9s chinoises cot\u00e9es en bourse, les \u00e9metteurs de dette et les soci\u00e9t\u00e9s qui accordent des cr\u00e9dits.<br \/>\nGSG fournit \u00e9galement des services professionnels tels que la plateforme logicielle SaaS de gestion du carbone, des solutions net-z\u00e9ro, le d\u00e9veloppement de strat\u00e9gies de d\u00e9veloppement durable, le financement vert et l&rsquo;am\u00e9lioration des notations ESG pour les entreprises cot\u00e9es en bourse, les parcs industriels et les entreprises de la cha\u00eene d&rsquo;approvisionnement internationale.  <\/p>\n<p><a href=\"https:\/\/www.governance-solutions.com\/\" target=\"_blank\" rel=\"noopener\">Voir le site<\/a><\/p>\n<p><strong>Projet<\/strong><br \/>D\u00e9velopper une plateforme accessible au public pour les investissements respectueux du climat dans les obligations, les fonds et les produits bancaires de d\u00e9tail.<\/p>\n<p><a href=\"https:\/\/www.climatefriendlyinvest.com\/home\" target=\"_blank\" rel=\"noopener\">Produit du travail<\/a><\/p>\n<p>[\/et_pb_cta][\/et_pb_column][et_pb_column type=\u00a0\u00bb1_6&Prime; _builder_version=\u00a0\u00bb4.20.0&Prime; _module_preset=\u00a0\u00bbdefault\u00a0\u00bb background_enable_color=\u00a0\u00bboff\u00a0\u00bb global_colors_info=\u00a0\u00bb{}\u00a0\u00bb][\/et_pb_column][et_pb_column type=\u00a0\u00bb1_6&Prime; _builder_version=\u00a0\u00bb4.20.0&Prime; _module_preset=\u00a0\u00bbdefault\u00a0\u00bb background_enable_color=\u00a0\u00bboff\u00a0\u00bb global_colors_info=\u00a0\u00bb{}\u00a0\u00bb][\/et_pb_column][\/et_pb_row][et_pb_row use_custom_gutter=\u00a0\u00bbon\u00a0\u00bb gutter_width=\u00a0\u00bb2&Prime; make_equal=\u00a0\u00bbon\u00a0\u00bb _builder_version=\u00a0\u00bb4.21.0&Prime; _module_preset=\u00a0\u00bbdefault\u00a0\u00bb max_width=\u00a0\u00bb100%\u00a0\u00bb custom_padding=\u00a0\u00bb||3vh||false|false\u00a0\u00bb global_colors_info=\u00a0\u00bb{}\u00a0\u00bb z_index__hover_enabled=\u00a0\u00bbon|desktop\u00a0\u00bb][et_pb_column type=\u00a0\u00bb4_4&Prime; _builder_version=\u00a0\u00bb4.21.0&Prime; _module_preset=\u00a0\u00bbdefault\u00a0\u00bb global_colors_info=\u00a0\u00bb{}\u00a0\u00bb][et_pb_text _builder_version=\u00a0\u00bb4.21.0&Prime; _module_preset=\u00a0\u00bbdefault\u00a0\u00bb text_font=\u00a0\u00bb||on||||||\u00a0\u00bb text_font_size=\u00a0\u00bb13px\u00a0\u00bb text_line_height=\u00a0\u00bb1.4em\u00a0\u00bb text_orientation=\u00a0\u00bbcenter\u00a0\u00bb global_colors_info=\u00a0\u00bb{}\u00a0\u00bb]<\/p>\n<p>Veuillez noter que le contenu des profils de nos partenaires est en constante \u00e9volution et que les mises \u00e0 jour peuvent \u00eatre permanentes. Bien que nous nous efforcions de maintenir l&rsquo;exactitude et la pertinence des informations, il peut arriver que certains d\u00e9tails n&rsquo;aient pas encore \u00e9t\u00e9 mis \u00e0 jour ou v\u00e9rifi\u00e9s.<\/p>\n<p>[\/et_pb_text][\/et_pb_column][\/et_pb_row][\/et_pb_section][et_pb_section fb_built=\u00a0\u00bb1&Prime; module_id=\u00a0\u00bbContact\u00a0\u00bb _builder_version=\u00a0\u00bb4.16&Prime; _module_preset=\u00a0\u00bbdefault\u00a0\u00bb background_image=\u00a0\u00bbhttps:\/\/climatefinance.fund\/wp-content\/uploads\/2021\/07\/form.jpg\u00a0\u00bb custom_padding=\u00a0\u00bb0px|||||\u00a0\u00bb global_colors_info=\u00a0\u00bb{}\u00a0\u00bb][et_pb_row module_id=\u00a0\u00bbteam\u00a0\u00bb _builder_version=\u00a0\u00bb4.16&Prime; _module_preset=\u00a0\u00bbdefault\u00a0\u00bb custom_padding=\u00a0\u00bb0px|||||\u00a0\u00bb global_colors_info=\u00a0\u00bb{}\u00a0\u00bb][et_pb_column type=\u00a0\u00bb4_4&Prime; _builder_version=\u00a0\u00bb4.16&Prime; _module_preset=\u00a0\u00bbdefault\u00a0\u00bb global_colors_info=\u00a0\u00bb{}\u00a0\u00bb][et_pb_text module_class=\u00a0\u00bbtitle\u00a0\u00bb _builder_version=\u00a0\u00bb4.16&Prime; _module_preset=\u00a0\u00bbdefault\u00a0\u00bb header_2_text_align=\u00a0\u00bbcenter\u00a0\u00bb header_2_font_size=\u00a0\u00bb2vw\u00a0\u00bb header_2_font_size_tablet=\u00a0\u00bb4vw\u00a0\u00bb header_2_font_size_phone=\u00a0\u00bb6vw\u00a0\u00bb header_2_font_size_last_edited=\u00a0\u00bbon|tablet\u00a0\u00bb global_colors_info=\u00a0\u00bb{}\u00a0\u00bb]<\/p>\n<h2>Contact<\/h2>\n<p>[\/et_pb_text][\/et_pb_column][\/et_pb_row][et_pb_row module_id=\u00a0\u00bbteam\u00a0\u00bb _builder_version=\u00a0\u00bb4.16&Prime; _module_preset=\u00a0\u00bbdefault\u00a0\u00bb custom_padding=\u00a0\u00bb49px|||||\u00a0\u00bb global_colors_info=\u00a0\u00bb{}\u00a0\u00bb][et_pb_column type=\u00a0\u00bb4_4&Prime; _builder_version=\u00a0\u00bb4.16&Prime; _module_preset=\u00a0\u00bbdefault\u00a0\u00bb global_colors_info=\u00a0\u00bb{}\u00a0\u00bb][et_pb_text _builder_version=\u00a0\u00bb4.17.4&Prime; _module_preset=\u00a0\u00bbdefault\u00a0\u00bb text_font=\u00a0\u00bb||||||||\u00a0\u00bb text_font_size=\u00a0\u00bb1.4vw\u00a0\u00bb text_line_height=\u00a0\u00bb1.6em\u00a0\u00bb header_2_text_align=\u00a0\u00bbcenter\u00a0\u00bb header_2_font_size=\u00a0\u00bb2vw\u00a0\u00bb header_3_font_size=\u00a0\u00bb3vw\u00a0\u00bb header_4_font_size=\u00a0\u00bb2vw\u00a0\u00bb text_orientation=\u00a0\u00bbcenter\u00a0\u00bb text_font_size_tablet=\u00a0\u00bb2vw\u00a0\u00bb text_font_size_phone=\u00a0\u00bb3vw\u00a0\u00bb text_font_size_last_edited=\u00a0\u00bbon|phone\u00a0\u00bb header_3_font_size_tablet=\u00a0\u00bb4vw\u00a0\u00bb header_3_font_size_phone=\u00a0\u00bb7vw\u00a0\u00bb header_3_font_size_last_edited=\u00a0\u00bbon|phone\u00a0\u00bb header_4_font_size_tablet=\u00a0\u00bb3vw\u00a0\u00bb header_4_font_size_phone=\u00a0\u00bb5vw\u00a0\u00bb header_4_font_size_last_edited=\u00a0\u00bbon|phone\u00a0\u00bb global_colors_info=\u00a0\u00bb{}\u00a0\u00bb]<\/p>\n<h3>Vous avez des questions ?<\/h3>\n<h4>Envoyez-nous un message<\/h4>\n<p>Le Fonds n&rsquo;accepte pas les propositions de subvention non sollicit\u00e9es.<\/p>\n<p>[\/et_pb_text][\/et_pb_column][\/et_pb_row][et_pb_row _builder_version=\u00a0\u00bb4.16&Prime; _module_preset=\u00a0\u00bbdefault\u00a0\u00bb global_colors_info=\u00a0\u00bb{}\u00a0\u00bb][et_pb_column type=\u00a0\u00bb4_4&Prime; _builder_version=\u00a0\u00bb4.16&Prime; _module_preset=\u00a0\u00bbdefault\u00a0\u00bb global_colors_info=\u00a0\u00bb{}\u00a0\u00bb][et_pb_contact_form use_spam_service=\u00a0\u00bbon\u00a0\u00bb recaptcha_list=\u00a0\u00bbDefault-0&Prime; email=\u00a0\u00bbinfo@climatefinance.fund\u00a0\u00bb custom_message=\u00a0\u00bbSujet : %%Subject%%: %%Name%% address : %%Email%%: %%Message%%\u00a0\u00bb submit_button_text=\u00a0\u00bbSoumettre le message\u00a0\u00bb _builder_version=\u00a0\u00bb4.24.0&Prime; _module_preset=\u00a0\u00bbdefault\u00a0\u00bb _unique_id=\u00a0\u00bb0c981df9-56ef-45a5-b826-1011e5b76a55&Prime; form_field_background_color=\u00a0\u00bb#fcfcfc\u00a0\u00bb form_field_text_color=\u00a0\u00bb#053A58&Prime; form_field_focus_background_color=\u00a0\u00bb#FFFFFF\u00a0\u00bb form_field_focus_text_color=\u00a0\u00bb#053A58&Prime; form_field_font_size=\u00a0\u00bb1vw\u00a0\u00bb custom_button=\u00a0\u00bbon\u00a0\u00bb button_text_size=\u00a0\u00bb1vw\u00a0\u00bb button_text_color=\u00a0\u00bb#FFFFFF\u00a0\u00bb button_bg_color=\u00a0\u00bb#f6a13e\u00a0\u00bb button_border_width=\u00a0\u00bb0px\u00a0\u00bb button_border_radius=\u00a0\u00bb36px\u00a0\u00bb button_font=\u00a0\u00bb|700||on|||||\u00a0\u00bb button_use_icon=\u00a0\u00bboff\u00a0\u00bb form_field_font_size_tablet=\u00a0\u00bb2vw\u00a0\u00bb form_field_font_size_phone=\u00a0\u00bb4vw\u00a0\u00bb form_field_font_size_last_edited=\u00a0\u00bbon|tablet\u00a0\u00bb button_text_size_tablet=\u00a0\u00bb2vw\u00a0\u00bb button_text_size_phone=\u00a0\u00bb4vw\u00a0\u00bb button_text_size_last_edited=\u00a0\u00bbon|tablet\u00a0\u00bb border_radii=\u00a0\u00bbon|10px|10px|10px|10px\u00a0\u00bb border_width_all=\u00a0\u00bb1px\u00a0\u00bb border_color_all=\u00a0\u00bb#d1d1d1&Prime; global_colors_info=\u00a0\u00bb{}\u00a0\u00bb button_bg_color__hover_enabled=\u00a0\u00bbon|desktop\u00a0\u00bb button_bg_color__hover=\u00a0\u00bb#053A58&Prime; button_bg_enable_color__hover=\u00a0\u00bbon\u00a0\u00bb][et_pb_contact_field field_id=\u00a0\u00bbName\u00a0\u00bb field_title=\u00a0\u00bbVotre nom complet\u00a0\u00bb _builder_version=\u00a0\u00bb4.16&Prime; global_colors_info=\u00a0\u00bb{}\u00a0\u00bb button_text_size__hover_enabled=\u00a0\u00bboff\u00a0\u00bb button_one_text_size__hover_enabled=\u00a0\u00bboff\u00a0\u00bb button_two_text_size__hover_enabled=\u00a0\u00bboff\u00a0\u00bb button_text_color__hover_enabled=\u00a0\u00bboff\u00a0\u00bb button_one_text_color__hover_enabled=\u00a0\u00bboff\u00a0\u00bb button_two_text_color__hover_enabled=\u00a0\u00bboff\u00a0\u00bb button_border_width__hover_enabled=\u00a0\u00bboff\u00a0\u00bb button_one_border_width__hover_enabled=\u00a0\u00bboff\u00a0\u00bb button_two_border_width__hover_enabled=\u00a0\u00bboff\u00a0\u00bb button_border_color__hover_enabled=\u00a0\u00bboff\u00a0\u00bb button_one_border_color__hover_enabled=\u00a0\u00bboff\u00a0\u00bb button_two_border_color__hover_enabled=\u00a0\u00bboff\u00a0\u00bb button_border_radius__hover_enabled=\u00a0\u00bboff\u00a0\u00bb button_one_border_radius__hover_enabled=\u00a0\u00bboff\u00a0\u00bb button_two_border_radius__hover_enabled=\u00a0\u00bboff\u00a0\u00bb button_letter_spacing__hover_enabled=\u00a0\u00bboff\u00a0\u00bb button_one_letter_spacing__hover_enabled=\u00a0\u00bboff\u00a0\u00bb button_two_letter_spacing__hover_enabled=\u00a0\u00bboff\u00a0\u00bb button_bg_color__hover_enabled=\u00a0\u00bboff\u00a0\u00bb button_one_bg_color__hover_enabled=\u00a0\u00bboff\u00a0\u00bb button_two_bg_color__hover_enabled=\u00a0\u00bboff\u00a0\u00bb][\/et_pb_contact_field][et_pb_contact_field field_id=\u00a0\u00bbEmail\u00a0\u00bb field_title=\u00a0\u00bbVotre adresse e-mail\u00a0\u00bb field_type=\u00a0\u00bbemail\u00a0\u00bb _builder_version=\u00a0\u00bb4.16&Prime; global_colors_info=\u00a0\u00bb{}\u00a0\u00bb button_text_size__hover_enabled=\u00a0\u00bboff\u00a0\u00bb button_one_text_size__hover_enabled=\u00a0\u00bboff\u00a0\u00bb button_two_text_size__hover_enabled=\u00a0\u00bboff\u00a0\u00bb button_text_color__hover_enabled=\u00a0\u00bboff\u00a0\u00bb button_one_text_color__hover_enabled=\u00a0\u00bboff\u00a0\u00bb button_two_text_color__hover_enabled=\u00a0\u00bboff\u00a0\u00bb button_border_width__hover_enabled=\u00a0\u00bboff\u00a0\u00bb button_one_border_width__hover_enabled=\u00a0\u00bboff\u00a0\u00bb button_two_border_width__hover_enabled=\u00a0\u00bboff\u00a0\u00bb button_border_color__hover_enabled=\u00a0\u00bboff\u00a0\u00bb button_one_border_color__hover_enabled=\u00a0\u00bboff\u00a0\u00bb button_two_border_color__hover_enabled=\u00a0\u00bboff\u00a0\u00bb button_border_radius__hover_enabled=\u00a0\u00bboff\u00a0\u00bb button_one_border_radius__hover_enabled=\u00a0\u00bboff\u00a0\u00bb button_two_border_radius__hover_enabled=\u00a0\u00bboff\u00a0\u00bb button_letter_spacing__hover_enabled=\u00a0\u00bboff\u00a0\u00bb button_one_letter_spacing__hover_enabled=\u00a0\u00bboff\u00a0\u00bb button_two_letter_spacing__hover_enabled=\u00a0\u00bboff\u00a0\u00bb button_bg_color__hover_enabled=\u00a0\u00bboff\u00a0\u00bb button_one_bg_color__hover_enabled=\u00a0\u00bboff\u00a0\u00bb button_two_bg_color__hover_enabled=\u00a0\u00bboff\u00a0\u00bb][\/et_pb_contact_field][et_pb_contact_field field_id=\u00a0\u00bbSubject\u00a0\u00bb field_title=\u00a0\u00bbS\u00e9lectionnez votre demande\u00a0\u00bb field_type=\u00a0\u00bbselect\u00a0\u00bb select_options=\u00a0\u00bb%91{%22value%22:%22Demande des m\u00e9dias%22,%22checked%22:0,%22dragID%22:-1},{%22value%22:%22Demande g\u00e9n\u00e9rale%22,%22checked%22:0,%22dragID%22:1}%93&Prime; fullwidth_field=\u00a0\u00bbon\u00a0\u00bb _builder_version=\u00a0\u00bb4.16&Prime; _module_preset=\u00a0\u00bbdefault\u00a0\u00bb global_colors_info=\u00a0\u00bb{}\u00a0\u00bb][\/et_pb_contact_field][et_pb_contact_field field_id=\u00a0\u00bbMessage\u00a0\u00bb field_title=\u00a0\u00bb\u00c9crivez votre message ici\u00a0\u00bb field_type=\u00a0\u00bbtext\u00a0\u00bb fullwidth_field=\u00a0\u00bbon\u00a0\u00bb _builder_version=\u00a0\u00bb4.16&Prime; global_colors_info=\u00a0\u00bb{}\u00a0\u00bb button_text_size__hover_enabled=\u00a0\u00bboff\u00a0\u00bb button_one_text_size__hover_enabled=\u00a0\u00bboff\u00a0\u00bb button_two_text_size__hover_enabled=\u00a0\u00bboff\u00a0\u00bb button_text_color__hover_enabled=\u00a0\u00bboff\u00a0\u00bb button_one_text_color__hover_enabled=\u00a0\u00bboff\u00a0\u00bb button_two_text_color__hover_enabled=\u00a0\u00bboff\u00a0\u00bb button_border_width__hover_enabled=\u00a0\u00bboff\u00a0\u00bb button_one_border_width__hover_enabled=\u00a0\u00bboff\u00a0\u00bb button_two_border_width__hover_enabled=\u00a0\u00bboff\u00a0\u00bb button_border_color__hover_enabled=\u00a0\u00bboff\u00a0\u00bb button_one_border_color__hover_enabled=\u00a0\u00bboff\u00a0\u00bb button_two_border_color__hover_enabled=\u00a0\u00bboff\u00a0\u00bb button_border_radius__hover_enabled=\u00a0\u00bboff\u00a0\u00bb button_one_border_radius__hover_enabled=\u00a0\u00bboff\u00a0\u00bb button_two_border_radius__hover_enabled=\u00a0\u00bboff\u00a0\u00bb button_letter_spacing__hover_enabled=\u00a0\u00bboff\u00a0\u00bb button_one_letter_spacing__hover_enabled=\u00a0\u00bboff\u00a0\u00bb button_two_letter_spacing__hover_enabled=\u00a0\u00bboff\u00a0\u00bb button_bg_color__hover_enabled=\u00a0\u00bboff\u00a0\u00bb button_one_bg_color__hover_enabled=\u00a0\u00bboff\u00a0\u00bb button_two_bg_color__hover_enabled=\u00a0\u00bboff\u00a0\u00bb][\/et_pb_contact_field][\/et_pb_contact_form][\/et_pb_column][\/et_pb_row][\/et_pb_section][et_pb_section fb_built=\u00a0\u00bb1&Prime; module_id=\u00a0\u00bbpied de page\u00a0\u00bb _builder_version=\u00a0\u00bb4.9.10&Prime; _module_preset=\u00a0\u00bbdefault\u00a0\u00bb background_image=\u00a0\u00bbhttps:\/\/climatefinance.fund\/wp-content\/uploads\/2021\/07\/footer.jpg\u00a0\u00bb custom_padding=\u00a0\u00bb0px||0px|||\u00a0\u00bb global_module=\u00a0\u00bb119&Prime; saved_tabs=\u00a0\u00bball\u00a0\u00bb global_colors_info=\u00a0\u00bb{}\u00a0\u00bb][et_pb_row column_structure=\u00a0\u00bb1_4,3_4&Prime; custom_padding_last_edited=\u00a0\u00bbon|phone\u00a0\u00bb _builder_version=\u00a0\u00bb4.20.4&Prime; _module_preset=\u00a0\u00bbdefault\u00a0\u00bb use_background_color_gradient=\u00a0\u00bbon\u00a0\u00bb background_color_gradient_direction=\u00a0\u00bb98deg\u00a0\u00bb background_color_gradient_stops=\u00a0\u00bbrgba(238,82,128,0.91) 0%|rgba(246,161,62,0.91) 100%\u00a0\u00bb background_color_gradient_start=\u00a0\u00bbrgba(238,82,128,0.91)\u00a0\u00bb background_color_gradient_end=\u00a0\u00bbrgba(246,161,62,0.91)\u00a0\u00bb width=\u00a0\u00bb100%\u00a0\u00bb max_width=\u00a0\u00bb100%\u00a0\u00bb custom_padding=\u00a0\u00bb4vw|12vw|4vw|12vw|true|true\u00a0\u00bb custom_padding_tablet=\u00a0\u00bb\u00a0\u00bb custom_padding_phone=\u00a0\u00bb10vw|12vw|10vw|12vw|true|true\u00a0\u00bb global_colors_info=\u00a0\u00bb{}\u00a0\u00bb][et_pb_column type=\u00a0\u00bb1_4&Prime; _builder_version=\u00a0\u00bb4.20.4&Prime; _module_preset=\u00a0\u00bbdefault\u00a0\u00bb global_colors_info=\u00a0\u00bb{}\u00a0\u00bb][et_pb_image src=\u00a0\u00bbhttps:\/\/climatefinance.fund\/wp-content\/uploads\/2021\/08\/Logo-dark.svg\u00a0\u00bb title_text=\u00a0\u00bbLogo &#8211; fonc\u00e9\u00a0\u00bb _builder_version=\u00a0\u00bb4.16&Prime; _module_preset=\u00a0\u00bbdefault\u00a0\u00bb width_tablet=\u00a0\u00bb\u00a0\u00bb width_phone=\u00a0\u00bb60%\u00a0\u00bb width_last_edited=\u00a0\u00bbon|phone\u00a0\u00bb custom_padding_tablet=\u00a0\u00bb\u00a0\u00bb custom_padding_phone=\u00a0\u00bb\u00a0\u00bb custom_padding_last_edited=\u00a0\u00bbon|phone\u00a0\u00bb global_colors_info=\u00a0\u00bb{}\u00a0\u00bb][\/et_pb_image][\/et_pb_column][et_pb_column type=\u00a0\u00bb3_4&Prime; _builder_version=\u00a0\u00bb4.16&Prime; _module_preset=\u00a0\u00bbdefault\u00a0\u00bb global_colors_info=\u00a0\u00bb{}\u00a0\u00bb][et_pb_text _builder_version=\u00a0\u00bb4.16&Prime; _module_preset=\u00a0\u00bbdefault\u00a0\u00bb header_3_font=\u00a0\u00bb|700|||||||\u00a0\u00bb header_3_font_size=\u00a0\u00bb1.4vw\u00a0\u00bb custom_margin=\u00a0\u00bb||1px|||\u00a0\u00bb header_3_font_size_tablet=\u00a0\u00bb2.4vw\u00a0\u00bb header_3_font_size_phone=\u00a0\u00bb4.4vw\u00a0\u00bb header_3_font_size_last_edited=\u00a0\u00bbon|tablet\u00a0\u00bb global_colors_info=\u00a0\u00bb{}\u00a0\u00bb]<\/p>\n<h3>Plan du site<\/h3>\n<p>[\/et_pb_text][et_pb_menu menu_id=\u00a0\u00bb3&Prime; active_link_color=\u00a0\u00bb#FFFFFF\u00a0\u00bb _builder_version=\u00a0\u00bb4.16&Prime; _module_preset=\u00a0\u00bbdefault\u00a0\u00bb menu_font=\u00a0\u00bb|700|||||||\u00a0\u00bb menu_text_color=\u00a0\u00bb#FFFFFF\u00a0\u00bb background_enable_color=\u00a0\u00bboff\u00a0\u00bb text_orientation_tablet=\u00a0\u00bbleft\u00a0\u00bb text_orientation_phone=\u00a0\u00bb\u00a0\u00bb text_orientation_last_edited=\u00a0\u00bbon|tablet\u00a0\u00bb global_colors_info=\u00a0\u00bb{}\u00a0\u00bb][\/et_pb_menu][\/et_pb_column][\/et_pb_row][\/et_pb_section]<\/p>\n","protected":false},"excerpt":{"rendered":"<p>Le Fonds pour le financement du climat est une plateforme philanthropique qui aide \u00e0 mobiliser des capitaux pour des solutions climatiques.<\/p>\n","protected":false},"author":9,"featured_media":495,"parent":0,"menu_order":0,"comment_status":"closed","ping_status":"closed","template":"","meta":{"_et_pb_use_builder":"on","_et_pb_old_content":"","_et_gb_content_width":"","inline_featured_image":false,"footnotes":""},"class_list":["post-522","page","type-page","status-publish","has-post-thumbnail","hentry"],"yoast_head":"<!-- This site is optimized with the Yoast SEO plugin v27.5 - https:\/\/yoast.com\/product\/yoast-seo-wordpress\/ -->\n<title>Climate Finance Fund | Mobiliser des capitaux pour les solutions climatiques<\/title>\n<meta name=\"description\" content=\"Le Climate Finance Fund est une plateforme philanthropique qui aide \u00e0 mobiliser des capitaux pour des solutions climatiques en Chine, dans la zone euro et aux \u00c9tats-Unis.\" \/>\n<meta name=\"robots\" content=\"index, follow, max-snippet:-1, max-image-preview:large, max-video-preview:-1\" \/>\n<link rel=\"canonical\" href=\"https:\/\/climatefinance.fund\/fr\/\" \/>\n<meta property=\"og:locale\" content=\"fr_FR\" \/>\n<meta property=\"og:type\" content=\"article\" \/>\n<meta property=\"og:title\" content=\"Climate Finance Fund | Mobiliser des capitaux pour les solutions climatiques\" \/>\n<meta property=\"og:description\" content=\"Le Climate Finance Fund est une plateforme philanthropique qui aide \u00e0 mobiliser des capitaux pour des solutions climatiques en Chine, dans la zone euro et aux \u00c9tats-Unis.\" \/>\n<meta property=\"og:url\" content=\"https:\/\/climatefinance.fund\/fr\/\" \/>\n<meta property=\"og:site_name\" content=\"Climate Finance Fund\" \/>\n<meta property=\"article:modified_time\" content=\"2025-06-13T14:49:52+00:00\" \/>\n<meta property=\"og:image\" content=\"https:\/\/climatefinance.fund\/wp-content\/uploads\/2021\/08\/cover-climate-finance-fund.jpg\" \/>\n\t<meta property=\"og:image:width\" content=\"2048\" \/>\n\t<meta property=\"og:image:height\" content=\"1367\" \/>\n\t<meta property=\"og:image:type\" content=\"image\/jpeg\" \/>\n<meta name=\"twitter:card\" content=\"summary_large_image\" \/>\n<meta name=\"twitter:label1\" content=\"Dur\u00e9e de lecture estim\u00e9e\" \/>\n\t<meta name=\"twitter:data1\" content=\"17 minutes\" \/>\n<script type=\"application\/ld+json\" class=\"yoast-schema-graph\">{\"@context\":\"https:\\\/\\\/schema.org\",\"@graph\":[{\"@type\":\"WebPage\",\"@id\":\"https:\\\/\\\/climatefinance.fund\\\/fr\\\/\",\"url\":\"https:\\\/\\\/climatefinance.fund\\\/fr\\\/\",\"name\":\"Climate Finance Fund | Mobiliser des capitaux pour les solutions climatiques\",\"isPartOf\":{\"@id\":\"https:\\\/\\\/climatefinance.fund\\\/fr\\\/#website\"},\"primaryImageOfPage\":{\"@id\":\"https:\\\/\\\/climatefinance.fund\\\/fr\\\/#primaryimage\"},\"image\":{\"@id\":\"https:\\\/\\\/climatefinance.fund\\\/fr\\\/#primaryimage\"},\"thumbnailUrl\":\"https:\\\/\\\/climatefinance.fund\\\/wp-content\\\/uploads\\\/2021\\\/08\\\/cover-climate-finance-fund.jpg\",\"datePublished\":\"2021-07-29T10:17:02+00:00\",\"dateModified\":\"2025-06-13T14:49:52+00:00\",\"description\":\"Le Climate Finance Fund est une plateforme philanthropique qui aide \u00e0 mobiliser des capitaux pour des solutions climatiques en Chine, dans la zone euro et aux \u00c9tats-Unis.\",\"breadcrumb\":{\"@id\":\"https:\\\/\\\/climatefinance.fund\\\/fr\\\/#breadcrumb\"},\"inLanguage\":\"fr-FR\",\"potentialAction\":[{\"@type\":\"ReadAction\",\"target\":[\"https:\\\/\\\/climatefinance.fund\\\/fr\\\/\"]}]},{\"@type\":\"ImageObject\",\"inLanguage\":\"fr-FR\",\"@id\":\"https:\\\/\\\/climatefinance.fund\\\/fr\\\/#primaryimage\",\"url\":\"https:\\\/\\\/climatefinance.fund\\\/wp-content\\\/uploads\\\/2021\\\/08\\\/cover-climate-finance-fund.jpg\",\"contentUrl\":\"https:\\\/\\\/climatefinance.fund\\\/wp-content\\\/uploads\\\/2021\\\/08\\\/cover-climate-finance-fund.jpg\",\"width\":2048,\"height\":1367},{\"@type\":\"BreadcrumbList\",\"@id\":\"https:\\\/\\\/climatefinance.fund\\\/fr\\\/#breadcrumb\",\"itemListElement\":[{\"@type\":\"ListItem\",\"position\":1,\"name\":\"Home\",\"item\":\"https:\\\/\\\/climatefinance.fund\\\/fr\\\/\"},{\"@type\":\"ListItem\",\"position\":2,\"name\":\"Accueil\"}]},{\"@type\":\"WebSite\",\"@id\":\"https:\\\/\\\/climatefinance.fund\\\/fr\\\/#website\",\"url\":\"https:\\\/\\\/climatefinance.fund\\\/fr\\\/\",\"name\":\"Climate Finance Fund\",\"description\":\"Mobilizing Capital for Climate Solutions\",\"potentialAction\":[{\"@type\":\"SearchAction\",\"target\":{\"@type\":\"EntryPoint\",\"urlTemplate\":\"https:\\\/\\\/climatefinance.fund\\\/fr\\\/?s={search_term_string}\"},\"query-input\":{\"@type\":\"PropertyValueSpecification\",\"valueRequired\":true,\"valueName\":\"search_term_string\"}}],\"inLanguage\":\"fr-FR\"}]}<\/script>\n<!-- \/ Yoast SEO plugin. -->","yoast_head_json":{"title":"Climate Finance Fund | Mobiliser des capitaux pour les solutions climatiques","description":"Le Climate Finance Fund est une plateforme philanthropique qui aide \u00e0 mobiliser des capitaux pour des solutions climatiques en Chine, dans la zone euro et aux \u00c9tats-Unis.","robots":{"index":"index","follow":"follow","max-snippet":"max-snippet:-1","max-image-preview":"max-image-preview:large","max-video-preview":"max-video-preview:-1"},"canonical":"https:\/\/climatefinance.fund\/fr\/","og_locale":"fr_FR","og_type":"article","og_title":"Climate Finance Fund | Mobiliser des capitaux pour les solutions climatiques","og_description":"Le Climate Finance Fund est une plateforme philanthropique qui aide \u00e0 mobiliser des capitaux pour des solutions climatiques en Chine, dans la zone euro et aux \u00c9tats-Unis.","og_url":"https:\/\/climatefinance.fund\/fr\/","og_site_name":"Climate Finance Fund","article_modified_time":"2025-06-13T14:49:52+00:00","og_image":[{"width":2048,"height":1367,"url":"https:\/\/climatefinance.fund\/wp-content\/uploads\/2021\/08\/cover-climate-finance-fund.jpg","type":"image\/jpeg"}],"twitter_card":"summary_large_image","twitter_misc":{"Dur\u00e9e de lecture estim\u00e9e":"17 minutes"},"schema":{"@context":"https:\/\/schema.org","@graph":[{"@type":"WebPage","@id":"https:\/\/climatefinance.fund\/fr\/","url":"https:\/\/climatefinance.fund\/fr\/","name":"Climate Finance Fund | Mobiliser des capitaux pour les solutions climatiques","isPartOf":{"@id":"https:\/\/climatefinance.fund\/fr\/#website"},"primaryImageOfPage":{"@id":"https:\/\/climatefinance.fund\/fr\/#primaryimage"},"image":{"@id":"https:\/\/climatefinance.fund\/fr\/#primaryimage"},"thumbnailUrl":"https:\/\/climatefinance.fund\/wp-content\/uploads\/2021\/08\/cover-climate-finance-fund.jpg","datePublished":"2021-07-29T10:17:02+00:00","dateModified":"2025-06-13T14:49:52+00:00","description":"Le Climate Finance Fund est une plateforme philanthropique qui aide \u00e0 mobiliser des capitaux pour des solutions climatiques en Chine, dans la zone euro et aux \u00c9tats-Unis.","breadcrumb":{"@id":"https:\/\/climatefinance.fund\/fr\/#breadcrumb"},"inLanguage":"fr-FR","potentialAction":[{"@type":"ReadAction","target":["https:\/\/climatefinance.fund\/fr\/"]}]},{"@type":"ImageObject","inLanguage":"fr-FR","@id":"https:\/\/climatefinance.fund\/fr\/#primaryimage","url":"https:\/\/climatefinance.fund\/wp-content\/uploads\/2021\/08\/cover-climate-finance-fund.jpg","contentUrl":"https:\/\/climatefinance.fund\/wp-content\/uploads\/2021\/08\/cover-climate-finance-fund.jpg","width":2048,"height":1367},{"@type":"BreadcrumbList","@id":"https:\/\/climatefinance.fund\/fr\/#breadcrumb","itemListElement":[{"@type":"ListItem","position":1,"name":"Home","item":"https:\/\/climatefinance.fund\/fr\/"},{"@type":"ListItem","position":2,"name":"Accueil"}]},{"@type":"WebSite","@id":"https:\/\/climatefinance.fund\/fr\/#website","url":"https:\/\/climatefinance.fund\/fr\/","name":"Climate Finance Fund","description":"Mobilizing Capital for Climate Solutions","potentialAction":[{"@type":"SearchAction","target":{"@type":"EntryPoint","urlTemplate":"https:\/\/climatefinance.fund\/fr\/?s={search_term_string}"},"query-input":{"@type":"PropertyValueSpecification","valueRequired":true,"valueName":"search_term_string"}}],"inLanguage":"fr-FR"}]}},"_links":{"self":[{"href":"https:\/\/climatefinance.fund\/fr\/wp-json\/wp\/v2\/pages\/522","targetHints":{"allow":["GET"]}}],"collection":[{"href":"https:\/\/climatefinance.fund\/fr\/wp-json\/wp\/v2\/pages"}],"about":[{"href":"https:\/\/climatefinance.fund\/fr\/wp-json\/wp\/v2\/types\/page"}],"author":[{"embeddable":true,"href":"https:\/\/climatefinance.fund\/fr\/wp-json\/wp\/v2\/users\/9"}],"replies":[{"embeddable":true,"href":"https:\/\/climatefinance.fund\/fr\/wp-json\/wp\/v2\/comments?post=522"}],"version-history":[{"count":197,"href":"https:\/\/climatefinance.fund\/fr\/wp-json\/wp\/v2\/pages\/522\/revisions"}],"predecessor-version":[{"id":1270,"href":"https:\/\/climatefinance.fund\/fr\/wp-json\/wp\/v2\/pages\/522\/revisions\/1270"}],"wp:featuredmedia":[{"embeddable":true,"href":"https:\/\/climatefinance.fund\/fr\/wp-json\/wp\/v2\/media\/495"}],"wp:attachment":[{"href":"https:\/\/climatefinance.fund\/fr\/wp-json\/wp\/v2\/media?parent=522"}],"curies":[{"name":"wp","href":"https:\/\/api.w.org\/{rel}","templated":true}]}}